{"id":6,"date":"2021-10-26T15:22:28","date_gmt":"2021-10-26T15:22:28","guid":{"rendered":"https:\/\/www.saxomaudefortier.com\/?page_id=6"},"modified":"2026-03-10T09:57:46","modified_gmt":"2026-03-10T13:57:46","slug":"accueil","status":"publish","type":"page","link":"https:\/\/www.saxomaudefortier.com\/en\/","title":{"rendered":"Home"},"content":{"rendered":"<p><div class=\"fusion-fullwidth fullwidth-box fusion-builder-row-1 fusion-flex-container fusion-parallax-none nonhundred-percent-fullwidth non-hundred-percent-height-scrolling fusion-animated\" style=\"--awb-border-radius-top-left:0px;--awb-border-radius-top-right:0px;--awb-border-radius-bottom-right:0px;--awb-border-radius-bottom-left:0px;--awb-padding-top:0px;--awb-padding-right:0px;--awb-padding-bottom:0px;--awb-padding-left:0px;--awb-margin-top:0px;--awb-margin-bottom:0px;--awb-min-height:750px;--awb-background-color:#000000;--awb-background-image:url(&quot;https:\/\/www.saxomaudefortier.com\/wp-content\/uploads\/2021\/10\/maude-fortier-accueil1.jpg&quot;);--awb-background-size:cover;--awb-flex-wrap:wrap;\" data-animationtype=\"fadeInDown\" data-animationduration=\"2.0\" data-animationoffset=\"top-into-view\" ><div class=\"fusion-builder-row fusion-row fusion-flex-align-items-flex-start fusion-flex-content-wrap\" style=\"max-width:calc( 1200px + 0px );margin-left: calc(-0px \/ 2 );margin-right: calc(-0px \/ 2 );\"><div class=\"fusion-layout-column fusion_builder_column fusion-builder-column-0 fusion_builder_column_1_2 1_2 fusion-flex-column\" style=\"--awb-padding-top:400px;--awb-padding-right:30px;--awb-padding-bottom:220px;--awb-bg-size:cover;--awb-width-large:50%;--awb-margin-top-large:0px;--awb-spacing-right-large:0px;--awb-margin-bottom-large:0px;--awb-spacing-left-large:0px;--awb-width-medium:50%;--awb-order-medium:0;--awb-spacing-right-medium:0px;--awb-spacing-left-medium:0px;--awb-width-small:100%;--awb-order-small:0;--awb-spacing-right-small:0px;--awb-spacing-left-small:0px;\"><div class=\"fusion-column-wrapper fusion-column-has-shadow fusion-flex-justify-content-flex-start fusion-content-layout-column\"><div class=\"fusion-text fusion-text-1 fusion-animated fusion-text-no-margin\" style=\"--awb-line-height:1;--awb-text-transform:none;--awb-text-color:#fcfcfc;--awb-margin-top:0px;--awb-margin-bottom:0px;\" data-animationtype=\"slideInLeft\" data-animationduration=\"2.0\" data-animationoffset=\"top-into-view\"><h1 style=\"text-align: right;\"><span style=\"color: #ffffff;\"><strong>MAUDE FORTIER<\/strong><br \/>\n<span style=\"color: #c49023;\">SAXOPHONIST<\/span><br \/>\n<\/span><\/h1>\n<\/div><\/div><\/div><div class=\"fusion-layout-column fusion_builder_column fusion-builder-column-1 fusion_builder_column_1_2 1_2 fusion-flex-column fusion-animated\" style=\"--awb-bg-size:cover;--awb-width-large:50%;--awb-margin-top-large:0px;--awb-spacing-right-large:0px;--awb-margin-bottom-large:0px;--awb-spacing-left-large:0px;--awb-width-medium:50%;--awb-order-medium:0;--awb-spacing-right-medium:0px;--awb-spacing-left-medium:0px;--awb-width-small:100%;--awb-order-small:0;--awb-spacing-right-small:0px;--awb-spacing-left-small:0px;\" data-animationtype=\"slideInLeft\" data-animationduration=\"2.0\" data-animationoffset=\"top-into-view\"><div class=\"fusion-column-wrapper fusion-column-has-shadow fusion-flex-justify-content-flex-start fusion-content-layout-column\"><\/div><\/div><\/div><\/div><div id=\"apropos\" class=\"fusion-container-anchor\"><div class=\"fusion-fullwidth fullwidth-box fusion-builder-row-2 fusion-flex-container fusion-parallax-none nonhundred-percent-fullwidth non-hundred-percent-height-scrolling\" style=\"--awb-background-position:center top;--awb-background-repeat:repeat-x;--awb-border-radius-top-left:0px;--awb-border-radius-top-right:0px;--awb-border-radius-bottom-right:0px;--awb-border-radius-bottom-left:0px;--awb-margin-top:50px;--awb-margin-bottom:20px;--awb-background-image:url(&quot;https:\/\/www.saxomaudefortier.com\/wp-content\/uploads\/2021\/10\/fond-vert.jpg&quot;);--awb-flex-wrap:wrap;\" ><div class=\"fusion-builder-row fusion-row fusion-flex-align-items-flex-start fusion-flex-content-wrap\" style=\"max-width:1248px;margin-left: calc(-4% \/ 2 );margin-right: calc(-4% \/ 2 );\"><div class=\"fusion-layout-column fusion_builder_column fusion-builder-column-2 fusion_builder_column_1_3 1_3 fusion-flex-column\" style=\"--awb-bg-size:cover;--awb-width-large:33.333333333333%;--awb-margin-top-large:0px;--awb-spacing-right-large:5.76%;--awb-margin-bottom-large:20px;--awb-spacing-left-large:5.76%;--awb-width-medium:33.333333333333%;--awb-order-medium:0;--awb-spacing-right-medium:5.76%;--awb-spacing-left-medium:5.76%;--awb-width-small:100%;--awb-order-small:0;--awb-spacing-right-small:1.92%;--awb-spacing-left-small:1.92%;\"><div class=\"fusion-column-wrapper fusion-column-has-shadow fusion-flex-justify-content-flex-start fusion-content-layout-column\"><div class=\"fusion-image-element\" style=\"--awb-caption-title-font-family:var(--h2_typography-font-family);--awb-caption-title-font-weight:var(--h2_typography-font-weight);--awb-caption-title-font-style:var(--h2_typography-font-style);--awb-caption-title-size:var(--h2_typography-font-size);--awb-caption-title-transform:var(--h2_typography-text-transform);--awb-caption-title-line-height:var(--h2_typography-line-height);--awb-caption-title-letter-spacing:var(--h2_typography-letter-spacing);\"><span class=\"fusion-imageframe imageframe-none imageframe-1 hover-type-none\"><img decoding=\"async\" width=\"2048\" height=\"2017\" title=\"maude-portraits_54552531699_o\" src=\"https:\/\/www.saxomaudefortier.com\/wp-content\/uploads\/2025\/06\/maude-portraits_54552531699_o.jpg\" alt class=\"img-responsive wp-image-558\" srcset=\"https:\/\/www.saxomaudefortier.com\/wp-content\/uploads\/2025\/06\/maude-portraits_54552531699_o-200x197.jpg 200w, https:\/\/www.saxomaudefortier.com\/wp-content\/uploads\/2025\/06\/maude-portraits_54552531699_o-400x394.jpg 400w, https:\/\/www.saxomaudefortier.com\/wp-content\/uploads\/2025\/06\/maude-portraits_54552531699_o-600x591.jpg 600w, https:\/\/www.saxomaudefortier.com\/wp-content\/uploads\/2025\/06\/maude-portraits_54552531699_o-800x788.jpg 800w, https:\/\/www.saxomaudefortier.com\/wp-content\/uploads\/2025\/06\/maude-portraits_54552531699_o-1200x1182.jpg 1200w, https:\/\/www.saxomaudefortier.com\/wp-content\/uploads\/2025\/06\/maude-portraits_54552531699_o.jpg 2048w\" sizes=\"(max-width: 640px) 100vw, 400px\" \/><\/span><\/div><\/div><\/div><div class=\"fusion-layout-column fusion_builder_column fusion-builder-column-3 fusion_builder_column_2_3 2_3 fusion-flex-column\" style=\"--awb-bg-size:cover;--awb-width-large:66.666666666667%;--awb-margin-top-large:0px;--awb-spacing-right-large:2.88%;--awb-margin-bottom-large:20px;--awb-spacing-left-large:2.88%;--awb-width-medium:66.666666666667%;--awb-order-medium:0;--awb-spacing-right-medium:2.88%;--awb-spacing-left-medium:2.88%;--awb-width-small:100%;--awb-order-small:0;--awb-spacing-right-small:1.92%;--awb-spacing-left-small:1.92%;\"><div class=\"fusion-column-wrapper fusion-column-has-shadow fusion-flex-justify-content-center fusion-content-layout-column\"><div class=\"fusion-separator fusion-full-width-sep\" style=\"align-self: center;margin-left: auto;margin-right: auto;margin-top:80px;width:100%;\"><\/div><div class=\"fusion-text fusion-text-2 fusion-animated\" style=\"--awb-text-transform:none;\" data-animationtype=\"slideInRight\" data-animationduration=\"2.5\" data-animationoffset=\"top-into-view\"><h1>SAXOPHONIST<\/h1>\n<p><span style=\"font-weight: 400;\">Saxophonist and composer Maude Fortier hails from Quebec City.  She began playing alto saxophone at the age of 11.\u00a0<\/span><\/p>\n<\/div><div class=\"accordian fusion-accordian\" style=\"--awb-border-size:1px;--awb-icon-size:18px;--awb-content-font-size:19px;--awb-icon-alignment:right;--awb-hover-color:#f9f9fb;--awb-border-color:#000000;--awb-background-color:#ffffff;--awb-divider-color:#e2e2e2;--awb-divider-hover-color:#e2e2e2;--awb-icon-color:#ffffff;--awb-title-color:#c49023;--awb-content-color:#000000;--awb-icon-box-color:#000000;--awb-toggle-hover-accent-color:#c49023;--awb-title-font-family:&quot;Abel&quot;;--awb-title-font-weight:regular;--awb-title-font-style:normal;--awb-title-font-size:18px;--awb-content-font-family:&quot;Abel&quot;;--awb-content-font-style:normal;--awb-content-font-weight:regular;\"><div class=\"panel-group fusion-toggle-icon-right fusion-toggle-icon-boxed\" id=\"accordion-6-1\"><div class=\"fusion-panel panel-default panel-bbb9f459f32027014 fusion-toggle-has-divider\" style=\"--awb-title-color:#c49023;--awb-content-color:#000000;\"><div class=\"panel-heading\"><h4 class=\"panel-title toggle\" id=\"toggle_bbb9f459f32027014\"><a aria-expanded=\"false\" aria-controls=\"bbb9f459f32027014\" role=\"button\" data-toggle=\"collapse\" data-parent=\"#accordion-6-1\" data-target=\"#bbb9f459f32027014\" href=\"#bbb9f459f32027014\"><span class=\"fusion-toggle-icon-wrapper\" aria-hidden=\"true\"><i class=\"fa-fusion-box active-icon awb-icon-minus\" aria-hidden=\"true\"><\/i><i class=\"fa-fusion-box inactive-icon awb-icon-plus\" aria-hidden=\"true\"><\/i><\/span><span class=\"fusion-toggle-heading\">Read more <\/span><\/a><\/h4><\/div><div id=\"bbb9f459f32027014\" class=\"panel-collapse collapse\" aria-labelledby=\"toggle_bbb9f459f32027014\"><div class=\"panel-body toggle-content fusion-clearfix\">\n<p><span style=\"font-weight: 400;\">She studied music at La Camaradi\u00e8re high school. As a member of the school band, she played in the junior and senior stage band. <\/span><span style=\"font-weight: 400;\">where <\/span><span style=\"font-weight: 400;\">she developed a passion for jazz.  She continued her postsecondary studies at C\u00e9gep de Sainte-Foy in jazz profile. She won the Prix d'expression musicale in 2021, as well as a scholarship for student merit. Shortly after college, she recorded her first EP <\/span><i><span style=\"font-weight: 400;\">Resurgence, <\/span><\/i><span style=\"font-weight: 400;\">out<\/span><span style=\"font-weight: 400;\"> in April 2022. She also performed the music for this album at the T.U Jazz Festival.\u00a0<\/span><\/p>\n<p>Since then, Maude has made her mark on the Montreal jazz scene. A graduate of McGill University with distinction, she has worked under the direction of Camille Thurman, Jean-Michel Pilc, R\u00e9mi Bolduc and Frank Lozano. In addition to being a sought-after accompanist at many of the city's prestigious venues, Maude has been performing with her quartet for the past four years, and has also set up jam session evenings at the Majesth\u00e9 bar in downtown Montreal (2022-September 2025), as well as at the Le Bureau bar in Montreal's Old Port.  In recent years, she has performed with such renowned musicians as Ira Coleman, Darrell Green and Kevin Dean. She was recently featured in Downbeat magazine for her performance with the McGill Vocal Jazz Conglomerate. Maude's musical style is inspired by the jazz tradition, blended with modern musical influences.<\/p>\n<\/div><\/div><\/div><\/div><\/div><\/div><\/div><\/div><\/div><\/div><div id=\"calendrier\" class=\"fusion-container-anchor\"><div class=\"fusion-fullwidth fullwidth-box fusion-builder-row-3 fusion-flex-container nonhundred-percent-fullwidth non-hundred-percent-height-scrolling\" style=\"--awb-border-radius-top-left:0px;--awb-border-radius-top-right:0px;--awb-border-radius-bottom-right:0px;--awb-border-radius-bottom-left:0px;--awb-padding-top:30px;--awb-padding-bottom:0px;--awb-margin-bottom:0px;--awb-flex-wrap:wrap;\" ><div class=\"fusion-builder-row fusion-row fusion-flex-align-items-flex-start fusion-flex-content-wrap\" style=\"max-width:1248px;margin-left: calc(-4% \/ 2 );margin-right: calc(-4% \/ 2 );\"><div class=\"fusion-layout-column fusion_builder_column fusion-builder-column-4 fusion_builder_column_1_1 1_1 fusion-flex-column\" style=\"--awb-bg-size:cover;--awb-width-large:100%;--awb-margin-top-large:0px;--awb-spacing-right-large:1.92%;--awb-margin-bottom-large:0px;--awb-spacing-left-large:1.92%;--awb-width-medium:100%;--awb-order-medium:0;--awb-spacing-right-medium:1.92%;--awb-spacing-left-medium:1.92%;--awb-width-small:100%;--awb-order-small:0;--awb-spacing-right-small:1.92%;--awb-spacing-left-small:1.92%;\"><div class=\"fusion-column-wrapper fusion-column-has-shadow fusion-flex-justify-content-flex-start fusion-content-layout-column\"><div class=\"fusion-text fusion-text-3\" style=\"--awb-text-transform:none;\"><h2 style=\"text-align: left;\">SCHEDULE<\/h2>\n<\/div><\/div><\/div><\/div><\/div><\/div><div class=\"fusion-fullwidth fullwidth-box fusion-builder-row-4 fusion-flex-container nonhundred-percent-fullwidth non-hundred-percent-height-scrolling\" style=\"--awb-border-radius-top-left:0px;--awb-border-radius-top-right:0px;--awb-border-radius-bottom-right:0px;--awb-border-radius-bottom-left:0px;--awb-padding-top:0px;--awb-margin-top:0px;--awb-flex-wrap:wrap;\" ><div class=\"fusion-builder-row fusion-row fusion-flex-align-items-flex-start fusion-flex-content-wrap\" style=\"max-width:1248px;margin-left: calc(-4% \/ 2 );margin-right: calc(-4% \/ 2 );\"><div class=\"fusion-layout-column fusion_builder_column fusion-builder-column-5 fusion_builder_column_1_1 1_1 fusion-flex-column\" style=\"--awb-bg-size:cover;--awb-width-large:100%;--awb-margin-top-large:0px;--awb-spacing-right-large:1.92%;--awb-margin-bottom-large:0px;--awb-spacing-left-large:1.92%;--awb-width-medium:100%;--awb-order-medium:0;--awb-spacing-right-medium:1.92%;--awb-spacing-left-medium:1.92%;--awb-width-small:100%;--awb-order-small:0;--awb-spacing-right-small:1.92%;--awb-spacing-left-small:1.92%;\"><div class=\"fusion-column-wrapper fusion-column-has-shadow fusion-flex-justify-content-flex-start fusion-content-layout-column\"><div class=\"fusion-text fusion-text-4\" style=\"--awb-text-transform:none;\"><div class=\"mec-wrap mec-skin-list-container\" id=\"mec_skin_236\">\r\n    \r\n    \r\n            <div class=\"mec-skin-list-events-container\" id=\"mec_skin_events_236\">\r\n        <div class=\"mec-wrap colorskin-custom\">\r\n\t<div class=\"mec-event-list-accordion\">\r\n\t\t\r\n                        <div class=\"mec-month-divider\" data-toggle-divider=\"mec-toggle-202604-236\"><span>April 2026<\/span><i class=\"mec-sl-arrow-down\"><\/i><\/div>\r\n            \r\n                    <script type=\"application\/ld+json\">{\n    \"@context\": \"http:\\\/\\\/schema.org\",\n    \"@type\": \"Event\",\n    \"eventStatus\": \"https:\\\/\\\/schema.org\\\/EventScheduled\",\n    \"startDate\": \"2026-04-28\",\n    \"endDate\": \"2026-04-28\",\n    \"eventAttendanceMode\": \"https:\\\/\\\/schema.org\\\/OfflineEventAttendanceMode\",\n    \"location\": {\n        \"@type\": \"Place\",\n        \"name\": \"\",\n        \"image\": \"\",\n        \"address\": \"\"\n    },\n    \"organizer\": {\n        \"@type\": \"Person\",\n        \"name\": \"\",\n        \"url\": \"\"\n    },\n    \"offers\": {\n        \"url\": \"https:\\\/\\\/www.upstairsjazz.com\\\/calendar-2\\\/\",\n        \"price\": \"\",\n        \"priceCurrency\": \"CAD\",\n        \"availability\": \"https:\\\/\\\/schema.org\\\/InStock\",\n        \"validFrom\": \"2026-04-28T00:00\"\n    },\n    \"performer\": \"\",\n    \"description\": \"Pr\\u00e9parez-vous \\u00e0 une soir\\u00e9e inoubliable au c\\u0153ur de Montr\\u00e9al avec Darrell Green , l\\u2019un des batteurs les plus innovants et recherch\\u00e9s de la sc\\u00e8ne jazz actuelle  ! Ce virtuose, dont le talent transcende les fronti\\u00e8res, se produira dans le prestigieux bar Upstairs le 19  avril 2026, entour\\u00e9 de ses talentueux musiciens. Ne manquez pas cette occasion de vivre le jazz sous sa forme la plus authentique et \\u00e9lectrisante !    Les Musiciens :    Darrell Green (Batterie)    August McKinney (Piano)    Mason Jeffrey-Off (Contrebasse)    Sam Baglier (Saxophone T\\u00e9nor)    Maude Fortier  (Saxophone alto)    Daniel Marmer (Guitare)    &nbsp;\",\n    \"image\": \"\",\n    \"name\": \"Green Lanterns @ Upstairs Jazz\",\n    \"url\": \"https:\\\/\\\/www.upstairsjazz.com\\\/calendar-2\\\/\"\n}<\/script>\r\n                    <article class=\"mec-event-article mec-clear  mec-divider-toggle mec-toggle-202604-236\" itemscope>\r\n                                    <!-- toggles wrap start -->\r\n                    <div class=\"mec-events-toggle\">\r\n                        <!-- toggle item start -->\r\n                        <div class=\"mec-toggle-item\">\r\n                            <div class=\"mec-toggle-item-inner\" tabindex=\"0\" aria-controls=\"\" aria-expanded=\"false\">\r\n                                                                <div class=\"mec-toggle-item-col\">\r\n                                                                            <div class=\"mec-event-month\"><span class=\"mec-start-date-label\" itemprop=\"startDate\">28 April<\/span><\/div>\r\n                                                                        <div class=\"mec-time-details\"><span class=\"mec-start-time\">19 h 00<\/span><\/div>                                <\/div>\r\n                                <h3 class=\"mec-toggle-title\">Green Lanterns @ Upstairs Jazz<span class=\"event-color\" style=\"background: #\"><\/span><\/h3>\r\n                                                                <i class=\"mec-sl-arrow-down\"><\/i>\r\n                            <\/div>\r\n                            <div class=\"mec-content-toggle\" aria-hidden=\"true\" style=\"display: none;\">\r\n                                <div class=\"mec-toggle-content\">\r\n                                    <div class=\"mec-wrap colorskin-custom clearfix  mec-modal-wrap\" id=\"mec_skin_6558\" data-unique-id=\"6558\">\r\n    <article class=\"mec-single-event mec-single-modern mec-single-modal\">\r\n        <div class=\"mec-events-event-image\"><\/div>\r\n\r\n        <div class=\"col-md-4\">\r\n\r\n            <div class=\"mec-event-meta mec-color-before mec-frontbox mec-util-hidden\">\r\n                \r\n                <!-- Register Booking Button -->\r\n                                    <a class=\"mec-booking-button mec-bg-color\" target=\"_blank\" href=\"https:\/\/www.upstairsjazz.com\/calendar-2\/\">REGISTER<\/a>\r\n                            <\/div>\r\n\r\n            <!-- Weather Module -->\r\n            \r\n            <!-- QRCode Module -->\r\n            \r\n            <!-- Local Time Module -->\r\n            \r\n            <div class=\"mec-event-meta mec-color-before mec-frontbox\">\r\n\r\n                                \r\n                \r\n                \r\n                \r\n            <\/div>\r\n\r\n            <!-- Speaker List Module -->\r\n            \r\n            <!-- Attendees List Module -->\r\n            \r\n            <!-- Next Previous Module -->\r\n                    <\/div>\r\n\r\n        <div class=\"col-md-8\">\r\n\r\n            <div class=\"mec-event-content\">\r\n                <div class=\"mec-single-event-description mec-events-content\">\r\n                    <p>Get ready for an unforgettable evening in the heart of Montreal with Darrell Green , one of the most innovative and sought-after drummers on the jazz scene today! This virtuoso, whose talent transcends borders, will perform at the prestigious Upstairs bar on April 19, 2026, surrounded by his talented musicians. Don't miss this opportunity to experience jazz at its most authentic and electrifying!<\/p>\n<p>The Musicians :<\/p>\n<p>Darrell Green (Drums)<\/p>\n<p>August McKinney (Piano)<\/p>\n<p>Mason Jeffrey-Off (double bass)<\/p>\n<p>Sam Baglier (Tenor saxophone)<\/p>\n<p>Maude Fortier (Alto saxophone)<\/p>\n<p>Daniel Marmer (Guitar)<\/p>\n<p>&nbsp;<\/p>\n                                    <\/div>\r\n            <\/div>\r\n\r\n            \r\n            <!-- Custom Data Fields -->\r\n            \r\n            <!-- Links Module -->\r\n            <div class=\"mec-event-social mec-frontbox\">\r\n     <h3 class=\"mec-social-single mec-frontbox-title\">Share this event<\/h3>\r\n     <div class=\"mec-event-sharing\">\r\n        <div class=\"mec-links-details\">\r\n            <ul>\r\n                <li class=\"mec-event-social-icon\"><a class=\"facebook\" href=\"https:\/\/www.facebook.com\/sharer\/sharer.php?u=https%3A%2F%2Fwww.upstairsjazz.com%2Fcalendar-2%2F\" onclick=\"javascript:window.open(this.href, '', 'menubar=no,toolbar=no,resizable=yes,scrollbars=yes,height=500,width=600'); return false;\" title=\"Share on Facebook\"><i class=\"mec-fa-facebook\"><\/i><\/a><\/li><li class=\"mec-event-social-icon\"><a class=\"twitter\" href=\"https:\/\/twitter.com\/share?url=https%3A%2F%2Fwww.upstairsjazz.com%2Fcalendar-2%2F\" onclick=\"javascript:window.open(this.href, '', 'menubar=no,toolbar=no,resizable=yes,scrollbars=yes,height=600,width=500'); return false;\" target=\"_blank\" title=\"Tweet\"><i class=\"mec-fa-twitter\"><\/i><\/a><\/li><li class=\"mec-event-social-icon\"><a class=\"linkedin\" href=\"https:\/\/www.linkedin.com\/shareArticle?mini=true&url=https%3A%2F%2Fwww.upstairsjazz.com%2Fcalendar-2%2F\" onclick=\"javascript:window.open(this.href, '', 'menubar=no,toolbar=no,resizable=yes,scrollbars=yes,height=600,width=500'); return false;\" target=\"_blank\" title=\"Linkedin\"><i class=\"mec-fa-linkedin\"><\/i><\/a><\/li><li class=\"mec-event-social-icon\"><a class=\"email\" href=\"mailto:?subject=Green Lanterns @ Upstairs Jazz&body=https%3A%2F%2Fwww.upstairsjazz.com%2Fcalendar-2%2F\" title=\"Email\"><i class=\"mec-fa-envelope\"><\/i><\/a><\/li>            <\/ul>\r\n        <\/div>\r\n    <\/div>\r\n<\/div>\r\n            <!-- Google Maps Module -->\r\n            <div class=\"mec-events-meta-group mec-events-meta-group-gmap\">\r\n                            <\/div>\r\n\r\n            <!-- Export Module -->\r\n            <div class=\"mec-event-export-module mec-frontbox\">\r\n     <div class=\"mec-event-exporting\">\r\n        <div class=\"mec-export-details\">\r\n            <ul>\r\n                <li><a class=\"mec-events-gcal mec-events-button mec-color mec-bg-color-hover mec-border-color\" href=\"https:\/\/calendar.google.com\/calendar\/render?action=TEMPLATE&text=Green+Lanterns+%40+Upstairs+Jazz&dates=20260428T230000Z\/20260429T023000Z&details=Pr%C3%A9parez-vous+%C3%A0+une+soir%C3%A9e+inoubliable+au+c%C5%93ur+de+Montr%C3%A9al+avec+Darrell+Green+%2C+l%E2%80%99un+des+batteurs+les+plus+innovants+et+recherch%C3%A9s+de+la+sc%C3%A8ne+jazz+actuelle%C2%A0+%21+Ce+virtuose%2C+dont+le+talent+transcende+les+fronti%C3%A8res%2C+se+produira+dans+le+prestigieux+bar+Upstairs+le+19%C2%A0+avril+2026%2C+entour%C3%A9+de+ses+talentueux+musiciens.+Ne+manquez+pas+cette+occasion+de+vivre+le+jazz+sous+sa+forme+la+plus+authentique+et+%C3%A9lectrisante+%21%0D%0A%0D%0ALes+Musiciens+%3A%0D%0A%0D%0ADarrell+Green+%28Batterie%29%0D%0A%0D%0AAugust+McKinney+%28Piano%29%0D%0A%0D%0AMason+Jeffrey-Off+%28Contrebasse%29%0D%0A%0D%0ASam+Baglier+%28Saxophone+T%C3%A9nor%29%0D%0A%0D%0AMaude+Fortier%C2%A0+%28Saxophone+alto%29%0D%0A%0D%0ADaniel+Marmer+%28Guitare%29%0D%0A%0D%0A%26nbsp%3B\" target=\"_blank\">+ Add to Google Calendar<\/a><\/li>                <li><a class=\"mec-events-gcal mec-events-button mec-color mec-bg-color-hover mec-border-color\" href=\"https:\/\/www.saxomaudefortier.com\/en\/?method=ical&id=679\">+ iCal \/ Outlook export<\/a><\/li>            <\/ul>\r\n        <\/div>\r\n    <\/div>\r\n<\/div>\r\n            <!-- Hourly Schedule -->\r\n            \r\n            \t\t\t<!-- Booking Module -->\r\n            \r\n            <!-- Tags -->\r\n            <div class=\"mec-events-meta-group mec-events-meta-group-tags\">\r\n                            <\/div>\r\n\r\n        <\/div>\r\n    <\/article>\r\n<\/div>\r\n<script>\r\n\/\/ Fix modal speaker in some themes\r\njQuery(\"#mec_skin_6558 .mec-speaker-avatar a\").on('click', function(e)\r\n{\r\n    e.preventDefault();\r\n\r\n    var id = jQuery(this).attr('href');\r\n    lity(id);\r\n});\r\n<\/script>                                <\/div>\r\n                            <\/div>\r\n                        <\/div><!-- toggle item end -->\r\n                    <\/div><!-- toggles wrap end -->\r\n                            <\/article>\r\n            \t\t\r\n            \r\n                    <script type=\"application\/ld+json\">{\n    \"@context\": \"http:\\\/\\\/schema.org\",\n    \"@type\": \"Event\",\n    \"eventStatus\": \"https:\\\/\\\/schema.org\\\/EventScheduled\",\n    \"startDate\": \"2026-04-29\",\n    \"endDate\": \"2026-04-29\",\n    \"eventAttendanceMode\": \"https:\\\/\\\/schema.org\\\/OfflineEventAttendanceMode\",\n    \"location\": {\n        \"@type\": \"Place\",\n        \"name\": \"\",\n        \"image\": \"\",\n        \"address\": \"\"\n    },\n    \"organizer\": {\n        \"@type\": \"Person\",\n        \"name\": \"\",\n        \"url\": \"\"\n    },\n    \"offers\": {\n        \"url\": \"https:\\\/\\\/www.ticketmaster.ca\\\/les-soirees-jazz-cabaret-chic-une-montreal-quebec-04-15-2026\\\/event\\\/31006466C52FBE50\",\n        \"price\": \"\",\n        \"priceCurrency\": \"CAD\",\n        \"availability\": \"https:\\\/\\\/schema.org\\\/InStock\",\n        \"validFrom\": \"2026-04-29T00:00\"\n    },\n    \"performer\": \"\",\n    \"description\": \"&lt;div class=&quot;n163Z2&quot; data-testid=&quot;ellipsis_text_viewer_text_wrapper&quot;&gt;  &lt;p class=&quot;kl5uZW wixui-collapsible-text__text kx_Lb6 EOkCFB XBysXl&quot;&gt;Pr\\u00e9parez-vous \\u00e0 passer une soir\\u00e9e m\\u00e9morable au c\\u0153ur de Montr\\u00e9al en compagnie de Darrell Green, l&#039;un des batteurs les plus innovants et les plus recherch\\u00e9s de la sc\\u00e8ne jazz actuelle ! Ce virtuose, dont le talent transcende les fronti\\u00e8res, se produira entour\\u00e9 de ses talentueux musiciens. Ne manquez pas cette occasion de d\\u00e9couvrir le jazz dans ce qu&#039;il a de plus authentique et de plus \\u00e9lectrisant !&lt;\\\/p&gt;    &lt;\\\/div&gt;\",\n    \"image\": \"\",\n    \"name\": \"Darrell Green and the Green Lanterns @ Le Balcon\",\n    \"url\": \"https:\\\/\\\/www.ticketmaster.ca\\\/les-soirees-jazz-cabaret-chic-une-montreal-quebec-04-15-2026\\\/event\\\/31006466C52FBE50\"\n}<\/script>\r\n                    <article class=\"mec-event-article mec-clear  mec-divider-toggle mec-toggle-202604-236\" itemscope>\r\n                                    <!-- toggles wrap start -->\r\n                    <div class=\"mec-events-toggle\">\r\n                        <!-- toggle item start -->\r\n                        <div class=\"mec-toggle-item\">\r\n                            <div class=\"mec-toggle-item-inner\" tabindex=\"0\" aria-controls=\"\" aria-expanded=\"false\">\r\n                                                                <div class=\"mec-toggle-item-col\">\r\n                                                                            <div class=\"mec-event-month\"><span class=\"mec-start-date-label\" itemprop=\"startDate\">29 April<\/span><\/div>\r\n                                                                        <div class=\"mec-time-details\"><span class=\"mec-start-time\">19 h 00<\/span> - <span class=\"mec-end-time\">21 h 00<\/span><\/div>                                <\/div>\r\n                                <h3 class=\"mec-toggle-title\">Darrell Green and the Green Lanterns @ Le Balcon<span class=\"event-color\" style=\"background: #\"><\/span><\/h3>\r\n                                                                <i class=\"mec-sl-arrow-down\"><\/i>\r\n                            <\/div>\r\n                            <div class=\"mec-content-toggle\" aria-hidden=\"true\" style=\"display: none;\">\r\n                                <div class=\"mec-toggle-content\">\r\n                                    <div class=\"mec-wrap colorskin-custom clearfix  mec-modal-wrap\" id=\"mec_skin_3296\" data-unique-id=\"3296\">\r\n    <article class=\"mec-single-event mec-single-modern mec-single-modal\">\r\n        <div class=\"mec-events-event-image\"><\/div>\r\n\r\n        <div class=\"col-md-4\">\r\n\r\n            <div class=\"mec-event-meta mec-color-before mec-frontbox mec-util-hidden\">\r\n                \r\n                <!-- Register Booking Button -->\r\n                                    <a class=\"mec-booking-button mec-bg-color\" target=\"_blank\" href=\"https:\/\/www.ticketmaster.ca\/les-soirees-jazz-cabaret-chic-une-montreal-quebec-04-15-2026\/event\/31006466C52FBE50\">REGISTER<\/a>\r\n                            <\/div>\r\n\r\n            <!-- Weather Module -->\r\n            \r\n            <!-- QRCode Module -->\r\n            \r\n            <!-- Local Time Module -->\r\n            \r\n            <div class=\"mec-event-meta mec-color-before mec-frontbox\">\r\n\r\n                                \r\n                \r\n                \r\n                \r\n            <\/div>\r\n\r\n            <!-- Speaker List Module -->\r\n            \r\n            <!-- Attendees List Module -->\r\n            \r\n            <!-- Next Previous Module -->\r\n                    <\/div>\r\n\r\n        <div class=\"col-md-8\">\r\n\r\n            <div class=\"mec-event-content\">\r\n                <div class=\"mec-single-event-description mec-events-content\">\r\n                    <div class=\"n163Z2\" data-testid=\"ellipsis_text_viewer_text_wrapper\">\n<p class=\"kl5uZW wixui-collapsible-text__text kx_Lb6 EOkCFB XBysXl\">Get ready for a memorable evening in the heart of Montreal with Darrell Green, one of the most innovative and sought-after drummers on the jazz scene today! This virtuoso, whose talent transcends borders, will perform with his talented musicians. Don't miss this opportunity to discover jazz at its most authentic and electrifying!<\/p>\n<\/div>\n                                    <\/div>\r\n            <\/div>\r\n\r\n            \r\n            <!-- Custom Data Fields -->\r\n            \r\n            <!-- Links Module -->\r\n            <div class=\"mec-event-social mec-frontbox\">\r\n     <h3 class=\"mec-social-single mec-frontbox-title\">Share this event<\/h3>\r\n     <div class=\"mec-event-sharing\">\r\n        <div class=\"mec-links-details\">\r\n            <ul>\r\n                <li class=\"mec-event-social-icon\"><a class=\"facebook\" href=\"https:\/\/www.facebook.com\/sharer\/sharer.php?u=https%3A%2F%2Fwww.ticketmaster.ca%2Fles-soirees-jazz-cabaret-chic-une-montreal-quebec-04-15-2026%2Fevent%2F31006466C52FBE50\" onclick=\"javascript:window.open(this.href, '', 'menubar=no,toolbar=no,resizable=yes,scrollbars=yes,height=500,width=600'); return false;\" title=\"Share on Facebook\"><i class=\"mec-fa-facebook\"><\/i><\/a><\/li><li class=\"mec-event-social-icon\"><a class=\"twitter\" href=\"https:\/\/twitter.com\/share?url=https%3A%2F%2Fwww.ticketmaster.ca%2Fles-soirees-jazz-cabaret-chic-une-montreal-quebec-04-15-2026%2Fevent%2F31006466C52FBE50\" onclick=\"javascript:window.open(this.href, '', 'menubar=no,toolbar=no,resizable=yes,scrollbars=yes,height=600,width=500'); return false;\" target=\"_blank\" title=\"Tweet\"><i class=\"mec-fa-twitter\"><\/i><\/a><\/li><li class=\"mec-event-social-icon\"><a class=\"linkedin\" href=\"https:\/\/www.linkedin.com\/shareArticle?mini=true&url=https%3A%2F%2Fwww.ticketmaster.ca%2Fles-soirees-jazz-cabaret-chic-une-montreal-quebec-04-15-2026%2Fevent%2F31006466C52FBE50\" onclick=\"javascript:window.open(this.href, '', 'menubar=no,toolbar=no,resizable=yes,scrollbars=yes,height=600,width=500'); return false;\" target=\"_blank\" title=\"Linkedin\"><i class=\"mec-fa-linkedin\"><\/i><\/a><\/li><li class=\"mec-event-social-icon\"><a class=\"email\" href=\"mailto:?subject=Darrell Green and the Green Lanterns @ Le Balcon&body=https%3A%2F%2Fwww.ticketmaster.ca%2Fles-soirees-jazz-cabaret-chic-une-montreal-quebec-04-15-2026%2Fevent%2F31006466C52FBE50\" title=\"Email\"><i class=\"mec-fa-envelope\"><\/i><\/a><\/li>            <\/ul>\r\n        <\/div>\r\n    <\/div>\r\n<\/div>\r\n            <!-- Google Maps Module -->\r\n            <div class=\"mec-events-meta-group mec-events-meta-group-gmap\">\r\n                            <\/div>\r\n\r\n            <!-- Export Module -->\r\n            <div class=\"mec-event-export-module mec-frontbox\">\r\n     <div class=\"mec-event-exporting\">\r\n        <div class=\"mec-export-details\">\r\n            <ul>\r\n                <li><a class=\"mec-events-gcal mec-events-button mec-color mec-bg-color-hover mec-border-color\" href=\"https:\/\/calendar.google.com\/calendar\/render?action=TEMPLATE&text=Darrell+Green+and+the+Green+Lanterns+%40+Le+Balcon&dates=20260429T230000Z\/20260430T010000Z&details=%0D%0APr%C3%A9parez-vous+%C3%A0+passer+une+soir%C3%A9e+m%C3%A9morable+au+c%C5%93ur+de+Montr%C3%A9al+en+compagnie+de+Darrell+Green%2C+l%27un+des+batteurs+les+plus+innovants+et+les+plus+recherch%C3%A9s+de+la+sc%C3%A8ne+jazz+actuelle+%21+Ce+virtuose%2C+dont+le+talent+transcende+les+fronti%C3%A8res%2C+se+produira+entour%C3%A9+de+ses+talentueux+musiciens.+Ne+manquez+pas+cette+occasion+de+d%C3%A9couvrir+le+jazz+dans+ce+qu%27il+a+de+plus+authentique+et+de+plus+%C3%A9lectrisant+%21%0D%0A%0D%0A\" target=\"_blank\">+ Add to Google Calendar<\/a><\/li>                <li><a class=\"mec-events-gcal mec-events-button mec-color mec-bg-color-hover mec-border-color\" href=\"https:\/\/www.saxomaudefortier.com\/en\/?method=ical&id=699\">+ iCal \/ Outlook export<\/a><\/li>            <\/ul>\r\n        <\/div>\r\n    <\/div>\r\n<\/div>\r\n            <!-- Hourly Schedule -->\r\n            \r\n            \t\t\t<!-- Booking Module -->\r\n            \r\n            <!-- Tags -->\r\n            <div class=\"mec-events-meta-group mec-events-meta-group-tags\">\r\n                            <\/div>\r\n\r\n        <\/div>\r\n    <\/article>\r\n<\/div>\r\n<script>\r\n\/\/ Fix modal speaker in some themes\r\njQuery(\"#mec_skin_3296 .mec-speaker-avatar a\").on('click', function(e)\r\n{\r\n    e.preventDefault();\r\n\r\n    var id = jQuery(this).attr('href');\r\n    lity(id);\r\n});\r\n<\/script>                                <\/div>\r\n                            <\/div>\r\n                        <\/div><!-- toggle item end -->\r\n                    <\/div><!-- toggles wrap end -->\r\n                            <\/article>\r\n            \t\t\r\n                        <div class=\"mec-month-divider\" data-toggle-divider=\"mec-toggle-202605-236\"><span>May 2026<\/span><i class=\"mec-sl-arrow-down\"><\/i><\/div>\r\n            \r\n                    <script type=\"application\/ld+json\">{\n    \"@context\": \"http:\\\/\\\/schema.org\",\n    \"@type\": \"Event\",\n    \"eventStatus\": \"https:\\\/\\\/schema.org\\\/EventScheduled\",\n    \"startDate\": \"2026-05-20\",\n    \"endDate\": \"2026-05-20\",\n    \"eventAttendanceMode\": \"https:\\\/\\\/schema.org\\\/OfflineEventAttendanceMode\",\n    \"location\": {\n        \"@type\": \"Place\",\n        \"name\": \"\",\n        \"image\": \"\",\n        \"address\": \"\"\n    },\n    \"organizer\": {\n        \"@type\": \"Person\",\n        \"name\": \"\",\n        \"url\": \"\"\n    },\n    \"offers\": {\n        \"url\": \"https:\\\/\\\/www.ticketmaster.ca\\\/les-soirees-jazz-cabaret-chic-une-montreal-quebec-05-20-2026\\\/event\\\/31006466C533BE5E\",\n        \"price\": \"\",\n        \"priceCurrency\": \"CAD\",\n        \"availability\": \"https:\\\/\\\/schema.org\\\/InStock\",\n        \"validFrom\": \"2026-05-20T00:00\"\n    },\n    \"performer\": \"\",\n    \"description\": \"D\\u00e9couvrez Maude Fortier, une saxophoniste et compositrice qui r\\u00e9invente le jazz avec une touche moderne. Son style unique, alliant tradition et innovation, promet des performances captivantes qui r\\u00e9sonnent au c\\u0153ur de chaque m\\u00e9lodie.    &nbsp;    Musiciens :    Julian Ferrer - Batterie    Juno Hamilton - Bass    August McKinney - Piano    Maude Fortier - Saxophone\",\n    \"image\": \"\",\n    \"name\": \"Maude Fortier Quartet @ Le Balcon\",\n    \"url\": \"https:\\\/\\\/www.ticketmaster.ca\\\/les-soirees-jazz-cabaret-chic-une-montreal-quebec-05-20-2026\\\/event\\\/31006466C533BE5E\"\n}<\/script>\r\n                    <article class=\"mec-event-article mec-clear  mec-divider-toggle mec-toggle-202605-236\" itemscope>\r\n                                    <!-- toggles wrap start -->\r\n                    <div class=\"mec-events-toggle\">\r\n                        <!-- toggle item start -->\r\n                        <div class=\"mec-toggle-item\">\r\n                            <div class=\"mec-toggle-item-inner\" tabindex=\"0\" aria-controls=\"\" aria-expanded=\"false\">\r\n                                                                <div class=\"mec-toggle-item-col\">\r\n                                                                            <div class=\"mec-event-month\"><span class=\"mec-start-date-label\" itemprop=\"startDate\">20 May<\/span><\/div>\r\n                                                                        <div class=\"mec-time-details\"><span class=\"mec-start-time\">19 h 00<\/span> - <span class=\"mec-end-time\">21 h 00<\/span><\/div>                                <\/div>\r\n                                <h3 class=\"mec-toggle-title\">Maude Fortier Quartet @ Le Balcon<span class=\"event-color\" style=\"background: #\"><\/span><\/h3>\r\n                                                                <i class=\"mec-sl-arrow-down\"><\/i>\r\n                            <\/div>\r\n                            <div class=\"mec-content-toggle\" aria-hidden=\"true\" style=\"display: none;\">\r\n                                <div class=\"mec-toggle-content\">\r\n                                    <div class=\"mec-wrap colorskin-custom clearfix  mec-modal-wrap\" id=\"mec_skin_1597\" data-unique-id=\"1597\">\r\n    <article class=\"mec-single-event mec-single-modern mec-single-modal\">\r\n        <div class=\"mec-events-event-image\"><\/div>\r\n\r\n        <div class=\"col-md-4\">\r\n\r\n            <div class=\"mec-event-meta mec-color-before mec-frontbox mec-util-hidden\">\r\n                \r\n                <!-- Register Booking Button -->\r\n                                    <a class=\"mec-booking-button mec-bg-color\" target=\"_blank\" href=\"https:\/\/www.ticketmaster.ca\/les-soirees-jazz-cabaret-chic-une-montreal-quebec-05-20-2026\/event\/31006466C533BE5E\">REGISTER<\/a>\r\n                            <\/div>\r\n\r\n            <!-- Weather Module -->\r\n            \r\n            <!-- QRCode Module -->\r\n            \r\n            <!-- Local Time Module -->\r\n            \r\n            <div class=\"mec-event-meta mec-color-before mec-frontbox\">\r\n\r\n                                \r\n                \r\n                \r\n                \r\n            <\/div>\r\n\r\n            <!-- Speaker List Module -->\r\n            \r\n            <!-- Attendees List Module -->\r\n            \r\n            <!-- Next Previous Module -->\r\n                    <\/div>\r\n\r\n        <div class=\"col-md-8\">\r\n\r\n            <div class=\"mec-event-content\">\r\n                <div class=\"mec-single-event-description mec-events-content\">\r\n                    <p>Discover Maude Fortier, a saxophonist and composer who reinvents jazz with a modern twist. Her unique style, combining tradition and innovation, promises captivating performances that resonate at the heart of every melody.<\/p>\n<p>&nbsp;<\/p>\n<p>Musicians :<\/p>\n<p>Julian Ferrer - Drums<\/p>\n<p>Juno Hamilton - Bass<\/p>\n<p>August McKinney - Piano<\/p>\n<p>Maude Fortier - Saxophone<\/p>\n                                    <\/div>\r\n            <\/div>\r\n\r\n            \r\n            <!-- Custom Data Fields -->\r\n            \r\n            <!-- Links Module -->\r\n            <div class=\"mec-event-social mec-frontbox\">\r\n     <h3 class=\"mec-social-single mec-frontbox-title\">Share this event<\/h3>\r\n     <div class=\"mec-event-sharing\">\r\n        <div class=\"mec-links-details\">\r\n            <ul>\r\n                <li class=\"mec-event-social-icon\"><a class=\"facebook\" href=\"https:\/\/www.facebook.com\/sharer\/sharer.php?u=https%3A%2F%2Fwww.ticketmaster.ca%2Fles-soirees-jazz-cabaret-chic-une-montreal-quebec-05-20-2026%2Fevent%2F31006466C533BE5E\" onclick=\"javascript:window.open(this.href, '', 'menubar=no,toolbar=no,resizable=yes,scrollbars=yes,height=500,width=600'); return false;\" title=\"Share on Facebook\"><i class=\"mec-fa-facebook\"><\/i><\/a><\/li><li class=\"mec-event-social-icon\"><a class=\"twitter\" href=\"https:\/\/twitter.com\/share?url=https%3A%2F%2Fwww.ticketmaster.ca%2Fles-soirees-jazz-cabaret-chic-une-montreal-quebec-05-20-2026%2Fevent%2F31006466C533BE5E\" onclick=\"javascript:window.open(this.href, '', 'menubar=no,toolbar=no,resizable=yes,scrollbars=yes,height=600,width=500'); return false;\" target=\"_blank\" title=\"Tweet\"><i class=\"mec-fa-twitter\"><\/i><\/a><\/li><li class=\"mec-event-social-icon\"><a class=\"linkedin\" href=\"https:\/\/www.linkedin.com\/shareArticle?mini=true&url=https%3A%2F%2Fwww.ticketmaster.ca%2Fles-soirees-jazz-cabaret-chic-une-montreal-quebec-05-20-2026%2Fevent%2F31006466C533BE5E\" onclick=\"javascript:window.open(this.href, '', 'menubar=no,toolbar=no,resizable=yes,scrollbars=yes,height=600,width=500'); return false;\" target=\"_blank\" title=\"Linkedin\"><i class=\"mec-fa-linkedin\"><\/i><\/a><\/li><li class=\"mec-event-social-icon\"><a class=\"email\" href=\"mailto:?subject=Maude Fortier Quartet @ Le Balcon&body=https%3A%2F%2Fwww.ticketmaster.ca%2Fles-soirees-jazz-cabaret-chic-une-montreal-quebec-05-20-2026%2Fevent%2F31006466C533BE5E\" title=\"Email\"><i class=\"mec-fa-envelope\"><\/i><\/a><\/li>            <\/ul>\r\n        <\/div>\r\n    <\/div>\r\n<\/div>\r\n            <!-- Google Maps Module -->\r\n            <div class=\"mec-events-meta-group mec-events-meta-group-gmap\">\r\n                            <\/div>\r\n\r\n            <!-- Export Module -->\r\n            <div class=\"mec-event-export-module mec-frontbox\">\r\n     <div class=\"mec-event-exporting\">\r\n        <div class=\"mec-export-details\">\r\n            <ul>\r\n                <li><a class=\"mec-events-gcal mec-events-button mec-color mec-bg-color-hover mec-border-color\" href=\"https:\/\/calendar.google.com\/calendar\/render?action=TEMPLATE&text=Maude+Fortier+Quartet+%40+Le+Balcon&dates=20260520T230000Z\/20260521T010000Z&details=D%C3%A9couvrez+Maude+Fortier%2C+une+saxophoniste+et+compositrice+qui+r%C3%A9invente+le+jazz+avec+une+touche+moderne.+Son+style+unique%2C+alliant+tradition+et+innovation%2C+promet+des+performances+captivantes+qui+r%C3%A9sonnent+au+c%C5%93ur+de+chaque+m%C3%A9lodie.%0D%0A%0D%0A%26nbsp%3B%0D%0A%0D%0AMusiciens+%3A%0D%0A%0D%0AJulian+Ferrer+-+Batterie%0D%0A%0D%0AJuno+Hamilton+-+Bass%0D%0A%0D%0AAugust+McKinney+-+Piano%0D%0A%0D%0AMaude+Fortier+-+Saxophone\" target=\"_blank\">+ Add to Google Calendar<\/a><\/li>                <li><a class=\"mec-events-gcal mec-events-button mec-color mec-bg-color-hover mec-border-color\" href=\"https:\/\/www.saxomaudefortier.com\/en\/?method=ical&id=697\">+ iCal \/ Outlook export<\/a><\/li>            <\/ul>\r\n        <\/div>\r\n    <\/div>\r\n<\/div>\r\n            <!-- Hourly Schedule -->\r\n            \r\n            \t\t\t<!-- Booking Module -->\r\n            \r\n            <!-- Tags -->\r\n            <div class=\"mec-events-meta-group mec-events-meta-group-tags\">\r\n                            <\/div>\r\n\r\n        <\/div>\r\n    <\/article>\r\n<\/div>\r\n<script>\r\n\/\/ Fix modal speaker in some themes\r\njQuery(\"#mec_skin_1597 .mec-speaker-avatar a\").on('click', function(e)\r\n{\r\n    e.preventDefault();\r\n\r\n    var id = jQuery(this).attr('href');\r\n    lity(id);\r\n});\r\n<\/script>                                <\/div>\r\n                            <\/div>\r\n                        <\/div><!-- toggle item end -->\r\n                    <\/div><!-- toggles wrap end -->\r\n                            <\/article>\r\n            \t\t\r\n            \r\n                    <script type=\"application\/ld+json\">{\n    \"@context\": \"http:\\\/\\\/schema.org\",\n    \"@type\": \"Event\",\n    \"eventStatus\": \"https:\\\/\\\/schema.org\\\/EventScheduled\",\n    \"startDate\": \"2026-05-22\",\n    \"endDate\": \"2026-05-22\",\n    \"eventAttendanceMode\": \"https:\\\/\\\/schema.org\\\/OfflineEventAttendanceMode\",\n    \"location\": {\n        \"@type\": \"Place\",\n        \"name\": \"\",\n        \"image\": \"\",\n        \"address\": \"\"\n    },\n    \"organizer\": {\n        \"@type\": \"Person\",\n        \"name\": \"\",\n        \"url\": \"\"\n    },\n    \"offers\": {\n        \"url\": \"https:\\\/\\\/www.saxomaudefortier.com\\\/en\\\/events\\\/maude-fortier-quartet-the-emmet-ray\\\/\",\n        \"price\": \"\",\n        \"priceCurrency\": \"CAD\",\n        \"availability\": \"https:\\\/\\\/schema.org\\\/InStock\",\n        \"validFrom\": \"2026-05-22T00:00\"\n    },\n    \"performer\": \"\",\n    \"description\": \"Maude\\u2019s musical style weaves the depth of the jazz tradition with a fresh contemporary voice, balancing expressive lyricism and modern rhythmic energy.    The Maude Fortier Quartet is a young voice in Montreal dedicated the preservation and promotion of jazz tradition. A conglomerate of like-minded individuals, the ensemble has begun making strides across its local scene; performing a mix of original music, as well as faithful renditions of compositions from jazz\\u2019s most notable figures. For this event, Maude is featuring music from her debut album as a composer. She is joined by Juno on bass, August McKinney on piano and Julian Ferrer on drums.\",\n    \"image\": \"\",\n    \"name\": \"Maude Fortier Quartet @ The Emmet Ray\",\n    \"url\": \"https:\\\/\\\/www.saxomaudefortier.com\\\/en\\\/events\\\/maude-fortier-quartet-the-emmet-ray\\\/\"\n}<\/script>\r\n                    <article class=\"mec-event-article mec-clear  mec-divider-toggle mec-toggle-202605-236\" itemscope>\r\n                                    <!-- toggles wrap start -->\r\n                    <div class=\"mec-events-toggle\">\r\n                        <!-- toggle item start -->\r\n                        <div class=\"mec-toggle-item\">\r\n                            <div class=\"mec-toggle-item-inner\" tabindex=\"0\" aria-controls=\"\" aria-expanded=\"false\">\r\n                                                                <div class=\"mec-toggle-item-col\">\r\n                                                                            <div class=\"mec-event-month\"><span class=\"mec-start-date-label\" itemprop=\"startDate\">22 May<\/span><\/div>\r\n                                                                        <div class=\"mec-time-details\"><span class=\"mec-start-time\">19 h 00<\/span> - <span class=\"mec-end-time\">21 h 00<\/span><\/div>                                <\/div>\r\n                                <h3 class=\"mec-toggle-title\">Maude Fortier Quartet @ The Emmet Ray<span class=\"event-color\" style=\"background: #\"><\/span><\/h3>\r\n                                                                <i class=\"mec-sl-arrow-down\"><\/i>\r\n                            <\/div>\r\n                            <div class=\"mec-content-toggle\" aria-hidden=\"true\" style=\"display: none;\">\r\n                                <div class=\"mec-toggle-content\">\r\n                                    <div class=\"mec-wrap colorskin-custom clearfix  mec-modal-wrap\" id=\"mec_skin_1927\" data-unique-id=\"1927\">\r\n    <article class=\"mec-single-event mec-single-modern mec-single-modal\">\r\n        <div class=\"mec-events-event-image\"><\/div>\r\n\r\n        <div class=\"col-md-4\">\r\n\r\n            <div class=\"mec-event-meta mec-color-before mec-frontbox\">\r\n                \r\n                <!-- Register Booking Button -->\r\n                                    <a class=\"mec-booking-button mec-bg-color\" target=\"_self\" href=\"https:\/\/www.theemmetray.com\/event\/maude-fortier-quartet-tradition-jazz-in-a-contemporary-voice\/\">Read More<\/a>\r\n                            <\/div>\r\n\r\n            <!-- Weather Module -->\r\n            \r\n            <!-- QRCode Module -->\r\n            \r\n            <!-- Local Time Module -->\r\n            \r\n            <div class=\"mec-event-meta mec-color-before mec-frontbox\">\r\n\r\n                                \r\n                \r\n                \r\n                                        <div class=\"mec-event-more-info\">\r\n                            <i class=\"mec-sl-info\"><\/i>\r\n                            <h3 class=\"mec-cost\">More Info<\/h3>\r\n                            <dd class=\"mec-events-event-more-info\"><a class=\"mec-more-info-button mec-color-hover\" target=\"_self\" href=\"https:\/\/www.theemmetray.com\/event\/maude-fortier-quartet-tradition-jazz-in-a-contemporary-voice\/\">Read More<\/a><\/dd>\r\n                        <\/div>\r\n                        \r\n            <\/div>\r\n\r\n            <!-- Speaker List Module -->\r\n            \r\n            <!-- Attendees List Module -->\r\n            \r\n            <!-- Next Previous Module -->\r\n                    <\/div>\r\n\r\n        <div class=\"col-md-8\">\r\n\r\n            <div class=\"mec-event-content\">\r\n                <div class=\"mec-single-event-description mec-events-content\">\r\n                    <p>Maude's musical style weaves the depth of the jazz tradition with a fresh contemporary voice, balancing expressive lyricism and modern rhythmic energy.<\/p>\n<p>The Maude Fortier Quartet is a young voice in Montreal dedicated the preservation and promotion of jazz tradition. A conglomerate of like-minded individuals, the ensemble has begun making strides across its local scene; performing a mix of original music, as well as faithful renditions of compositions from jazz's most notable figures. For this event, Maude is featuring music from her debut album as a composer. She is joined by Juno on bass, August McKinney on piano and Julian Ferrer on drums.<\/p>\n                                    <\/div>\r\n            <\/div>\r\n\r\n            \r\n            <!-- Custom Data Fields -->\r\n            \r\n            <!-- Links Module -->\r\n            <div class=\"mec-event-social mec-frontbox\">\r\n     <h3 class=\"mec-social-single mec-frontbox-title\">Share this event<\/h3>\r\n     <div class=\"mec-event-sharing\">\r\n        <div class=\"mec-links-details\">\r\n            <ul>\r\n                <li class=\"mec-event-social-icon\"><a class=\"facebook\" href=\"https:\/\/www.facebook.com\/sharer\/sharer.php?u=https%3A%2F%2Fwww.saxomaudefortier.com%2Fen%2Fevents%2Fmaude-fortier-quartet-the-emmet-ray%2F\" onclick=\"javascript:window.open(this.href, '', 'menubar=no,toolbar=no,resizable=yes,scrollbars=yes,height=500,width=600'); return false;\" title=\"Share on Facebook\"><i class=\"mec-fa-facebook\"><\/i><\/a><\/li><li class=\"mec-event-social-icon\"><a class=\"twitter\" href=\"https:\/\/twitter.com\/share?url=https%3A%2F%2Fwww.saxomaudefortier.com%2Fen%2Fevents%2Fmaude-fortier-quartet-the-emmet-ray%2F\" onclick=\"javascript:window.open(this.href, '', 'menubar=no,toolbar=no,resizable=yes,scrollbars=yes,height=600,width=500'); return false;\" target=\"_blank\" title=\"Tweet\"><i class=\"mec-fa-twitter\"><\/i><\/a><\/li><li class=\"mec-event-social-icon\"><a class=\"linkedin\" href=\"https:\/\/www.linkedin.com\/shareArticle?mini=true&url=https%3A%2F%2Fwww.saxomaudefortier.com%2Fen%2Fevents%2Fmaude-fortier-quartet-the-emmet-ray%2F\" onclick=\"javascript:window.open(this.href, '', 'menubar=no,toolbar=no,resizable=yes,scrollbars=yes,height=600,width=500'); return false;\" target=\"_blank\" title=\"Linkedin\"><i class=\"mec-fa-linkedin\"><\/i><\/a><\/li><li class=\"mec-event-social-icon\"><a class=\"email\" href=\"mailto:?subject=Maude Fortier Quartet @ The Emmet Ray&body=https%3A%2F%2Fwww.saxomaudefortier.com%2Fen%2Fevents%2Fmaude-fortier-quartet-the-emmet-ray%2F\" title=\"Email\"><i class=\"mec-fa-envelope\"><\/i><\/a><\/li>            <\/ul>\r\n        <\/div>\r\n    <\/div>\r\n<\/div>\r\n            <!-- Google Maps Module -->\r\n            <div class=\"mec-events-meta-group mec-events-meta-group-gmap\">\r\n                            <\/div>\r\n\r\n            <!-- Export Module -->\r\n            <div class=\"mec-event-export-module mec-frontbox\">\r\n     <div class=\"mec-event-exporting\">\r\n        <div class=\"mec-export-details\">\r\n            <ul>\r\n                <li><a class=\"mec-events-gcal mec-events-button mec-color mec-bg-color-hover mec-border-color\" href=\"https:\/\/calendar.google.com\/calendar\/render?action=TEMPLATE&text=Maude+Fortier+Quartet+%40+The+Emmet+Ray&dates=20260522T230000Z\/20260523T010000Z&details=Maude%E2%80%99s+musical+style+weaves+the+depth+of+the+jazz+tradition+with+a+fresh+contemporary+voice%2C+balancing+expressive+lyricism+and+modern+rhythmic+energy.%0D%0A%0D%0AThe+Maude+Fortier+Quartet+is+a+young+voice+in+Montreal+dedicated+the+preservation+and+promotion+of+jazz+tradition.+A+conglomerate+of+like-minded+individuals%2C+the+ensemble+has+begun+making+strides+across+its+local+scene%3B+performing+a+mix+of+original+music%2C+as+well+as+faithful+renditions+of+compositions+from+jazz%E2%80%99s+most+notable+figures.+For+this+event%2C+Maude+is+featuring+music+from+her+debut+album+as+a+composer.+She+is+joined+by+Juno+on+bass%2C+August+McKinney+on+piano+and+Julian+Ferrer+on+drums.\" target=\"_blank\">+ Add to Google Calendar<\/a><\/li>                <li><a class=\"mec-events-gcal mec-events-button mec-color mec-bg-color-hover mec-border-color\" href=\"https:\/\/www.saxomaudefortier.com\/en\/?method=ical&id=622\">+ iCal \/ Outlook export<\/a><\/li>            <\/ul>\r\n        <\/div>\r\n    <\/div>\r\n<\/div>\r\n            <!-- Hourly Schedule -->\r\n            \r\n            \t\t\t<!-- Booking Module -->\r\n            \r\n            <!-- Tags -->\r\n            <div class=\"mec-events-meta-group mec-events-meta-group-tags\">\r\n                            <\/div>\r\n\r\n        <\/div>\r\n    <\/article>\r\n<\/div>\r\n<script>\r\n\/\/ Fix modal speaker in some themes\r\njQuery(\"#mec_skin_1927 .mec-speaker-avatar a\").on('click', function(e)\r\n{\r\n    e.preventDefault();\r\n\r\n    var id = jQuery(this).attr('href');\r\n    lity(id);\r\n});\r\n<\/script>                                <\/div>\r\n                            <\/div>\r\n                        <\/div><!-- toggle item end -->\r\n                    <\/div><!-- toggles wrap end -->\r\n                            <\/article>\r\n                    <script type=\"application\/ld+json\">{\n    \"@context\": \"http:\\\/\\\/schema.org\",\n    \"@type\": \"Event\",\n    \"eventStatus\": \"https:\\\/\\\/schema.org\\\/EventScheduled\",\n    \"startDate\": \"2026-05-22\",\n    \"endDate\": \"2026-05-22\",\n    \"eventAttendanceMode\": \"https:\\\/\\\/schema.org\\\/OfflineEventAttendanceMode\",\n    \"location\": {\n        \"@type\": \"Place\",\n        \"name\": \"\",\n        \"image\": \"\",\n        \"address\": \"\"\n    },\n    \"organizer\": {\n        \"@type\": \"Person\",\n        \"name\": \"\",\n        \"url\": \"\"\n    },\n    \"offers\": {\n        \"url\": \"https:\\\/\\\/www.saxomaudefortier.com\\\/en\\\/events\\\/jazz-bistros-late-night-jazz-jam-hosted-by-the-maude-fortier-quartet\\\/\",\n        \"price\": \"\",\n        \"priceCurrency\": \"CAD\",\n        \"availability\": \"https:\\\/\\\/schema.org\\\/InStock\",\n        \"validFrom\": \"2026-05-22T00:00\"\n    },\n    \"performer\": \"\",\n    \"description\": \"&lt;h1 class=&quot;tribe-events-single-event-title&quot;&gt;Jazz Bistro\\u2019s Late Night Jazz Jam (11:30pm to 2am)&lt;\\\/h1&gt;  &lt;h5 class=&quot;tribe-events-single-event-title&quot;&gt;Come jam with the Maude Fortier Quartet on Friday May 22nd !&lt;\\\/h5&gt;  Lineup :    Juno Hamitlon (Bass)    August McKinney (Piano)    Julian Ferrer (Drums)    Maude Fortier (Saxophone)\",\n    \"image\": \"\",\n    \"name\": \"Jazz Bistro&rsquo;s Late Night Jazz Jam hosted by the Maude Fortier Quartet\",\n    \"url\": \"https:\\\/\\\/www.saxomaudefortier.com\\\/en\\\/events\\\/jazz-bistros-late-night-jazz-jam-hosted-by-the-maude-fortier-quartet\\\/\"\n}<\/script>\r\n                    <article class=\"mec-event-article mec-clear  mec-divider-toggle mec-toggle-202605-236\" itemscope>\r\n                                    <!-- toggles wrap start -->\r\n                    <div class=\"mec-events-toggle\">\r\n                        <!-- toggle item start -->\r\n                        <div class=\"mec-toggle-item\">\r\n                            <div class=\"mec-toggle-item-inner\" tabindex=\"0\" aria-controls=\"\" aria-expanded=\"false\">\r\n                                                                <div class=\"mec-toggle-item-col\">\r\n                                                                            <div class=\"mec-event-month\"><span class=\"mec-start-date-label\" itemprop=\"startDate\">22 May<\/span><\/div>\r\n                                                                        <div class=\"mec-time-details\"><span class=\"mec-start-time\">23 h 30<\/span> - <span class=\"mec-end-time\">23 h 30<\/span><\/div>                                <\/div>\r\n                                <h3 class=\"mec-toggle-title\">Jazz Bistro's Late Night Jazz Jam hosted by the Maude Fortier Quartet<span class=\"event-color\" style=\"background: #\"><\/span><\/h3>\r\n                                                                <i class=\"mec-sl-arrow-down\"><\/i>\r\n                            <\/div>\r\n                            <div class=\"mec-content-toggle\" aria-hidden=\"true\" style=\"display: none;\">\r\n                                <div class=\"mec-toggle-content\">\r\n                                    <div class=\"mec-wrap colorskin-custom clearfix  mec-modal-wrap\" id=\"mec_skin_6873\" data-unique-id=\"6873\">\r\n    <article class=\"mec-single-event mec-single-modern mec-single-modal\">\r\n        <div class=\"mec-events-event-image\"><\/div>\r\n\r\n        <div class=\"col-md-4\">\r\n\r\n            <div class=\"mec-event-meta mec-color-before mec-frontbox mec-util-hidden\">\r\n                \r\n                <!-- Register Booking Button -->\r\n                            <\/div>\r\n\r\n            <!-- Weather Module -->\r\n            \r\n            <!-- QRCode Module -->\r\n            \r\n            <!-- Local Time Module -->\r\n            \r\n            <div class=\"mec-event-meta mec-color-before mec-frontbox\">\r\n\r\n                                \r\n                \r\n                \r\n                \r\n            <\/div>\r\n\r\n            <!-- Speaker List Module -->\r\n            \r\n            <!-- Attendees List Module -->\r\n            \r\n            <!-- Next Previous Module -->\r\n                    <\/div>\r\n\r\n        <div class=\"col-md-8\">\r\n\r\n            <div class=\"mec-event-content\">\r\n                <div class=\"mec-single-event-description mec-events-content\">\r\n                    <h1 class=\"tribe-events-single-event-title\">Jazz Bistro's Late Night Jazz Jam (11:30pm to 2am)<\/h1>\n<h5 class=\"tribe-events-single-event-title\">Come jam with the Maude Fortier Quartet on Friday May 22nd!<\/h5>\n<p>Lineup:<\/p>\n<p>Juno Hamitlon (Bass)<\/p>\n<p>August McKinney (Piano)<\/p>\n<p>Julian Ferrer (Drums)<\/p>\n<p>Maude Fortier (Saxophone)<\/p>\n                                    <\/div>\r\n            <\/div>\r\n\r\n            \r\n            <!-- Custom Data Fields -->\r\n            \r\n            <!-- Links Module -->\r\n            <div class=\"mec-event-social mec-frontbox\">\r\n     <h3 class=\"mec-social-single mec-frontbox-title\">Share this event<\/h3>\r\n     <div class=\"mec-event-sharing\">\r\n        <div class=\"mec-links-details\">\r\n            <ul>\r\n                <li class=\"mec-event-social-icon\"><a class=\"facebook\" href=\"https:\/\/www.facebook.com\/sharer\/sharer.php?u=https%3A%2F%2Fwww.saxomaudefortier.com%2Fen%2Fevents%2Fjazz-bistros-late-night-jazz-jam-hosted-by-the-maude-fortier-quartet%2F\" onclick=\"javascript:window.open(this.href, '', 'menubar=no,toolbar=no,resizable=yes,scrollbars=yes,height=500,width=600'); return false;\" title=\"Share on Facebook\"><i class=\"mec-fa-facebook\"><\/i><\/a><\/li><li class=\"mec-event-social-icon\"><a class=\"twitter\" href=\"https:\/\/twitter.com\/share?url=https%3A%2F%2Fwww.saxomaudefortier.com%2Fen%2Fevents%2Fjazz-bistros-late-night-jazz-jam-hosted-by-the-maude-fortier-quartet%2F\" onclick=\"javascript:window.open(this.href, '', 'menubar=no,toolbar=no,resizable=yes,scrollbars=yes,height=600,width=500'); return false;\" target=\"_blank\" title=\"Tweet\"><i class=\"mec-fa-twitter\"><\/i><\/a><\/li><li class=\"mec-event-social-icon\"><a class=\"linkedin\" href=\"https:\/\/www.linkedin.com\/shareArticle?mini=true&url=https%3A%2F%2Fwww.saxomaudefortier.com%2Fen%2Fevents%2Fjazz-bistros-late-night-jazz-jam-hosted-by-the-maude-fortier-quartet%2F\" onclick=\"javascript:window.open(this.href, '', 'menubar=no,toolbar=no,resizable=yes,scrollbars=yes,height=600,width=500'); return false;\" target=\"_blank\" title=\"Linkedin\"><i class=\"mec-fa-linkedin\"><\/i><\/a><\/li><li class=\"mec-event-social-icon\"><a class=\"email\" href=\"mailto:?subject=Jazz Bistro%26rsquo;s Late Night Jazz Jam hosted by the Maude Fortier Quartet&body=https%3A%2F%2Fwww.saxomaudefortier.com%2Fen%2Fevents%2Fjazz-bistros-late-night-jazz-jam-hosted-by-the-maude-fortier-quartet%2F\" title=\"Email\"><i class=\"mec-fa-envelope\"><\/i><\/a><\/li>            <\/ul>\r\n        <\/div>\r\n    <\/div>\r\n<\/div>\r\n            <!-- Google Maps Module -->\r\n            <div class=\"mec-events-meta-group mec-events-meta-group-gmap\">\r\n                            <\/div>\r\n\r\n            <!-- Export Module -->\r\n            <div class=\"mec-event-export-module mec-frontbox\">\r\n     <div class=\"mec-event-exporting\">\r\n        <div class=\"mec-export-details\">\r\n            <ul>\r\n                <li><a class=\"mec-events-gcal mec-events-button mec-color mec-bg-color-hover mec-border-color\" href=\"https:\/\/calendar.google.com\/calendar\/render?action=TEMPLATE&text=Jazz+Bistro%2526rsquo%3Bs+Late+Night+Jazz+Jam+hosted+by+the+Maude+Fortier+Quartet&dates=20260523T033000Z\/20260523T033000Z&details=Jazz+Bistro%E2%80%99s+Late+Night+Jazz+Jam+%2811%3A30pm+to+2am%29%0D%0ACome+jam+with+the+Maude+Fortier+Quartet+on+Friday+May+22nd+%21%0D%0ALineup+%3A%0D%0A%0D%0AJuno+Hamitlon+%28Bass%29%0D%0A%0D%0AAugust+McKinney+%28Piano%29%0D%0A%0D%0AJulian+Ferrer+%28Drums%29%0D%0A%0D%0AMaude+Fortier+%28Saxophone%29\" target=\"_blank\">+ Add to Google Calendar<\/a><\/li>                <li><a class=\"mec-events-gcal mec-events-button mec-color mec-bg-color-hover mec-border-color\" href=\"https:\/\/www.saxomaudefortier.com\/en\/?method=ical&id=643\">+ iCal \/ Outlook export<\/a><\/li>            <\/ul>\r\n        <\/div>\r\n    <\/div>\r\n<\/div>\r\n            <!-- Hourly Schedule -->\r\n            \r\n            \t\t\t<!-- Booking Module -->\r\n            \r\n            <!-- Tags -->\r\n            <div class=\"mec-events-meta-group mec-events-meta-group-tags\">\r\n                            <\/div>\r\n\r\n        <\/div>\r\n    <\/article>\r\n<\/div>\r\n<script>\r\n\/\/ Fix modal speaker in some themes\r\njQuery(\"#mec_skin_6873 .mec-speaker-avatar a\").on('click', function(e)\r\n{\r\n    e.preventDefault();\r\n\r\n    var id = jQuery(this).attr('href');\r\n    lity(id);\r\n});\r\n<\/script>                                <\/div>\r\n                            <\/div>\r\n                        <\/div><!-- toggle item end -->\r\n                    <\/div><!-- toggles wrap end -->\r\n                            <\/article>\r\n            \t\t\r\n            \r\n                    <script type=\"application\/ld+json\">{\n    \"@context\": \"http:\\\/\\\/schema.org\",\n    \"@type\": \"Event\",\n    \"eventStatus\": \"https:\\\/\\\/schema.org\\\/EventScheduled\",\n    \"startDate\": \"2026-05-27\",\n    \"endDate\": \"2026-05-27\",\n    \"eventAttendanceMode\": \"https:\\\/\\\/schema.org\\\/OfflineEventAttendanceMode\",\n    \"location\": {\n        \"@type\": \"Place\",\n        \"name\": \"\",\n        \"image\": \"\",\n        \"address\": \"\"\n    },\n    \"organizer\": {\n        \"@type\": \"Person\",\n        \"name\": \"\",\n        \"url\": \"\"\n    },\n    \"offers\": {\n        \"url\": \"https:\\\/\\\/www.wecc.ca\\\/events\\\/1-rbb5a-zj64b-hsjxs-j5cds-3g6jw-65m79-zrtgr-jkf7d-wzyae-bzzxw-7zf5z-7flah\",\n        \"price\": \"\",\n        \"priceCurrency\": \"CAD\",\n        \"availability\": \"https:\\\/\\\/schema.org\\\/InStock\",\n        \"validFrom\": \"2026-05-27T00:00\"\n    },\n    \"performer\": \"\",\n    \"description\": \"&lt;p class=&quot;&quot;&gt;&lt;img class=&quot;alignnone  wp-image-704&quot; src=&quot;https:\\\/\\\/www.saxomaudefortier.com\\\/wp-content\\\/uploads\\\/2026\\\/03\\\/Music-Concert-768x1024.png&quot; alt=&quot;&quot; width=&quot;318&quot; height=&quot;424&quot; \\\/&gt;&lt;\\\/p&gt;  &lt;p class=&quot;&quot;&gt;Join us on May 31, 2026 at 8 PM, at the Ventura Hall of the West End Cultural Centre for a powerful evening celebrating women in jazz.&lt;\\\/p&gt;  &lt;p class=&quot;&quot;&gt;The night opens with a special duo performance by saxophonist Ignia, featuring music from her brand-new EP. With lyrical intensity and bold improvisation, she brings a fresh and compelling voice to today\\u2019s jazz landscape.&lt;\\\/p&gt;  &lt;p class=&quot;&quot;&gt;The Maude Fortier Quartet follows, presenting original compositions from Maude\\u2019s new album &lt;em&gt;Echoes of Change&lt;\\\/em&gt;, alongside other works that blend contemporary jazz with emotional depth, rhythmic vitality, and personal storytelling.&lt;\\\/p&gt;  &lt;p class=&quot;&quot;&gt;Together, these performances highlight the creativity, leadership, and artistry of women shaping the future of jazz \\u2014 an inspiring and unforgettable night of music.&lt;\\\/p&gt;\",\n    \"image\": \"\",\n    \"name\": \"Maude Fortier Quartet + Ingia @ WECC (Winnipeg, MB)\",\n    \"url\": \"https:\\\/\\\/www.wecc.ca\\\/events\\\/1-rbb5a-zj64b-hsjxs-j5cds-3g6jw-65m79-zrtgr-jkf7d-wzyae-bzzxw-7zf5z-7flah\"\n}<\/script>\r\n                    <article class=\"mec-event-article mec-clear  mec-divider-toggle mec-toggle-202605-236\" itemscope>\r\n                                    <!-- toggles wrap start -->\r\n                    <div class=\"mec-events-toggle\">\r\n                        <!-- toggle item start -->\r\n                        <div class=\"mec-toggle-item\">\r\n                            <div class=\"mec-toggle-item-inner\" tabindex=\"0\" aria-controls=\"\" aria-expanded=\"false\">\r\n                                                                <div class=\"mec-toggle-item-col\">\r\n                                                                            <div class=\"mec-event-month\"><span class=\"mec-start-date-label\" itemprop=\"startDate\">27 May<\/span><\/div>\r\n                                                                        <div class=\"mec-time-details\"><span class=\"mec-start-time\">20 h 00<\/span> - <span class=\"mec-end-time\">22 h 00<\/span><\/div>                                <\/div>\r\n                                <h3 class=\"mec-toggle-title\">Maude Fortier Quartet + Ingia @ WECC (Winnipeg, MB)<span class=\"event-color\" style=\"background: #\"><\/span><\/h3>\r\n                                                                <i class=\"mec-sl-arrow-down\"><\/i>\r\n                            <\/div>\r\n                            <div class=\"mec-content-toggle\" aria-hidden=\"true\" style=\"display: none;\">\r\n                                <div class=\"mec-toggle-content\">\r\n                                    <div class=\"mec-wrap colorskin-custom clearfix  mec-modal-wrap\" id=\"mec_skin_2710\" data-unique-id=\"2710\">\r\n    <article class=\"mec-single-event mec-single-modern mec-single-modal\">\r\n        <div class=\"mec-events-event-image\"><\/div>\r\n\r\n        <div class=\"col-md-4\">\r\n\r\n            <div class=\"mec-event-meta mec-color-before mec-frontbox mec-util-hidden\">\r\n                \r\n                <!-- Register Booking Button -->\r\n                                    <a class=\"mec-booking-button mec-bg-color\" target=\"_blank\" href=\"https:\/\/www.wecc.ca\/events\/1-rbb5a-zj64b-hsjxs-j5cds-3g6jw-65m79-zrtgr-jkf7d-wzyae-bzzxw-7zf5z-7flah\">REGISTER<\/a>\r\n                            <\/div>\r\n\r\n            <!-- Weather Module -->\r\n            \r\n            <!-- QRCode Module -->\r\n            \r\n            <!-- Local Time Module -->\r\n            \r\n            <div class=\"mec-event-meta mec-color-before mec-frontbox\">\r\n\r\n                                \r\n                \r\n                \r\n                \r\n            <\/div>\r\n\r\n            <!-- Speaker List Module -->\r\n            \r\n            <!-- Attendees List Module -->\r\n            \r\n            <!-- Next Previous Module -->\r\n                    <\/div>\r\n\r\n        <div class=\"col-md-8\">\r\n\r\n            <div class=\"mec-event-content\">\r\n                <div class=\"mec-single-event-description mec-events-content\">\r\n                    <p class=\"\"><img decoding=\"async\" class=\"alignnone  wp-image-704\" src=\"https:\/\/www.saxomaudefortier.com\/wp-content\/uploads\/2026\/03\/Music-Concert-768x1024.png\" alt=\"\" width=\"318\" height=\"424\" srcset=\"https:\/\/www.saxomaudefortier.com\/wp-content\/uploads\/2026\/03\/Music-Concert-9x12.png 9w, https:\/\/www.saxomaudefortier.com\/wp-content\/uploads\/2026\/03\/Music-Concert-200x267.png 200w, https:\/\/www.saxomaudefortier.com\/wp-content\/uploads\/2026\/03\/Music-Concert-225x300.png 225w, https:\/\/www.saxomaudefortier.com\/wp-content\/uploads\/2026\/03\/Music-Concert-300x400.png 300w, https:\/\/www.saxomaudefortier.com\/wp-content\/uploads\/2026\/03\/Music-Concert-400x533.png 400w, https:\/\/www.saxomaudefortier.com\/wp-content\/uploads\/2026\/03\/Music-Concert-600x800.png 600w, https:\/\/www.saxomaudefortier.com\/wp-content\/uploads\/2026\/03\/Music-Concert-768x1024.png 768w, https:\/\/www.saxomaudefortier.com\/wp-content\/uploads\/2026\/03\/Music-Concert-800x1067.png 800w, https:\/\/www.saxomaudefortier.com\/wp-content\/uploads\/2026\/03\/Music-Concert-1152x1536.png 1152w, https:\/\/www.saxomaudefortier.com\/wp-content\/uploads\/2026\/03\/Music-Concert-1200x1600.png 1200w, https:\/\/www.saxomaudefortier.com\/wp-content\/uploads\/2026\/03\/Music-Concert-1536x2048.png 1536w, https:\/\/www.saxomaudefortier.com\/wp-content\/uploads\/2026\/03\/Music-Concert.png 1728w\" sizes=\"(max-width: 318px) 100vw, 318px\" \/><\/p>\n<p class=\"\">Join us on May 31, 2026 at 8 PM, at the Ventura Hall of the West End Cultural Centre for a powerful evening celebrating women in jazz.<\/p>\n<p class=\"\">The night opens with a special duo performance by saxophonist Ignia, featuring music from her brand-new EP. With lyrical intensity and bold improvisation, she brings a fresh and compelling voice to today's jazz landscape.<\/p>\n<p class=\"\">The Maude Fortier Quartet follows, presenting original compositions from Maude's new album <em>Echoes of Change<\/em>, alongside other works that blend contemporary jazz with emotional depth, rhythmic vitality, and personal storytelling.<\/p>\n<p class=\"\">Together, these performances highlight the creativity, leadership, and artistry of women shaping the future of jazz - an inspiring and unforgettable night of music.<\/p>\n                                    <\/div>\r\n            <\/div>\r\n\r\n            \r\n            <!-- Custom Data Fields -->\r\n            \r\n            <!-- Links Module -->\r\n            <div class=\"mec-event-social mec-frontbox\">\r\n     <h3 class=\"mec-social-single mec-frontbox-title\">Share this event<\/h3>\r\n     <div class=\"mec-event-sharing\">\r\n        <div class=\"mec-links-details\">\r\n            <ul>\r\n                <li class=\"mec-event-social-icon\"><a class=\"facebook\" href=\"https:\/\/www.facebook.com\/sharer\/sharer.php?u=https%3A%2F%2Fwww.wecc.ca%2Fevents%2F1-rbb5a-zj64b-hsjxs-j5cds-3g6jw-65m79-zrtgr-jkf7d-wzyae-bzzxw-7zf5z-7flah\" onclick=\"javascript:window.open(this.href, '', 'menubar=no,toolbar=no,resizable=yes,scrollbars=yes,height=500,width=600'); return false;\" title=\"Share on Facebook\"><i class=\"mec-fa-facebook\"><\/i><\/a><\/li><li class=\"mec-event-social-icon\"><a class=\"twitter\" href=\"https:\/\/twitter.com\/share?url=https%3A%2F%2Fwww.wecc.ca%2Fevents%2F1-rbb5a-zj64b-hsjxs-j5cds-3g6jw-65m79-zrtgr-jkf7d-wzyae-bzzxw-7zf5z-7flah\" onclick=\"javascript:window.open(this.href, '', 'menubar=no,toolbar=no,resizable=yes,scrollbars=yes,height=600,width=500'); return false;\" target=\"_blank\" title=\"Tweet\"><i class=\"mec-fa-twitter\"><\/i><\/a><\/li><li class=\"mec-event-social-icon\"><a class=\"linkedin\" href=\"https:\/\/www.linkedin.com\/shareArticle?mini=true&url=https%3A%2F%2Fwww.wecc.ca%2Fevents%2F1-rbb5a-zj64b-hsjxs-j5cds-3g6jw-65m79-zrtgr-jkf7d-wzyae-bzzxw-7zf5z-7flah\" onclick=\"javascript:window.open(this.href, '', 'menubar=no,toolbar=no,resizable=yes,scrollbars=yes,height=600,width=500'); return false;\" target=\"_blank\" title=\"Linkedin\"><i class=\"mec-fa-linkedin\"><\/i><\/a><\/li><li class=\"mec-event-social-icon\"><a class=\"email\" href=\"mailto:?subject=Maude Fortier Quartet + Ingia @ WECC (Winnipeg, MB)&body=https%3A%2F%2Fwww.wecc.ca%2Fevents%2F1-rbb5a-zj64b-hsjxs-j5cds-3g6jw-65m79-zrtgr-jkf7d-wzyae-bzzxw-7zf5z-7flah\" title=\"Email\"><i class=\"mec-fa-envelope\"><\/i><\/a><\/li>            <\/ul>\r\n        <\/div>\r\n    <\/div>\r\n<\/div>\r\n            <!-- Google Maps Module -->\r\n            <div class=\"mec-events-meta-group mec-events-meta-group-gmap\">\r\n                            <\/div>\r\n\r\n            <!-- Export Module -->\r\n            <div class=\"mec-event-export-module mec-frontbox\">\r\n     <div class=\"mec-event-exporting\">\r\n        <div class=\"mec-export-details\">\r\n            <ul>\r\n                <li><a class=\"mec-events-gcal mec-events-button mec-color mec-bg-color-hover mec-border-color\" href=\"https:\/\/calendar.google.com\/calendar\/render?action=TEMPLATE&text=Maude+Fortier+Quartet+%2B+Ingia+%40+WECC+%28Winnipeg%2C+MB%29&dates=20260528T000000Z\/20260528T020000Z&details=%0D%0AJoin+us+on+May+31%2C+2026+at+8+PM%2C+at+the+Ventura+Hall+of+the+West+End+Cultural+Centre+for+a+powerful+evening+celebrating+women+in+jazz.%0D%0AThe+night+opens+with+a+special+duo+performance+by+saxophonist+Ignia%2C+featuring+music+from+her+brand-new+EP.+With+lyrical+intensity+and+bold+improvisation%2C+she+brings+a+fresh+and+compelling+voice+to+today%E2%80%99s+jazz+landscape.%0D%0AThe+Maude+Fortier+Quartet+follows%2C+presenting+original+compositions+from+Maude%E2%80%99s+new+album+Echoes+of+Change%2C+alongside+other+works+that+blend+contemporary+jazz+with+emotional+depth%2C+rhythmic+vitality%2C+and+personal+storytelling.%0D%0ATogether%2C+these+performances+highlight+the+creativity%2C+leadership%2C+and+artistry+of+women+shaping+the+future+of+jazz+%E2%80%94+an+inspiring+and+unforgettable+night+of+music.\" target=\"_blank\">+ Add to Google Calendar<\/a><\/li>                <li><a class=\"mec-events-gcal mec-events-button mec-color mec-bg-color-hover mec-border-color\" href=\"https:\/\/www.saxomaudefortier.com\/en\/?method=ical&id=703\">+ iCal \/ Outlook export<\/a><\/li>            <\/ul>\r\n        <\/div>\r\n    <\/div>\r\n<\/div>\r\n            <!-- Hourly Schedule -->\r\n            \r\n            \t\t\t<!-- Booking Module -->\r\n            \r\n            <!-- Tags -->\r\n            <div class=\"mec-events-meta-group mec-events-meta-group-tags\">\r\n                            <\/div>\r\n\r\n        <\/div>\r\n    <\/article>\r\n<\/div>\r\n<script>\r\n\/\/ Fix modal speaker in some themes\r\njQuery(\"#mec_skin_2710 .mec-speaker-avatar a\").on('click', function(e)\r\n{\r\n    e.preventDefault();\r\n\r\n    var id = jQuery(this).attr('href');\r\n    lity(id);\r\n});\r\n<\/script>                                <\/div>\r\n                            <\/div>\r\n                        <\/div><!-- toggle item end -->\r\n                    <\/div><!-- toggles wrap end -->\r\n                            <\/article>\r\n            \t\t\r\n            \r\n                    <script type=\"application\/ld+json\">{\n    \"@context\": \"http:\\\/\\\/schema.org\",\n    \"@type\": \"Event\",\n    \"eventStatus\": \"https:\\\/\\\/schema.org\\\/EventScheduled\",\n    \"startDate\": \"2026-05-28\",\n    \"endDate\": \"2026-05-28\",\n    \"eventAttendanceMode\": \"https:\\\/\\\/schema.org\\\/OfflineEventAttendanceMode\",\n    \"location\": {\n        \"@type\": \"Place\",\n        \"name\": \"\",\n        \"image\": \"\",\n        \"address\": \"\"\n    },\n    \"organizer\": {\n        \"@type\": \"Person\",\n        \"name\": \"\",\n        \"url\": \"\"\n    },\n    \"offers\": {\n        \"url\": \"https:\\\/\\\/www.parkalleys.com\\\/events\",\n        \"price\": \"\",\n        \"priceCurrency\": \"CAD\",\n        \"availability\": \"https:\\\/\\\/schema.org\\\/InStock\",\n        \"validFrom\": \"2026-05-28T00:00\"\n    },\n    \"performer\": \"\",\n    \"description\": \"Maude Fortier and her quartet will be playing two sets of music at Park Alley on May 28 starting at 8:30 PM!\",\n    \"image\": \"\",\n    \"name\": \"Maude Fortier Quartet @ Park Alley (Winnipeg, MB)\",\n    \"url\": \"https:\\\/\\\/www.parkalleys.com\\\/events\"\n}<\/script>\r\n                    <article class=\"mec-event-article mec-clear  mec-divider-toggle mec-toggle-202605-236\" itemscope>\r\n                                    <!-- toggles wrap start -->\r\n                    <div class=\"mec-events-toggle\">\r\n                        <!-- toggle item start -->\r\n                        <div class=\"mec-toggle-item\">\r\n                            <div class=\"mec-toggle-item-inner\" tabindex=\"0\" aria-controls=\"\" aria-expanded=\"false\">\r\n                                                                <div class=\"mec-toggle-item-col\">\r\n                                                                            <div class=\"mec-event-month\"><span class=\"mec-start-date-label\" itemprop=\"startDate\">May 28<\/span><\/div>\r\n                                                                        <div class=\"mec-time-details\"><span class=\"mec-start-time\">20 h 30<\/span> - <span class=\"mec-end-time\">22 h 00<\/span><\/div>                                <\/div>\r\n                                <h3 class=\"mec-toggle-title\">Maude Fortier Quartet at Park Alley (Winnipeg, MB)<span class=\"event-color\" style=\"background: #\"><\/span><\/h3>\r\n                                                                <i class=\"mec-sl-arrow-down\"><\/i>\r\n                            <\/div>\r\n                            <div class=\"mec-content-toggle\" aria-hidden=\"true\" style=\"display: none;\">\r\n                                <div class=\"mec-toggle-content\">\r\n                                    <div class=\"mec-wrap colorskin-custom clearfix  mec-modal-wrap\" id=\"mec_skin_2520\" data-unique-id=\"2520\">\r\n    <article class=\"mec-single-event mec-single-modern mec-single-modal\">\r\n        <div class=\"mec-events-event-image\"><\/div>\r\n\r\n        <div class=\"col-md-4\">\r\n\r\n            <div class=\"mec-event-meta mec-color-before mec-frontbox mec-util-hidden\">\r\n                \r\n                <!-- Register Booking Button -->\r\n                                    <a class=\"mec-booking-button mec-bg-color\" target=\"_blank\" href=\"https:\/\/www.parkalleys.com\/events\">REGISTER<\/a>\r\n                            <\/div>\r\n\r\n            <!-- Weather Module -->\r\n            \r\n            <!-- QRCode Module -->\r\n            \r\n            <!-- Local Time Module -->\r\n            \r\n            <div class=\"mec-event-meta mec-color-before mec-frontbox\">\r\n\r\n                                \r\n                \r\n                \r\n                \r\n            <\/div>\r\n\r\n            <!-- Speaker List Module -->\r\n            \r\n            <!-- Attendees List Module -->\r\n            \r\n            <!-- Next Previous Module -->\r\n                    <\/div>\r\n\r\n        <div class=\"col-md-8\">\r\n\r\n            <div class=\"mec-event-content\">\r\n                <div class=\"mec-single-event-description mec-events-content\">\r\n                    <p>Maude Fortier and her quartet will be playing two sets of music at Park Alley on May 28, starting at 8:30 PM!<\/p>\n                                    <\/div>\r\n            <\/div>\r\n\r\n            \r\n            <!-- Custom Data Fields -->\r\n            \r\n            <!-- Links Module -->\r\n            <div class=\"mec-event-social mec-frontbox\">\r\n     <h3 class=\"mec-social-single mec-frontbox-title\">Share this event<\/h3>\r\n     <div class=\"mec-event-sharing\">\r\n        <div class=\"mec-links-details\">\r\n            <ul>\r\n                <li class=\"mec-event-social-icon\"><a class=\"facebook\" href=\"https:\/\/www.facebook.com\/sharer\/sharer.php?u=https%3A%2F%2Fwww.parkalleys.com%2Fevents\" onclick=\"javascript:window.open(this.href, '', 'menubar=no,toolbar=no,resizable=yes,scrollbars=yes,height=500,width=600'); return false;\" title=\"Share on Facebook\"><i class=\"mec-fa-facebook\"><\/i><\/a><\/li><li class=\"mec-event-social-icon\"><a class=\"twitter\" href=\"https:\/\/twitter.com\/share?url=https%3A%2F%2Fwww.parkalleys.com%2Fevents\" onclick=\"javascript:window.open(this.href, '', 'menubar=no,toolbar=no,resizable=yes,scrollbars=yes,height=600,width=500'); return false;\" target=\"_blank\" title=\"Tweet\"><i class=\"mec-fa-twitter\"><\/i><\/a><\/li><li class=\"mec-event-social-icon\"><a class=\"linkedin\" href=\"https:\/\/www.linkedin.com\/shareArticle?mini=true&url=https%3A%2F%2Fwww.parkalleys.com%2Fevents\" onclick=\"javascript:window.open(this.href, '', 'menubar=no,toolbar=no,resizable=yes,scrollbars=yes,height=600,width=500'); return false;\" target=\"_blank\" title=\"Linkedin\"><i class=\"mec-fa-linkedin\"><\/i><\/a><\/li><li class=\"mec-event-social-icon\"><a class=\"email\" href=\"mailto:?subject=Maude Fortier Quartet @ Park Alley (Winnipeg, MB)&body=https%3A%2F%2Fwww.parkalleys.com%2Fevents\" title=\"Email\"><i class=\"mec-fa-envelope\"><\/i><\/a><\/li>            <\/ul>\r\n        <\/div>\r\n    <\/div>\r\n<\/div>\r\n            <!-- Google Maps Module -->\r\n            <div class=\"mec-events-meta-group mec-events-meta-group-gmap\">\r\n                            <\/div>\r\n\r\n            <!-- Export Module -->\r\n            <div class=\"mec-event-export-module mec-frontbox\">\r\n     <div class=\"mec-event-exporting\">\r\n        <div class=\"mec-export-details\">\r\n            <ul>\r\n                <li><a class=\"mec-events-gcal mec-events-button mec-color mec-bg-color-hover mec-border-color\" href=\"https:\/\/calendar.google.com\/calendar\/render?action=TEMPLATE&text=Maude+Fortier+Quartet+%40+Park+Alley+%28Winnipeg%2C+MB%29&dates=20260529T003000Z\/20260529T020000Z&details=Maude+Fortier+and+her+quartet+will+be+playing+two+sets+of+music+at+Park+Alley+on+May+28+starting+at+8%3A30+PM%21\" target=\"_blank\">+ Add to Google Calendar<\/a><\/li>                <li><a class=\"mec-events-gcal mec-events-button mec-color mec-bg-color-hover mec-border-color\" href=\"https:\/\/www.saxomaudefortier.com\/en\/?method=ical&id=705\">+ iCal \/ Outlook export<\/a><\/li>            <\/ul>\r\n        <\/div>\r\n    <\/div>\r\n<\/div>\r\n            <!-- Hourly Schedule -->\r\n            \r\n            \t\t\t<!-- Booking Module -->\r\n            \r\n            <!-- Tags -->\r\n            <div class=\"mec-events-meta-group mec-events-meta-group-tags\">\r\n                            <\/div>\r\n\r\n        <\/div>\r\n    <\/article>\r\n<\/div>\r\n<script>\r\n\/\/ Fix modal speaker in some themes\r\njQuery(\"#mec_skin_2520 .mec-speaker-avatar a\").on('click', function(e)\r\n{\r\n    e.preventDefault();\r\n\r\n    var id = jQuery(this).attr('href');\r\n    lity(id);\r\n});\r\n<\/script>                                <\/div>\r\n                            <\/div>\r\n                        <\/div><!-- toggle item end -->\r\n                    <\/div><!-- toggles wrap end -->\r\n                            <\/article>\r\n            \t\t\r\n            \r\n                    <script type=\"application\/ld+json\">{\n    \"@context\": \"http:\\\/\\\/schema.org\",\n    \"@type\": \"Event\",\n    \"eventStatus\": \"https:\\\/\\\/schema.org\\\/EventScheduled\",\n    \"startDate\": \"2026-05-31\",\n    \"endDate\": \"2026-05-31\",\n    \"eventAttendanceMode\": \"https:\\\/\\\/schema.org\\\/OfflineEventAttendanceMode\",\n    \"location\": {\n        \"@type\": \"Place\",\n        \"name\": \"\",\n        \"image\": \"\",\n        \"address\": \"\"\n    },\n    \"organizer\": {\n        \"@type\": \"Person\",\n        \"name\": \"\",\n        \"url\": \"\"\n    },\n    \"offers\": {\n        \"url\": \"https:\\\/\\\/artesianon13th.ca\\\/event-calendar\\\/post\\\/jazz-at-the-artesian\",\n        \"price\": \"\",\n        \"priceCurrency\": \"CAD\",\n        \"availability\": \"https:\\\/\\\/schema.org\\\/InStock\",\n        \"validFrom\": \"2026-05-31T00:00\"\n    },\n    \"performer\": \"\",\n    \"description\": \"&lt;img class=&quot;alignnone  wp-image-702&quot; src=&quot;https:\\\/\\\/www.saxomaudefortier.com\\\/wp-content\\\/uploads\\\/2026\\\/03\\\/At-the-Artisean-819x1024.png&quot; alt=&quot;&quot; width=&quot;380&quot; height=&quot;475&quot; \\\/&gt;    Show Details:  &lt;strong&gt;Jazz at the Artesian - Maude Fortier Quartet with special guest Cyrus Felstrom&lt;\\\/strong&gt;  Date: Sunday, May 31st, 2026  Doors: 7:00PM  Show: 8:00PM  Tickets: $28.00 in advance online or in person at Paper Umbrella (2724 13th Avenue), or $35.00 at the door    &lt;strong&gt;*Advance tickets close at 5:00 PM day-of-show. Additional tickets will be available at the door unless it is officially labelled SOLD OUT*&lt;\\\/strong&gt;\",\n    \"image\": \"\",\n    \"name\": \"Maude Fortier Quartet + Cyrus Felstrom @ The Artesian (Regina , SK)\",\n    \"url\": \"https:\\\/\\\/artesianon13th.ca\\\/event-calendar\\\/post\\\/jazz-at-the-artesian\"\n}<\/script>\r\n                    <article class=\"mec-event-article mec-clear  mec-divider-toggle mec-toggle-202605-236\" itemscope>\r\n                                    <!-- toggles wrap start -->\r\n                    <div class=\"mec-events-toggle\">\r\n                        <!-- toggle item start -->\r\n                        <div class=\"mec-toggle-item\">\r\n                            <div class=\"mec-toggle-item-inner\" tabindex=\"0\" aria-controls=\"\" aria-expanded=\"false\">\r\n                                                                <div class=\"mec-toggle-item-col\">\r\n                                                                            <div class=\"mec-event-month\"><span class=\"mec-start-date-label\" itemprop=\"startDate\">May 31<\/span><\/div>\r\n                                                                        <div class=\"mec-time-details\"><span class=\"mec-start-time\">20 h 00<\/span> - <span class=\"mec-end-time\">22 h 00<\/span><\/div>                                <\/div>\r\n                                <h3 class=\"mec-toggle-title\">Maude Fortier Quartet + Cyrus Felstrom @ The Artesian (Regina, SK)<span class=\"event-color\" style=\"background: #\"><\/span><\/h3>\r\n                                                                <i class=\"mec-sl-arrow-down\"><\/i>\r\n                            <\/div>\r\n                            <div class=\"mec-content-toggle\" aria-hidden=\"true\" style=\"display: none;\">\r\n                                <div class=\"mec-toggle-content\">\r\n                                    <div class=\"mec-wrap colorskin-custom clearfix  mec-modal-wrap\" id=\"mec_skin_2309\" data-unique-id=\"2309\">\r\n    <article class=\"mec-single-event mec-single-modern mec-single-modal\">\r\n        <div class=\"mec-events-event-image\"><\/div>\r\n\r\n        <div class=\"col-md-4\">\r\n\r\n            <div class=\"mec-event-meta mec-color-before mec-frontbox mec-util-hidden\">\r\n                \r\n                <!-- Register Booking Button -->\r\n                                    <a class=\"mec-booking-button mec-bg-color\" target=\"_blank\" href=\"https:\/\/artesianon13th.ca\/event-calendar\/post\/jazz-at-the-artesian\">REGISTER<\/a>\r\n                            <\/div>\r\n\r\n            <!-- Weather Module -->\r\n            \r\n            <!-- QRCode Module -->\r\n            \r\n            <!-- Local Time Module -->\r\n            \r\n            <div class=\"mec-event-meta mec-color-before mec-frontbox\">\r\n\r\n                                \r\n                \r\n                \r\n                \r\n            <\/div>\r\n\r\n            <!-- Speaker List Module -->\r\n            \r\n            <!-- Attendees List Module -->\r\n            \r\n            <!-- Next Previous Module -->\r\n                    <\/div>\r\n\r\n        <div class=\"col-md-8\">\r\n\r\n            <div class=\"mec-event-content\">\r\n                <div class=\"mec-single-event-description mec-events-content\">\r\n                    <p><img decoding=\"async\" class=\"alignnone  wp-image-702\" src=\"https:\/\/www.saxomaudefortier.com\/wp-content\/uploads\/2026\/03\/At-the-Artisean-819x1024.png\" alt=\"\" width=\"380\" height=\"475\" srcset=\"https:\/\/www.saxomaudefortier.com\/wp-content\/uploads\/2026\/03\/At-the-Artisean-10x12.png 10w, https:\/\/www.saxomaudefortier.com\/wp-content\/uploads\/2026\/03\/At-the-Artisean-200x250.png 200w, https:\/\/www.saxomaudefortier.com\/wp-content\/uploads\/2026\/03\/At-the-Artisean-240x300.png 240w, https:\/\/www.saxomaudefortier.com\/wp-content\/uploads\/2026\/03\/At-the-Artisean-400x500.png 400w, https:\/\/www.saxomaudefortier.com\/wp-content\/uploads\/2026\/03\/At-the-Artisean-600x750.png 600w, https:\/\/www.saxomaudefortier.com\/wp-content\/uploads\/2026\/03\/At-the-Artisean-768x960.png 768w, https:\/\/www.saxomaudefortier.com\/wp-content\/uploads\/2026\/03\/At-the-Artisean-800x1000.png 800w, https:\/\/www.saxomaudefortier.com\/wp-content\/uploads\/2026\/03\/At-the-Artisean-819x1024.png 819w, https:\/\/www.saxomaudefortier.com\/wp-content\/uploads\/2026\/03\/At-the-Artisean.png 1080w\" sizes=\"(max-width: 380px) 100vw, 380px\" \/><\/p>\n<p>Show Details:<br \/>\n<strong>Jazz at the Artesian \u2013 Maude Fortier Quartet with special guest Cyrus Felstrom<\/strong><br \/>\nDate: Sunday, May 31, 2026<br \/>\nDoors: 7:00 PM<br \/>\nShow: 8:00 PM<br \/>\nTickets: $28.00 in advance online or in person at Paper Umbrella (2724 13th Avenue), or $35.00 at the door<\/p>\n<p><strong>Advance tickets close at 5:00 PM day-of-show. Additional tickets will be available at the door unless it is officially labelled SOLD OUT.<\/strong><\/p>\n                                    <\/div>\r\n            <\/div>\r\n\r\n            \r\n            <!-- Custom Data Fields -->\r\n            \r\n            <!-- Links Module -->\r\n            <div class=\"mec-event-social mec-frontbox\">\r\n     <h3 class=\"mec-social-single mec-frontbox-title\">Share this event<\/h3>\r\n     <div class=\"mec-event-sharing\">\r\n        <div class=\"mec-links-details\">\r\n            <ul>\r\n                <li class=\"mec-event-social-icon\"><a class=\"facebook\" href=\"https:\/\/www.facebook.com\/sharer\/sharer.php?u=https%3A%2F%2Fartesianon13th.ca%2Fevent-calendar%2Fpost%2Fjazz-at-the-artesian\" onclick=\"javascript:window.open(this.href, '', 'menubar=no,toolbar=no,resizable=yes,scrollbars=yes,height=500,width=600'); return false;\" title=\"Share on Facebook\"><i class=\"mec-fa-facebook\"><\/i><\/a><\/li><li class=\"mec-event-social-icon\"><a class=\"twitter\" href=\"https:\/\/twitter.com\/share?url=https%3A%2F%2Fartesianon13th.ca%2Fevent-calendar%2Fpost%2Fjazz-at-the-artesian\" onclick=\"javascript:window.open(this.href, '', 'menubar=no,toolbar=no,resizable=yes,scrollbars=yes,height=600,width=500'); return false;\" target=\"_blank\" title=\"Tweet\"><i class=\"mec-fa-twitter\"><\/i><\/a><\/li><li class=\"mec-event-social-icon\"><a class=\"linkedin\" href=\"https:\/\/www.linkedin.com\/shareArticle?mini=true&url=https%3A%2F%2Fartesianon13th.ca%2Fevent-calendar%2Fpost%2Fjazz-at-the-artesian\" onclick=\"javascript:window.open(this.href, '', 'menubar=no,toolbar=no,resizable=yes,scrollbars=yes,height=600,width=500'); return false;\" target=\"_blank\" title=\"Linkedin\"><i class=\"mec-fa-linkedin\"><\/i><\/a><\/li><li class=\"mec-event-social-icon\"><a class=\"email\" href=\"mailto:?subject=Maude Fortier Quartet + Cyrus Felstrom @ The Artesian (Regina , SK)&body=https%3A%2F%2Fartesianon13th.ca%2Fevent-calendar%2Fpost%2Fjazz-at-the-artesian\" title=\"Email\"><i class=\"mec-fa-envelope\"><\/i><\/a><\/li>            <\/ul>\r\n        <\/div>\r\n    <\/div>\r\n<\/div>\r\n            <!-- Google Maps Module -->\r\n            <div class=\"mec-events-meta-group mec-events-meta-group-gmap\">\r\n                            <\/div>\r\n\r\n            <!-- Export Module -->\r\n            <div class=\"mec-event-export-module mec-frontbox\">\r\n     <div class=\"mec-event-exporting\">\r\n        <div class=\"mec-export-details\">\r\n            <ul>\r\n                <li><a class=\"mec-events-gcal mec-events-button mec-color mec-bg-color-hover mec-border-color\" href=\"https:\/\/calendar.google.com\/calendar\/render?action=TEMPLATE&text=Maude+Fortier+Quartet+%2B+Cyrus+Felstrom+%40+The+Artesian+%28Regina+%2C+SK%29&dates=20260601T000000Z\/20260601T020000Z&details=%0D%0A%0D%0AShow+Details%3A%0D%0AJazz+at+the+Artesian+-+Maude+Fortier+Quartet+with+special+guest+Cyrus+Felstrom%0D%0ADate%3A+Sunday%2C+May+31st%2C+2026%0D%0ADoors%3A+7%3A00PM%0D%0AShow%3A+8%3A00PM%0D%0ATickets%3A+%2428.00+in+advance+online+or+in+person+at+Paper+Umbrella+%282724+13th+Avenue%29%2C+or+%2435.00+at+the+door%0D%0A%0D%0A%2AAdvance+tickets+close+at+5%3A00+PM+day-of-show.+Additional+tickets+will+be+available+at+the+door+unless+it+is+officially+labelled+SOLD+OUT%2A\" target=\"_blank\">+ Add to Google Calendar<\/a><\/li>                <li><a class=\"mec-events-gcal mec-events-button mec-color mec-bg-color-hover mec-border-color\" href=\"https:\/\/www.saxomaudefortier.com\/en\/?method=ical&id=701\">+ iCal \/ Outlook export<\/a><\/li>            <\/ul>\r\n        <\/div>\r\n    <\/div>\r\n<\/div>\r\n            <!-- Hourly Schedule -->\r\n            \r\n            \t\t\t<!-- Booking Module -->\r\n            \r\n            <!-- Tags -->\r\n            <div class=\"mec-events-meta-group mec-events-meta-group-tags\">\r\n                            <\/div>\r\n\r\n        <\/div>\r\n    <\/article>\r\n<\/div>\r\n<script>\r\n\/\/ Fix modal speaker in some themes\r\njQuery(\"#mec_skin_2309 .mec-speaker-avatar a\").on('click', function(e)\r\n{\r\n    e.preventDefault();\r\n\r\n    var id = jQuery(this).attr('href');\r\n    lity(id);\r\n});\r\n<\/script>                                <\/div>\r\n                            <\/div>\r\n                        <\/div><!-- toggle item end -->\r\n                    <\/div><!-- toggles wrap end -->\r\n                            <\/article>\r\n            \t\t\r\n                        <div class=\"mec-month-divider\" data-toggle-divider=\"mec-toggle-202606-236\"><span>June 2026<\/span><i class=\"mec-sl-arrow-down\"><\/i><\/div>\r\n            \r\n                    <script type=\"application\/ld+json\">{\n    \"@context\": \"http:\\\/\\\/schema.org\",\n    \"@type\": \"Event\",\n    \"eventStatus\": \"https:\\\/\\\/schema.org\\\/EventScheduled\",\n    \"startDate\": \"2026-06-02\",\n    \"endDate\": \"2026-06-02\",\n    \"eventAttendanceMode\": \"https:\\\/\\\/schema.org\\\/OfflineEventAttendanceMode\",\n    \"location\": {\n        \"@type\": \"Place\",\n        \"name\": \"\",\n        \"image\": \"\",\n        \"address\": \"\"\n    },\n    \"organizer\": {\n        \"@type\": \"Person\",\n        \"name\": \"\",\n        \"url\": \"\"\n    },\n    \"offers\": {\n        \"url\": \"https:\\\/\\\/www.saxomaudefortier.com\\\/en\\\/events\\\/maude-fortier-quartet-yardbird-suite-edmonton\\\/\",\n        \"price\": \"\",\n        \"priceCurrency\": \"CAD\",\n        \"availability\": \"https:\\\/\\\/schema.org\\\/InStock\",\n        \"validFrom\": \"2026-06-02T00:00\"\n    },\n    \"performer\": \"\",\n    \"description\": \"A conglomerate of like-minded individuals, the ensemble has begun making strides across its local scene; performing a mix of original music, as well as faithful renditions of compositions from jazz\\u2019s most notable figures.    Our live Tuesday Jam is hosted by a musician and a band while audience members join in on the fun by jamming along on stage.    Musicians who want to participate in the Jam can purchase a \\u201cJam Participant\\u201d ticket at a reduced cost.    All Jam Participants need to register at the door upon entry to the event.\",\n    \"image\": \"\",\n    \"name\": \"Maude Fortier Quartet @ Yardbird Suite (Edmonton)\",\n    \"url\": \"https:\\\/\\\/www.saxomaudefortier.com\\\/en\\\/events\\\/maude-fortier-quartet-yardbird-suite-edmonton\\\/\"\n}<\/script>\r\n                    <article class=\"mec-event-article mec-clear  mec-divider-toggle mec-toggle-202606-236\" itemscope>\r\n                                    <!-- toggles wrap start -->\r\n                    <div class=\"mec-events-toggle\">\r\n                        <!-- toggle item start -->\r\n                        <div class=\"mec-toggle-item\">\r\n                            <div class=\"mec-toggle-item-inner\" tabindex=\"0\" aria-controls=\"\" aria-expanded=\"false\">\r\n                                                                <div class=\"mec-toggle-item-col\">\r\n                                                                            <div class=\"mec-event-month\"><span class=\"mec-start-date-label\" itemprop=\"startDate\">02 June<\/span><\/div>\r\n                                                                        <div class=\"mec-time-details\"><span class=\"mec-start-time\">20 h 00<\/span> - <span class=\"mec-end-time\">22 h 30<\/span><\/div>                                <\/div>\r\n                                <h3 class=\"mec-toggle-title\">Maude Fortier Quartet @ Yardbird Suite (Edmonton)<span class=\"event-color\" style=\"background: #\"><\/span><\/h3>\r\n                                                                <i class=\"mec-sl-arrow-down\"><\/i>\r\n                            <\/div>\r\n                            <div class=\"mec-content-toggle\" aria-hidden=\"true\" style=\"display: none;\">\r\n                                <div class=\"mec-toggle-content\">\r\n                                    <div class=\"mec-wrap colorskin-custom clearfix  mec-modal-wrap\" id=\"mec_skin_8167\" data-unique-id=\"8167\">\r\n    <article class=\"mec-single-event mec-single-modern mec-single-modal\">\r\n        <div class=\"mec-events-event-image\"><\/div>\r\n\r\n        <div class=\"col-md-4\">\r\n\r\n            <div class=\"mec-event-meta mec-color-before mec-frontbox\">\r\n                \r\n                <!-- Register Booking Button -->\r\n                                    <a class=\"mec-booking-button mec-bg-color\" target=\"_self\" href=\"https:\/\/yardbirdsuite.com\/shows\/tuesday-jam-hosted-by-the-maude-fortier-quartet\/?datetime=763\">Read More<\/a>\r\n                            <\/div>\r\n\r\n            <!-- Weather Module -->\r\n            \r\n            <!-- QRCode Module -->\r\n            \r\n            <!-- Local Time Module -->\r\n            \r\n            <div class=\"mec-event-meta mec-color-before mec-frontbox\">\r\n\r\n                                \r\n                \r\n                \r\n                                        <div class=\"mec-event-more-info\">\r\n                            <i class=\"mec-sl-info\"><\/i>\r\n                            <h3 class=\"mec-cost\">More Info<\/h3>\r\n                            <dd class=\"mec-events-event-more-info\"><a class=\"mec-more-info-button mec-color-hover\" target=\"_self\" href=\"https:\/\/yardbirdsuite.com\/shows\/tuesday-jam-hosted-by-the-maude-fortier-quartet\/?datetime=763\">Read More<\/a><\/dd>\r\n                        <\/div>\r\n                        \r\n            <\/div>\r\n\r\n            <!-- Speaker List Module -->\r\n            \r\n            <!-- Attendees List Module -->\r\n            \r\n            <!-- Next Previous Module -->\r\n                    <\/div>\r\n\r\n        <div class=\"col-md-8\">\r\n\r\n            <div class=\"mec-event-content\">\r\n                <div class=\"mec-single-event-description mec-events-content\">\r\n                    <p>A conglomerate of like-minded individuals, the ensemble has begun making strides across its local scene; performing a mix of original music, as well as faithful renditions of compositions from jazz's most notable figures.<\/p>\n<p>Our live Tuesday Jam is hosted by a musician and a band while audience members join in on the fun by jamming along on stage.<\/p>\n<p>Musicians who want to participate in the Jam can purchase a \u201cJam Participant\u201d ticket at a reduced cost.<\/p>\n<p>All Jam Participants need to register at the door upon entry to the event.<\/p>\n                                    <\/div>\r\n            <\/div>\r\n\r\n            \r\n            <!-- Custom Data Fields -->\r\n            \r\n            <!-- Links Module -->\r\n            <div class=\"mec-event-social mec-frontbox\">\r\n     <h3 class=\"mec-social-single mec-frontbox-title\">Share this event<\/h3>\r\n     <div class=\"mec-event-sharing\">\r\n        <div class=\"mec-links-details\">\r\n            <ul>\r\n                <li class=\"mec-event-social-icon\"><a class=\"facebook\" href=\"https:\/\/www.facebook.com\/sharer\/sharer.php?u=https%3A%2F%2Fwww.saxomaudefortier.com%2Fen%2Fevents%2Fmaude-fortier-quartet-yardbird-suite-edmonton%2F\" onclick=\"javascript:window.open(this.href, '', 'menubar=no,toolbar=no,resizable=yes,scrollbars=yes,height=500,width=600'); return false;\" title=\"Share on Facebook\"><i class=\"mec-fa-facebook\"><\/i><\/a><\/li><li class=\"mec-event-social-icon\"><a class=\"twitter\" href=\"https:\/\/twitter.com\/share?url=https%3A%2F%2Fwww.saxomaudefortier.com%2Fen%2Fevents%2Fmaude-fortier-quartet-yardbird-suite-edmonton%2F\" onclick=\"javascript:window.open(this.href, '', 'menubar=no,toolbar=no,resizable=yes,scrollbars=yes,height=600,width=500'); return false;\" target=\"_blank\" title=\"Tweet\"><i class=\"mec-fa-twitter\"><\/i><\/a><\/li><li class=\"mec-event-social-icon\"><a class=\"linkedin\" href=\"https:\/\/www.linkedin.com\/shareArticle?mini=true&url=https%3A%2F%2Fwww.saxomaudefortier.com%2Fen%2Fevents%2Fmaude-fortier-quartet-yardbird-suite-edmonton%2F\" onclick=\"javascript:window.open(this.href, '', 'menubar=no,toolbar=no,resizable=yes,scrollbars=yes,height=600,width=500'); return false;\" target=\"_blank\" title=\"Linkedin\"><i class=\"mec-fa-linkedin\"><\/i><\/a><\/li><li class=\"mec-event-social-icon\"><a class=\"email\" href=\"mailto:?subject=Maude Fortier Quartet @ Yardbird Suite (Edmonton)&body=https%3A%2F%2Fwww.saxomaudefortier.com%2Fen%2Fevents%2Fmaude-fortier-quartet-yardbird-suite-edmonton%2F\" title=\"Email\"><i class=\"mec-fa-envelope\"><\/i><\/a><\/li>            <\/ul>\r\n        <\/div>\r\n    <\/div>\r\n<\/div>\r\n            <!-- Google Maps Module -->\r\n            <div class=\"mec-events-meta-group mec-events-meta-group-gmap\">\r\n                            <\/div>\r\n\r\n            <!-- Export Module -->\r\n            <div class=\"mec-event-export-module mec-frontbox\">\r\n     <div class=\"mec-event-exporting\">\r\n        <div class=\"mec-export-details\">\r\n            <ul>\r\n                <li><a class=\"mec-events-gcal mec-events-button mec-color mec-bg-color-hover mec-border-color\" href=\"https:\/\/calendar.google.com\/calendar\/render?action=TEMPLATE&text=Maude+Fortier+Quartet+%40+Yardbird+Suite+%28Edmonton%29&dates=20260603T000000Z\/20260603T023000Z&details=A+conglomerate+of+like-minded+individuals%2C+the+ensemble+has+begun+making+strides+across+its+local+scene%3B+performing+a+mix+of+original+music%2C+as+well+as+faithful+renditions+of+compositions+from+jazz%E2%80%99s+most+notable+figures.%0D%0A%0D%0AOur+live+Tuesday+Jam+is+hosted+by+a+musician+and+a+band+while+audience+members+join+in+on+the+fun+by+jamming+along+on+stage.%0D%0A%0D%0AMusicians+who+want+to+participate+in+the+Jam+can+purchase+a+%E2%80%9CJam+Participant%E2%80%9D+ticket+at+a+reduced+cost.%0D%0A%0D%0AAll+Jam+Participants+need+to+register+at+the+door+upon+entry+to+the+event.\" target=\"_blank\">+ Add to Google Calendar<\/a><\/li>                <li><a class=\"mec-events-gcal mec-events-button mec-color mec-bg-color-hover mec-border-color\" href=\"https:\/\/www.saxomaudefortier.com\/en\/?method=ical&id=639\">+ iCal \/ Outlook export<\/a><\/li>            <\/ul>\r\n        <\/div>\r\n    <\/div>\r\n<\/div>\r\n            <!-- Hourly Schedule -->\r\n            \r\n            \t\t\t<!-- Booking Module -->\r\n            \r\n            <!-- Tags -->\r\n            <div class=\"mec-events-meta-group mec-events-meta-group-tags\">\r\n                            <\/div>\r\n\r\n        <\/div>\r\n    <\/article>\r\n<\/div>\r\n<script>\r\n\/\/ Fix modal speaker in some themes\r\njQuery(\"#mec_skin_8167 .mec-speaker-avatar a\").on('click', function(e)\r\n{\r\n    e.preventDefault();\r\n\r\n    var id = jQuery(this).attr('href');\r\n    lity(id);\r\n});\r\n<\/script>                                <\/div>\r\n                            <\/div>\r\n                        <\/div><!-- toggle item end -->\r\n                    <\/div><!-- toggles wrap end -->\r\n                            <\/article>\r\n            \t\t\r\n            \r\n                    <script type=\"application\/ld+json\">{\n    \"@context\": \"http:\\\/\\\/schema.org\",\n    \"@type\": \"Event\",\n    \"eventStatus\": \"https:\\\/\\\/schema.org\\\/EventScheduled\",\n    \"startDate\": \"2026-06-10\",\n    \"endDate\": \"2026-06-10\",\n    \"eventAttendanceMode\": \"https:\\\/\\\/schema.org\\\/OfflineEventAttendanceMode\",\n    \"location\": {\n        \"@type\": \"Place\",\n        \"name\": \"\",\n        \"image\": \"\",\n        \"address\": \"\"\n    },\n    \"organizer\": {\n        \"@type\": \"Person\",\n        \"name\": \"\",\n        \"url\": \"\"\n    },\n    \"offers\": {\n        \"url\": \"https:\\\/\\\/www.saxomaudefortier.com\\\/en\\\/events\\\/maude-fortier-quarter-hermanns-jazz-club-victoria-bc\\\/\",\n        \"price\": \"\",\n        \"priceCurrency\": \"CAD\",\n        \"availability\": \"https:\\\/\\\/schema.org\\\/InStock\",\n        \"validFrom\": \"2026-06-10T00:00\"\n    },\n    \"performer\": \"\",\n    \"description\": \"Maude Fortier and her musicians will be performing the album of her new album Echoes of Change on June 10 at the great Hermann&#039;s jazz club in Victoria.    &nbsp;    7:00 PM - 9:00 PM &lt;span class=&quot;MinorText&quot;&gt;doors at&lt;\\\/span&gt; 5:30 PM\",\n    \"image\": \"\",\n    \"name\": \"Maude Fortier Quarter @ Hermann&rsquo;s Jazz Club (Victoria, BC)\",\n    \"url\": \"https:\\\/\\\/www.saxomaudefortier.com\\\/en\\\/events\\\/maude-fortier-quarter-hermanns-jazz-club-victoria-bc\\\/\"\n}<\/script>\r\n                    <article class=\"mec-event-article mec-clear  mec-divider-toggle mec-toggle-202606-236\" itemscope>\r\n                                    <!-- toggles wrap start -->\r\n                    <div class=\"mec-events-toggle\">\r\n                        <!-- toggle item start -->\r\n                        <div class=\"mec-toggle-item\">\r\n                            <div class=\"mec-toggle-item-inner\" tabindex=\"0\" aria-controls=\"\" aria-expanded=\"false\">\r\n                                                                <div class=\"mec-toggle-item-col\">\r\n                                                                            <div class=\"mec-event-month\"><span class=\"mec-start-date-label\" itemprop=\"startDate\">June 10<\/span><\/div>\r\n                                                                        <div class=\"mec-time-details\"><span class=\"mec-start-time\">19 h 00<\/span> - <span class=\"mec-end-time\">21 h 00<\/span><\/div>                                <\/div>\r\n                                <h3 class=\"mec-toggle-title\">Maude Fortier Quarter @ Hermann's Jazz Club (Victoria, BC)<span class=\"event-color\" style=\"background: #\"><\/span><\/h3>\r\n                                                                <i class=\"mec-sl-arrow-down\"><\/i>\r\n                            <\/div>\r\n                            <div class=\"mec-content-toggle\" aria-hidden=\"true\" style=\"display: none;\">\r\n                                <div class=\"mec-toggle-content\">\r\n                                    <div class=\"mec-wrap colorskin-custom clearfix  mec-modal-wrap\" id=\"mec_skin_3904\" data-unique-id=\"3904\">\r\n    <article class=\"mec-single-event mec-single-modern mec-single-modal\">\r\n        <div class=\"mec-events-event-image\"><\/div>\r\n\r\n        <div class=\"col-md-4\">\r\n\r\n            <div class=\"mec-event-meta mec-color-before mec-frontbox mec-util-hidden\">\r\n                \r\n                <!-- Register Booking Button -->\r\n                            <\/div>\r\n\r\n            <!-- Weather Module -->\r\n            \r\n            <!-- QRCode Module -->\r\n            \r\n            <!-- Local Time Module -->\r\n            \r\n            <div class=\"mec-event-meta mec-color-before mec-frontbox\">\r\n\r\n                                \r\n                \r\n                \r\n                \r\n            <\/div>\r\n\r\n            <!-- Speaker List Module -->\r\n            \r\n            <!-- Attendees List Module -->\r\n            \r\n            <!-- Next Previous Module -->\r\n                    <\/div>\r\n\r\n        <div class=\"col-md-8\">\r\n\r\n            <div class=\"mec-event-content\">\r\n                <div class=\"mec-single-event-description mec-events-content\">\r\n                    <p>Maude Fortier and her musicians will be performing the album of her new album Echoes of Change on June 10 at the great Hermann's jazz club in Victoria.<\/p>\n<p>&nbsp;<\/p>\n<p>7:00 PM - 9:00 PM\u00a0<span class=\"MinorText\">doors at<\/span>\u00a05:30 PM<\/p>\n                                    <\/div>\r\n            <\/div>\r\n\r\n            \r\n            <!-- Custom Data Fields -->\r\n            \r\n            <!-- Links Module -->\r\n            <div class=\"mec-event-social mec-frontbox\">\r\n     <h3 class=\"mec-social-single mec-frontbox-title\">Share this event<\/h3>\r\n     <div class=\"mec-event-sharing\">\r\n        <div class=\"mec-links-details\">\r\n            <ul>\r\n                <li class=\"mec-event-social-icon\"><a class=\"facebook\" href=\"https:\/\/www.facebook.com\/sharer\/sharer.php?u=https%3A%2F%2Fwww.saxomaudefortier.com%2Fen%2Fevents%2Fmaude-fortier-quarter-hermanns-jazz-club-victoria-bc%2F\" onclick=\"javascript:window.open(this.href, '', 'menubar=no,toolbar=no,resizable=yes,scrollbars=yes,height=500,width=600'); return false;\" title=\"Share on Facebook\"><i class=\"mec-fa-facebook\"><\/i><\/a><\/li><li class=\"mec-event-social-icon\"><a class=\"twitter\" href=\"https:\/\/twitter.com\/share?url=https%3A%2F%2Fwww.saxomaudefortier.com%2Fen%2Fevents%2Fmaude-fortier-quarter-hermanns-jazz-club-victoria-bc%2F\" onclick=\"javascript:window.open(this.href, '', 'menubar=no,toolbar=no,resizable=yes,scrollbars=yes,height=600,width=500'); return false;\" target=\"_blank\" title=\"Tweet\"><i class=\"mec-fa-twitter\"><\/i><\/a><\/li><li class=\"mec-event-social-icon\"><a class=\"linkedin\" href=\"https:\/\/www.linkedin.com\/shareArticle?mini=true&url=https%3A%2F%2Fwww.saxomaudefortier.com%2Fen%2Fevents%2Fmaude-fortier-quarter-hermanns-jazz-club-victoria-bc%2F\" onclick=\"javascript:window.open(this.href, '', 'menubar=no,toolbar=no,resizable=yes,scrollbars=yes,height=600,width=500'); return false;\" target=\"_blank\" title=\"Linkedin\"><i class=\"mec-fa-linkedin\"><\/i><\/a><\/li><li class=\"mec-event-social-icon\"><a class=\"email\" href=\"mailto:?subject=Maude Fortier Quarter @ Hermann%26rsquo;s Jazz Club (Victoria, BC)&body=https%3A%2F%2Fwww.saxomaudefortier.com%2Fen%2Fevents%2Fmaude-fortier-quarter-hermanns-jazz-club-victoria-bc%2F\" title=\"Email\"><i class=\"mec-fa-envelope\"><\/i><\/a><\/li>            <\/ul>\r\n        <\/div>\r\n    <\/div>\r\n<\/div>\r\n            <!-- Google Maps Module -->\r\n            <div class=\"mec-events-meta-group mec-events-meta-group-gmap\">\r\n                            <\/div>\r\n\r\n            <!-- Export Module -->\r\n            <div class=\"mec-event-export-module mec-frontbox\">\r\n     <div class=\"mec-event-exporting\">\r\n        <div class=\"mec-export-details\">\r\n            <ul>\r\n                <li><a class=\"mec-events-gcal mec-events-button mec-color mec-bg-color-hover mec-border-color\" href=\"https:\/\/calendar.google.com\/calendar\/render?action=TEMPLATE&text=Maude+Fortier+Quarter+%40+Hermann%2526rsquo%3Bs+Jazz+Club+%28Victoria%2C+BC%29&dates=20260610T230000Z\/20260611T010000Z&details=Maude+Fortier+and+her+musicians+will+be+performing+the+album+of+her+new+album+Echoes+of+Change+on+June+10+at+the+great+Hermann%27s+jazz+club+in+Victoria.%0D%0A%0D%0A%26nbsp%3B%0D%0A%0D%0A7%3A00+PM+-+9%3A00+PM%C2%A0doors+at%C2%A05%3A30+PM\" target=\"_blank\">+ Add to Google Calendar<\/a><\/li>                <li><a class=\"mec-events-gcal mec-events-button mec-color mec-bg-color-hover mec-border-color\" href=\"https:\/\/www.saxomaudefortier.com\/en\/?method=ical&id=709\">+ iCal \/ Outlook export<\/a><\/li>            <\/ul>\r\n        <\/div>\r\n    <\/div>\r\n<\/div>\r\n            <!-- Hourly Schedule -->\r\n            \r\n            \t\t\t<!-- Booking Module -->\r\n            \r\n            <!-- Tags -->\r\n            <div class=\"mec-events-meta-group mec-events-meta-group-tags\">\r\n                            <\/div>\r\n\r\n        <\/div>\r\n    <\/article>\r\n<\/div>\r\n<script>\r\n\/\/ Fix modal speaker in some themes\r\njQuery(\"#mec_skin_3904 .mec-speaker-avatar a\").on('click', function(e)\r\n{\r\n    e.preventDefault();\r\n\r\n    var id = jQuery(this).attr('href');\r\n    lity(id);\r\n});\r\n<\/script>                                <\/div>\r\n                            <\/div>\r\n                        <\/div><!-- toggle item end -->\r\n                    <\/div><!-- toggles wrap end -->\r\n                            <\/article>\r\n            \t\t\r\n            \r\n                    <script type=\"application\/ld+json\">{\n    \"@context\": \"http:\\\/\\\/schema.org\",\n    \"@type\": \"Event\",\n    \"eventStatus\": \"https:\\\/\\\/schema.org\\\/EventScheduled\",\n    \"startDate\": \"2026-06-12\",\n    \"endDate\": \"2026-06-12\",\n    \"eventAttendanceMode\": \"https:\\\/\\\/schema.org\\\/OfflineEventAttendanceMode\",\n    \"location\": {\n        \"@type\": \"Place\",\n        \"name\": \"\",\n        \"image\": \"\",\n        \"address\": \"\"\n    },\n    \"organizer\": {\n        \"@type\": \"Person\",\n        \"name\": \"\",\n        \"url\": \"\"\n    },\n    \"offers\": {\n        \"url\": \"https:\\\/\\\/www.tyrantstudios.com\\\/\",\n        \"price\": \"\",\n        \"priceCurrency\": \"CAD\",\n        \"availability\": \"https:\\\/\\\/schema.org\\\/InStock\",\n        \"validFrom\": \"2026-06-12T00:00\"\n    },\n    \"performer\": \"\",\n    \"description\": \"Maude Fortier and her quartet will end their West Canadian Tour at the famous Tyrant Studio on June 12 at 8 PM. An evening of music not to be missed!    &nbsp;    Band :    Julian Ferrer \\u2013 Drums    Juno Hamilton \\u2013 Bass    August McKinney \\u2013 Piano    Maude Fortier \\u2013 Saxophone\",\n    \"image\": \"\",\n    \"name\": \"Maude Fortier Quartet @ Tyrant Studio (Vancouver , BC)\",\n    \"url\": \"https:\\\/\\\/www.tyrantstudios.com\\\/\"\n}<\/script>\r\n                    <article class=\"mec-event-article mec-clear  mec-divider-toggle mec-toggle-202606-236\" itemscope>\r\n                                    <!-- toggles wrap start -->\r\n                    <div class=\"mec-events-toggle\">\r\n                        <!-- toggle item start -->\r\n                        <div class=\"mec-toggle-item\">\r\n                            <div class=\"mec-toggle-item-inner\" tabindex=\"0\" aria-controls=\"\" aria-expanded=\"false\">\r\n                                                                <div class=\"mec-toggle-item-col\">\r\n                                                                            <div class=\"mec-event-month\"><span class=\"mec-start-date-label\" itemprop=\"startDate\">June 12<\/span><\/div>\r\n                                                                        <div class=\"mec-time-details\"><span class=\"mec-start-time\">20 h 00<\/span> - <span class=\"mec-end-time\">22 h 00<\/span><\/div>                                <\/div>\r\n                                <h3 class=\"mec-toggle-title\">Maude Fortier Quartet at Tyrant Studio (Vancouver, BC)<span class=\"event-color\" style=\"background: #\"><\/span><\/h3>\r\n                                                                <i class=\"mec-sl-arrow-down\"><\/i>\r\n                            <\/div>\r\n                            <div class=\"mec-content-toggle\" aria-hidden=\"true\" style=\"display: none;\">\r\n                                <div class=\"mec-toggle-content\">\r\n                                    <div class=\"mec-wrap colorskin-custom clearfix  mec-modal-wrap\" id=\"mec_skin_7914\" data-unique-id=\"7914\">\r\n    <article class=\"mec-single-event mec-single-modern mec-single-modal\">\r\n        <div class=\"mec-events-event-image\"><\/div>\r\n\r\n        <div class=\"col-md-4\">\r\n\r\n            <div class=\"mec-event-meta mec-color-before mec-frontbox mec-util-hidden\">\r\n                \r\n                <!-- Register Booking Button -->\r\n                                    <a class=\"mec-booking-button mec-bg-color\" target=\"_blank\" href=\"https:\/\/www.tyrantstudios.com\/\">REGISTER<\/a>\r\n                            <\/div>\r\n\r\n            <!-- Weather Module -->\r\n            \r\n            <!-- QRCode Module -->\r\n            \r\n            <!-- Local Time Module -->\r\n            \r\n            <div class=\"mec-event-meta mec-color-before mec-frontbox\">\r\n\r\n                                \r\n                \r\n                \r\n                \r\n            <\/div>\r\n\r\n            <!-- Speaker List Module -->\r\n            \r\n            <!-- Attendees List Module -->\r\n            \r\n            <!-- Next Previous Module -->\r\n                    <\/div>\r\n\r\n        <div class=\"col-md-8\">\r\n\r\n            <div class=\"mec-event-content\">\r\n                <div class=\"mec-single-event-description mec-events-content\">\r\n                    <p>Maude Fortier and her quartet will conclude their West Canadian Tour at the legendary Tyrant Studio on June 12th at 8 PM. A not-to-be-missed musical evening!<\/p>\n<p>&nbsp;<\/p>\n<p>Band :<\/p>\n<p>Julian Ferrer - Drums<\/p>\n<p>Juno Hamilton \u2013 Bass<\/p>\n<p>August McKinney \u2013 Piano<\/p>\n<p>Maude Fortier \u2013 Saxophone<\/p>\n                                    <\/div>\r\n            <\/div>\r\n\r\n            \r\n            <!-- Custom Data Fields -->\r\n            \r\n            <!-- Links Module -->\r\n            <div class=\"mec-event-social mec-frontbox\">\r\n     <h3 class=\"mec-social-single mec-frontbox-title\">Share this event<\/h3>\r\n     <div class=\"mec-event-sharing\">\r\n        <div class=\"mec-links-details\">\r\n            <ul>\r\n                <li class=\"mec-event-social-icon\"><a class=\"facebook\" href=\"https:\/\/www.facebook.com\/sharer\/sharer.php?u=https%3A%2F%2Fwww.tyrantstudios.com%2F\" onclick=\"javascript:window.open(this.href, '', 'menubar=no,toolbar=no,resizable=yes,scrollbars=yes,height=500,width=600'); return false;\" title=\"Share on Facebook\"><i class=\"mec-fa-facebook\"><\/i><\/a><\/li><li class=\"mec-event-social-icon\"><a class=\"twitter\" href=\"https:\/\/twitter.com\/share?url=https%3A%2F%2Fwww.tyrantstudios.com%2F\" onclick=\"javascript:window.open(this.href, '', 'menubar=no,toolbar=no,resizable=yes,scrollbars=yes,height=600,width=500'); return false;\" target=\"_blank\" title=\"Tweet\"><i class=\"mec-fa-twitter\"><\/i><\/a><\/li><li class=\"mec-event-social-icon\"><a class=\"linkedin\" href=\"https:\/\/www.linkedin.com\/shareArticle?mini=true&url=https%3A%2F%2Fwww.tyrantstudios.com%2F\" onclick=\"javascript:window.open(this.href, '', 'menubar=no,toolbar=no,resizable=yes,scrollbars=yes,height=600,width=500'); return false;\" target=\"_blank\" title=\"Linkedin\"><i class=\"mec-fa-linkedin\"><\/i><\/a><\/li><li class=\"mec-event-social-icon\"><a class=\"email\" href=\"mailto:?subject=Maude Fortier Quartet @ Tyrant Studio (Vancouver , BC)&body=https%3A%2F%2Fwww.tyrantstudios.com%2F\" title=\"Email\"><i class=\"mec-fa-envelope\"><\/i><\/a><\/li>            <\/ul>\r\n        <\/div>\r\n    <\/div>\r\n<\/div>\r\n            <!-- Google Maps Module -->\r\n            <div class=\"mec-events-meta-group mec-events-meta-group-gmap\">\r\n                            <\/div>\r\n\r\n            <!-- Export Module -->\r\n            <div class=\"mec-event-export-module mec-frontbox\">\r\n     <div class=\"mec-event-exporting\">\r\n        <div class=\"mec-export-details\">\r\n            <ul>\r\n                <li><a class=\"mec-events-gcal mec-events-button mec-color mec-bg-color-hover mec-border-color\" href=\"https:\/\/calendar.google.com\/calendar\/render?action=TEMPLATE&text=Maude+Fortier+Quartet+%40+Tyrant+Studio+%28Vancouver+%2C+BC%29&dates=20260613T000000Z\/20260613T020000Z&details=Maude+Fortier+and+her+quartet+will+end+their+West+Canadian+Tour+at+the+famous+Tyrant+Studio+on+June+12+at+8+PM.+An+evening+of+music+not+to+be+missed%21%0D%0A%0D%0A%26nbsp%3B%0D%0A%0D%0ABand+%3A%0D%0A%0D%0AJulian+Ferrer+%E2%80%93+Drums%0D%0A%0D%0AJuno+Hamilton+%E2%80%93+Bass%0D%0A%0D%0AAugust+McKinney+%E2%80%93+Piano%0D%0A%0D%0AMaude+Fortier+%E2%80%93+Saxophone\" target=\"_blank\">+ Add to Google Calendar<\/a><\/li>                <li><a class=\"mec-events-gcal mec-events-button mec-color mec-bg-color-hover mec-border-color\" href=\"https:\/\/www.saxomaudefortier.com\/en\/?method=ical&id=708\">+ iCal \/ Outlook export<\/a><\/li>            <\/ul>\r\n        <\/div>\r\n    <\/div>\r\n<\/div>\r\n            <!-- Hourly Schedule -->\r\n            \r\n            \t\t\t<!-- Booking Module -->\r\n            \r\n            <!-- Tags -->\r\n            <div class=\"mec-events-meta-group mec-events-meta-group-tags\">\r\n                            <\/div>\r\n\r\n        <\/div>\r\n    <\/article>\r\n<\/div>\r\n<script>\r\n\/\/ Fix modal speaker in some themes\r\njQuery(\"#mec_skin_7914 .mec-speaker-avatar a\").on('click', function(e)\r\n{\r\n    e.preventDefault();\r\n\r\n    var id = jQuery(this).attr('href');\r\n    lity(id);\r\n});\r\n<\/script>                                <\/div>\r\n                            <\/div>\r\n                        <\/div><!-- toggle item end -->\r\n                    <\/div><!-- toggles wrap end -->\r\n                            <\/article>\r\n            \t\t\r\n                        <div class=\"mec-month-divider\" data-toggle-divider=\"mec-toggle-202607-236\"><span>July 2026<\/span><i class=\"mec-sl-arrow-down\"><\/i><\/div>\r\n            \r\n                    <script type=\"application\/ld+json\">{\n    \"@context\": \"http:\\\/\\\/schema.org\",\n    \"@type\": \"Event\",\n    \"eventStatus\": \"https:\\\/\\\/schema.org\\\/EventScheduled\",\n    \"startDate\": \"2026-07-30\",\n    \"endDate\": \"2026-07-30\",\n    \"eventAttendanceMode\": \"https:\\\/\\\/schema.org\\\/OfflineEventAttendanceMode\",\n    \"location\": {\n        \"@type\": \"Place\",\n        \"name\": \"\",\n        \"image\": \"\",\n        \"address\": \"\"\n    },\n    \"organizer\": {\n        \"@type\": \"Person\",\n        \"name\": \"\",\n        \"url\": \"\"\n    },\n    \"offers\": {\n        \"url\": \"https:\\\/\\\/www.saxomaudefortier.com\\\/en\\\/events\\\/maude-fortier-quartet-au-festival-de-jazz-mont-tremblant\\\/\",\n        \"price\": \"\",\n        \"priceCurrency\": \"CAD\",\n        \"availability\": \"https:\\\/\\\/schema.org\\\/InStock\",\n        \"validFrom\": \"2026-07-30T00:00\"\n    },\n    \"performer\": \"\",\n    \"description\": \"D\\u00e9tails \\u00e0 venir ...\",\n    \"image\": \"\",\n    \"name\": \"Maude Fortier Quartet au Festival de jazz Mont-Tremblant\",\n    \"url\": \"https:\\\/\\\/www.saxomaudefortier.com\\\/en\\\/events\\\/maude-fortier-quartet-au-festival-de-jazz-mont-tremblant\\\/\"\n}<\/script>\r\n                    <article class=\"mec-event-article mec-clear  mec-divider-toggle mec-toggle-202607-236\" itemscope>\r\n                                    <!-- toggles wrap start -->\r\n                    <div class=\"mec-events-toggle\">\r\n                        <!-- toggle item start -->\r\n                        <div class=\"mec-toggle-item\">\r\n                            <div class=\"mec-toggle-item-inner\" tabindex=\"0\" aria-controls=\"\" aria-expanded=\"false\">\r\n                                                                <div class=\"mec-toggle-item-col\">\r\n                                                                            <div class=\"mec-event-month\"><span class=\"mec-start-date-label\" itemprop=\"startDate\">30 July<\/span><\/div>\r\n                                                                        <div class=\"mec-time-details\"><span class=\"mec-start-time\">13 h 00<\/span><\/div>                                <\/div>\r\n                                <h3 class=\"mec-toggle-title\">Maude Fortier Quartet at the Mont-Tremblant Jazz Festival<span class=\"event-color\" style=\"background: #\"><\/span><\/h3>\r\n                                                                <i class=\"mec-sl-arrow-down\"><\/i>\r\n                            <\/div>\r\n                            <div class=\"mec-content-toggle\" aria-hidden=\"true\" style=\"display: none;\">\r\n                                <div class=\"mec-toggle-content\">\r\n                                    <div class=\"mec-wrap colorskin-custom clearfix  mec-modal-wrap\" id=\"mec_skin_6617\" data-unique-id=\"6617\">\r\n    <article class=\"mec-single-event mec-single-modern mec-single-modal\">\r\n        <div class=\"mec-events-event-image\"><\/div>\r\n\r\n        <div class=\"col-md-4\">\r\n\r\n            <div class=\"mec-event-meta mec-color-before mec-frontbox mec-util-hidden\">\r\n                \r\n                <!-- Register Booking Button -->\r\n                            <\/div>\r\n\r\n            <!-- Weather Module -->\r\n            \r\n            <!-- QRCode Module -->\r\n            \r\n            <!-- Local Time Module -->\r\n            \r\n            <div class=\"mec-event-meta mec-color-before mec-frontbox\">\r\n\r\n                                \r\n                \r\n                \r\n                \r\n            <\/div>\r\n\r\n            <!-- Speaker List Module -->\r\n            \r\n            <!-- Attendees List Module -->\r\n            \r\n            <!-- Next Previous Module -->\r\n                    <\/div>\r\n\r\n        <div class=\"col-md-8\">\r\n\r\n            <div class=\"mec-event-content\">\r\n                <div class=\"mec-single-event-description mec-events-content\">\r\n                    <p>Details to come ...<\/p>\n                                    <\/div>\r\n            <\/div>\r\n\r\n            \r\n            <!-- Custom Data Fields -->\r\n            \r\n            <!-- Links Module -->\r\n            <div class=\"mec-event-social mec-frontbox\">\r\n     <h3 class=\"mec-social-single mec-frontbox-title\">Share this event<\/h3>\r\n     <div class=\"mec-event-sharing\">\r\n        <div class=\"mec-links-details\">\r\n            <ul>\r\n                <li class=\"mec-event-social-icon\"><a class=\"facebook\" href=\"https:\/\/www.facebook.com\/sharer\/sharer.php?u=https%3A%2F%2Fwww.saxomaudefortier.com%2Fen%2Fevents%2Fmaude-fortier-quartet-au-festival-de-jazz-mont-tremblant%2F\" onclick=\"javascript:window.open(this.href, '', 'menubar=no,toolbar=no,resizable=yes,scrollbars=yes,height=500,width=600'); return false;\" title=\"Share on Facebook\"><i class=\"mec-fa-facebook\"><\/i><\/a><\/li><li class=\"mec-event-social-icon\"><a class=\"twitter\" href=\"https:\/\/twitter.com\/share?url=https%3A%2F%2Fwww.saxomaudefortier.com%2Fen%2Fevents%2Fmaude-fortier-quartet-au-festival-de-jazz-mont-tremblant%2F\" onclick=\"javascript:window.open(this.href, '', 'menubar=no,toolbar=no,resizable=yes,scrollbars=yes,height=600,width=500'); return false;\" target=\"_blank\" title=\"Tweet\"><i class=\"mec-fa-twitter\"><\/i><\/a><\/li><li class=\"mec-event-social-icon\"><a class=\"linkedin\" href=\"https:\/\/www.linkedin.com\/shareArticle?mini=true&url=https%3A%2F%2Fwww.saxomaudefortier.com%2Fen%2Fevents%2Fmaude-fortier-quartet-au-festival-de-jazz-mont-tremblant%2F\" onclick=\"javascript:window.open(this.href, '', 'menubar=no,toolbar=no,resizable=yes,scrollbars=yes,height=600,width=500'); return false;\" target=\"_blank\" title=\"Linkedin\"><i class=\"mec-fa-linkedin\"><\/i><\/a><\/li><li class=\"mec-event-social-icon\"><a class=\"email\" href=\"mailto:?subject=Maude Fortier Quartet au Festival de jazz Mont-Tremblant&body=https%3A%2F%2Fwww.saxomaudefortier.com%2Fen%2Fevents%2Fmaude-fortier-quartet-au-festival-de-jazz-mont-tremblant%2F\" title=\"Email\"><i class=\"mec-fa-envelope\"><\/i><\/a><\/li>            <\/ul>\r\n        <\/div>\r\n    <\/div>\r\n<\/div>\r\n            <!-- Google Maps Module -->\r\n            <div class=\"mec-events-meta-group mec-events-meta-group-gmap\">\r\n                            <\/div>\r\n\r\n            <!-- Export Module -->\r\n            <div class=\"mec-event-export-module mec-frontbox\">\r\n     <div class=\"mec-event-exporting\">\r\n        <div class=\"mec-export-details\">\r\n            <ul>\r\n                <li><a class=\"mec-events-gcal mec-events-button mec-color mec-bg-color-hover mec-border-color\" href=\"https:\/\/calendar.google.com\/calendar\/render?action=TEMPLATE&text=Maude+Fortier+Quartet+au+Festival+de+jazz+Mont-Tremblant&dates=20260730T170000Z\/20260730T180000Z&details=D%C3%A9tails+%C3%A0+venir+...\" target=\"_blank\">+ Add to Google Calendar<\/a><\/li>                <li><a class=\"mec-events-gcal mec-events-button mec-color mec-bg-color-hover mec-border-color\" href=\"https:\/\/www.saxomaudefortier.com\/en\/?method=ical&id=677\">+ iCal \/ Outlook export<\/a><\/li>            <\/ul>\r\n        <\/div>\r\n    <\/div>\r\n<\/div>\r\n            <!-- Hourly Schedule -->\r\n            \r\n            \t\t\t<!-- Booking Module -->\r\n            \r\n            <!-- Tags -->\r\n            <div class=\"mec-events-meta-group mec-events-meta-group-tags\">\r\n                            <\/div>\r\n\r\n        <\/div>\r\n    <\/article>\r\n<\/div>\r\n<script>\r\n\/\/ Fix modal speaker in some themes\r\njQuery(\"#mec_skin_6617 .mec-speaker-avatar a\").on('click', function(e)\r\n{\r\n    e.preventDefault();\r\n\r\n    var id = jQuery(this).attr('href');\r\n    lity(id);\r\n});\r\n<\/script>                                <\/div>\r\n                            <\/div>\r\n                        <\/div><!-- toggle item end -->\r\n                    <\/div><!-- toggles wrap end -->\r\n                            <\/article>\r\n            \t\t\t<\/div>\r\n<\/div>\r\n\r\n    <\/div>\r\n    <div class=\"mec-skin-list-no-events-container mec-util-hidden\" id=\"mec_skin_no_events_236\">\r\n        No event found!    <\/div>\r\n        \r\n        <div class=\"mec-load-more-wrap\"><div class=\"mec-load-more-button mec-util-hidden\">Load More<\/div><\/div>\r\n        \r\n<\/div>\n<\/div><div class=\"fusion-separator fusion-full-width-sep\" style=\"align-self: center;margin-left: auto;margin-right: auto;margin-top:0px;margin-bottom:20px;width:100%;\"><div class=\"fusion-separator-border sep-single sep-solid\" style=\"--awb-height:20px;--awb-amount:20px;border-color:#e2e2e2;border-top-width:1px;\"><\/div><\/div><\/div><\/div><\/div><\/div><div class=\"fusion-fullwidth fullwidth-box fusion-builder-row-5 fusion-flex-container fusion-parallax-none nonhundred-percent-fullwidth non-hundred-percent-height-scrolling\" style=\"--link_color: #000000;--awb-border-radius-top-left:0px;--awb-border-radius-top-right:0px;--awb-border-radius-bottom-right:0px;--awb-border-radius-bottom-left:0px;--awb-margin-top:60px;--awb-min-height:850px;--awb-background-image:url(&quot;https:\/\/www.saxomaudefortier.com\/wp-content\/uploads\/2021\/10\/musique-saxophoniste.jpg&quot;);--awb-background-size:cover;--awb-flex-wrap:wrap;\" ><div class=\"fusion-builder-row fusion-row fusion-flex-align-items-flex-start fusion-flex-align-content-center fusion-flex-content-wrap\" style=\"max-width:1248px;margin-left: calc(-4% \/ 2 );margin-right: calc(-4% \/ 2 );\"><div class=\"fusion-layout-column fusion_builder_column fusion-builder-column-6 fusion_builder_column_2_5 2_5 fusion-flex-column fusion-animated\" style=\"--awb-padding-top:40px;--awb-padding-right:60px;--awb-padding-bottom:40px;--awb-padding-left:60px;--awb-bg-color:rgba(255,255,255,0.87);--awb-bg-color-hover:rgba(255,255,255,0.87);--awb-bg-size:cover;--awb-width-large:40%;--awb-margin-top-large:40px;--awb-spacing-right-large:4.8%;--awb-margin-bottom-large:40px;--awb-spacing-left-large:4.8%;--awb-width-medium:40%;--awb-order-medium:0;--awb-spacing-right-medium:4.8%;--awb-spacing-left-medium:4.8%;--awb-width-small:100%;--awb-order-small:0;--awb-spacing-right-small:1.92%;--awb-spacing-left-small:1.92%;\" data-animationtype=\"slideInLeft\" data-animationduration=\"1.5\" data-animationoffset=\"top-into-view\"><div class=\"fusion-column-wrapper fusion-column-has-shadow fusion-flex-justify-content-center fusion-content-layout-column\"><div class=\"fusion-text fusion-text-5\" style=\"--awb-text-transform:none;\"><h2>Echoes of Change album<\/h2>\n<h3>Memories Of BSP<\/h3>\n<audio class=\"wp-audio-shortcode\" id=\"audio-677-1\" preload=\"none\" style=\"width: 100%;\" controls=\"controls\"><source type=\"audio\/mpeg\" src=\"https:\/\/www.saxomaudefortier.com\/wp-content\/uploads\/2026\/02\/Memories-of-BSP-2026.mp3?_=1\" \/><a href=\"https:\/\/www.saxomaudefortier.com\/wp-content\/uploads\/2026\/02\/Memories-of-BSP-2026.mp3\">https:\/\/www.saxomaudefortier.com\/wp-content\/uploads\/2026\/02\/Memories-of-BSP-2026.mp3<\/a><\/audio>\n<h3>Lamp post<\/h3>\n<audio class=\"wp-audio-shortcode\" id=\"audio-677-2\" preload=\"none\" style=\"width: 100%;\" controls=\"controls\"><source type=\"audio\/mpeg\" src=\"https:\/\/www.saxomaudefortier.com\/wp-content\/uploads\/2026\/02\/Reverbere.mp3?_=2\" \/><a href=\"https:\/\/www.saxomaudefortier.com\/wp-content\/uploads\/2026\/02\/Reverbere.mp3\">https:\/\/www.saxomaudefortier.com\/wp-content\/uploads\/2026\/02\/Reverbere.mp3<\/a><\/audio>\n<h3>Uncertain Times<\/h3>\n<audio class=\"wp-audio-shortcode\" id=\"audio-677-3\" preload=\"none\" style=\"width: 100%;\" controls=\"controls\"><source type=\"audio\/mpeg\" src=\"https:\/\/www.saxomaudefortier.com\/wp-content\/uploads\/2026\/02\/Uncertain-Times.mp3?_=3\" \/><a href=\"https:\/\/www.saxomaudefortier.com\/wp-content\/uploads\/2026\/02\/Uncertain-Times.mp3\">https:\/\/www.saxomaudefortier.com\/wp-content\/uploads\/2026\/02\/Uncertain-Times.mp3<\/a><\/audio>\n<\/div><div ><a class=\"fusion-button button-flat fusion-button-default-size button-default fusion-button-default button-1 fusion-button-default-span fusion-button-default-type fusion-animated\" style=\"--button_margin-top:40px;\" data-animationtype=\"fadeInLeft\" data-animationduration=\"2.0\" data-animationoffset=\"top-into-view\" target=\"_self\" href=\"https:\/\/www.saxomaudefortier.com\/en\/store\/\"><span class=\"fusion-button-text awb-button__text awb-button__text--default\">SEE THE STORE<\/span><\/a><\/div><\/div><\/div><\/div><\/div><div class=\"fusion-fullwidth fullwidth-box fusion-builder-row-6 fusion-flex-container nonhundred-percent-fullwidth non-hundred-percent-height-scrolling\" style=\"--awb-border-radius-top-left:0px;--awb-border-radius-top-right:0px;--awb-border-radius-bottom-right:0px;--awb-border-radius-bottom-left:0px;--awb-padding-top:40px;--awb-padding-bottom:40px;--awb-flex-wrap:wrap;\" ><div class=\"fusion-builder-row fusion-row fusion-flex-align-items-flex-start fusion-flex-content-wrap\" style=\"max-width:1248px;margin-left: calc(-4% \/ 2 );margin-right: calc(-4% \/ 2 );\"><div class=\"fusion-layout-column fusion_builder_column fusion-builder-column-7 fusion_builder_column_1_1 1_1 fusion-flex-column\" style=\"--awb-bg-size:cover;--awb-width-large:100%;--awb-margin-top-large:0px;--awb-spacing-right-large:1.92%;--awb-margin-bottom-large:20px;--awb-spacing-left-large:1.92%;--awb-width-medium:100%;--awb-order-medium:0;--awb-spacing-right-medium:1.92%;--awb-spacing-left-medium:1.92%;--awb-width-small:100%;--awb-order-small:0;--awb-spacing-right-small:1.92%;--awb-spacing-left-small:1.92%;\"><div class=\"fusion-column-wrapper fusion-column-has-shadow fusion-flex-justify-content-flex-start fusion-content-layout-column\"><div class=\"fusion-text fusion-text-6\" style=\"--awb-text-transform:none;\"><h2>WATCH VIDEOS<\/h2>\n<\/div><\/div><\/div><div class=\"fusion-layout-column fusion_builder_column fusion-builder-column-8 fusion_builder_column_1_3 1_3 fusion-flex-column\" style=\"--awb-bg-size:cover;--awb-width-large:33.333333333333%;--awb-margin-top-large:0px;--awb-spacing-right-large:5.76%;--awb-margin-bottom-large:20px;--awb-spacing-left-large:5.76%;--awb-width-medium:33.333333333333%;--awb-order-medium:0;--awb-spacing-right-medium:5.76%;--awb-spacing-left-medium:5.76%;--awb-width-small:100%;--awb-order-small:0;--awb-spacing-right-small:1.92%;--awb-spacing-left-small:1.92%;\"><div class=\"fusion-column-wrapper fusion-column-has-shadow fusion-flex-justify-content-flex-start fusion-content-layout-column\"><blockquote class=\"instagram-media\" data-instgrm-captioned data-instgrm-permalink=\"https:\/\/www.instagram.com\/reel\/DEC_H1cpymC\/?utm_source=ig_embed&utm_campaign=loading\" data-instgrm-version=\"14\" style=\" background:#FFF; border:0; border-radius:3px; box-shadow:0 0 1px 0 rgba(0,0,0,0.5),0 1px 10px 0 rgba(0,0,0,0.15); margin: 1px; max-width:540px; min-width:326px; padding:0; width:99.375%; width:-webkit-calc(100% - 2px); width:calc(100% - 2px);\"><div style=\"padding:16px;\"> <a href=\"https:\/\/www.instagram.com\/reel\/DEC_H1cpymC\/?utm_source=ig_embed&utm_campaign=loading\" style=\" background:#FFFFFF; line-height:0; padding:0 0; text-align:center; text-decoration:none; width:100%;\" target=\"_blank\"> <div style=\" display: flex; flex-direction: row; align-items: center;\"> <div style=\"background-color: #F4F4F4; border-radius: 50%; flex-grow: 0; height: 40px; margin-right: 14px; width: 40px;\"><\/div> <div style=\"display: flex; flex-direction: column; flex-grow: 1; justify-content: center;\"> <div style=\" background-color: #F4F4F4; border-radius: 4px; flex-grow: 0; height: 14px; margin-bottom: 6px; width: 100px;\"><\/div> <div style=\" background-color: #F4F4F4; border-radius: 4px; flex-grow: 0; height: 14px; width: 60px;\"><\/div><\/div><\/div><div style=\"padding: 19% 0;\"><\/div> <div style=\"display:block; height:50px; margin:0 auto 12px; width:50px;\"><svg width=\"50px\" height=\"50px\" viewbox=\"0 0 60 60\" version=\"1.1\" xmlns=\"https:\/\/www.w3.org\/2000\/svg\" xmlns:xlink=\"https:\/\/www.w3.org\/1999\/xlink\"><g stroke=\"none\" stroke-width=\"1\" fill=\"none\" fill-rule=\"evenodd\"><g transform=\"translate(-511.000000, -20.000000)\" fill=\"#000000\"><g><path d=\"M556.869,30.41 C554.814,30.41 553.148,32.076 553.148,34.131 C553.148,36.186 554.814,37.852 556.869,37.852 C558.924,37.852 560.59,36.186 560.59,34.131 C560.59,32.076 558.924,30.41 556.869,30.41 M541,60.657 C535.114,60.657 530.342,55.887 530.342,50 C530.342,44.114 535.114,39.342 541,39.342 C546.887,39.342 551.658,44.114 551.658,50 C551.658,55.887 546.887,60.657 541,60.657 M541,33.886 C532.1,33.886 524.886,41.1 524.886,50 C524.886,58.899 532.1,66.113 541,66.113 C549.9,66.113 557.115,58.899 557.115,50 C557.115,41.1 549.9,33.886 541,33.886 M565.378,62.101 C565.244,65.022 564.756,66.606 564.346,67.663 C563.803,69.06 563.154,70.057 562.106,71.106 C561.058,72.155 560.06,72.803 558.662,73.347 C557.607,73.757 556.021,74.244 553.102,74.378 C549.944,74.521 548.997,74.552 541,74.552 C533.003,74.552 532.056,74.521 528.898,74.378 C525.979,74.244 524.393,73.757 523.338,73.347 C521.94,72.803 520.942,72.155 519.894,71.106 C518.846,70.057 518.197,69.06 517.654,67.663 C517.244,66.606 516.755,65.022 516.623,62.101 C516.479,58.943 516.448,57.996 516.448,50 C516.448,42.003 516.479,41.056 516.623,37.899 C516.755,34.978 517.244,33.391 517.654,32.338 C518.197,30.938 518.846,29.942 519.894,28.894 C520.942,27.846 521.94,27.196 523.338,26.654 C524.393,26.244 525.979,25.756 528.898,25.623 C532.057,25.479 533.004,25.448 541,25.448 C548.997,25.448 549.943,25.479 553.102,25.623 C556.021,25.756 557.607,26.244 558.662,26.654 C560.06,27.196 561.058,27.846 562.106,28.894 C563.154,29.942 563.803,30.938 564.346,32.338 C564.756,33.391 565.244,34.978 565.378,37.899 C565.522,41.056 565.552,42.003 565.552,50 C565.552,57.996 565.522,58.943 565.378,62.101 M570.82,37.631 C570.674,34.438 570.167,32.258 569.425,30.349 C568.659,28.377 567.633,26.702 565.965,25.035 C564.297,23.368 562.623,22.342 560.652,21.575 C558.743,20.834 556.562,20.326 553.369,20.18 C550.169,20.033 549.148,20 541,20 C532.853,20 531.831,20.033 528.631,20.18 C525.438,20.326 523.257,20.834 521.349,21.575 C519.376,22.342 517.703,23.368 516.035,25.035 C514.368,26.702 513.342,28.377 512.574,30.349 C511.834,32.258 511.326,34.438 511.181,37.631 C511.035,40.831 511,41.851 511,50 C511,58.147 511.035,59.17 511.181,62.369 C511.326,65.562 511.834,67.743 512.574,69.651 C513.342,71.625 514.368,73.296 516.035,74.965 C517.703,76.634 519.376,77.658 521.349,78.425 C523.257,79.167 525.438,79.673 528.631,79.82 C531.831,79.965 532.853,80.001 541,80.001 C549.148,80.001 550.169,79.965 553.369,79.82 C556.562,79.673 558.743,79.167 560.652,78.425 C562.623,77.658 564.297,76.634 565.965,74.965 C567.633,73.296 568.659,71.625 569.425,69.651 C570.167,67.743 570.674,65.562 570.82,62.369 C570.966,59.17 571,58.147 571,50 C571,41.851 570.966,40.831 570.82,37.631\"><\/path><\/g><\/g><\/g><\/svg><\/div><div style=\"padding-top: 8px;\"> <div style=\" color:#3897f0; font-family:Arial,sans-serif; font-size:14px; font-style:normal; font-weight:550; line-height:18px;\">See this post on Instagram<\/div><\/div><div style=\"padding: 12.5% 0;\"><\/div> <div style=\"display: flex; flex-direction: row; margin-bottom: 14px; align-items: center;\"><div> <div style=\"background-color: #F4F4F4; border-radius: 50%; height: 12.5px; width: 12.5px; transform: translateX(0px) translateY(7px);\"><\/div> <div style=\"background-color: #F4F4F4; height: 12.5px; transform: rotate(-45deg) translateX(3px) translateY(1px); width: 12.5px; flex-grow: 0; margin-right: 14px; margin-left: 2px;\"><\/div> <div style=\"background-color: #F4F4F4; border-radius: 50%; height: 12.5px; width: 12.5px; transform: translateX(9px) translateY(-18px);\"><\/div><\/div><div style=\"margin-left: 8px;\"> <div style=\" background-color: #F4F4F4; border-radius: 50%; flex-grow: 0; height: 20px; width: 20px;\"><\/div> <div style=\" width: 0; height: 0; border-top: 2px solid transparent; border-left: 6px solid #f4f4f4; border-bottom: 2px solid transparent; transform: translateX(16px) translateY(-4px) rotate(30deg)\"><\/div><\/div><div style=\"margin-left: auto;\"> <div style=\" width: 0px; border-top: 8px solid #F4F4F4; border-right: 8px solid transparent; transform: translateY(16px);\"><\/div> <div style=\" background-color: #F4F4F4; flex-grow: 0; height: 12px; width: 16px; transform: translateY(-4px);\"><\/div> <div style=\" width: 0; height: 0; border-top: 8px solid #F4F4F4; border-left: 8px solid transparent; transform: translateY(-4px) translateX(8px);\"><\/div><\/div><\/div> <div style=\"display: flex; flex-direction: column; flex-grow: 1; justify-content: center; margin-bottom: 24px;\"> <div style=\" background-color: #F4F4F4; border-radius: 4px; flex-grow: 0; height: 14px; margin-bottom: 6px; width: 224px;\"><\/div> <div style=\" background-color: #F4F4F4; border-radius: 4px; flex-grow: 0; height: 14px; width: 144px;\"><\/div><\/div><\/a><p style=\" color:#c9c8cd; font-family:Arial,sans-serif; font-size:14px; line-height:17px; margin-bottom:0; margin-top:8px; overflow:hidden; padding:8px 0 7px; text-align:center; text-overflow:ellipsis; white-space:nowrap;\"><a href=\"https:\/\/www.instagram.com\/reel\/DEC_H1cpymC\/?utm_source=ig_embed&utm_campaign=loading\" style=\" color:#c9c8cd; font-family:Arial,sans-serif; font-size:14px; font-style:normal; font-weight:normal; line-height:17px; text-decoration:none;\" target=\"_blank\">A publication shared by Maude Fortier (@mezzoforte18)<\/a><\/p><\/div><\/blockquote>\n<script async src=\"\/\/www.instagram.com\/embed.js\"><\/script><\/div><\/div><div class=\"fusion-layout-column fusion_builder_column fusion-builder-column-9 fusion_builder_column_1_3 1_3 fusion-flex-column\" style=\"--awb-bg-size:cover;--awb-width-large:33.333333333333%;--awb-margin-top-large:0px;--awb-spacing-right-large:5.76%;--awb-margin-bottom-large:20px;--awb-spacing-left-large:5.76%;--awb-width-medium:33.333333333333%;--awb-order-medium:0;--awb-spacing-right-medium:5.76%;--awb-spacing-left-medium:5.76%;--awb-width-small:100%;--awb-order-small:0;--awb-spacing-right-small:1.92%;--awb-spacing-left-small:1.92%;\"><div class=\"fusion-column-wrapper fusion-column-has-shadow fusion-flex-justify-content-flex-start fusion-content-layout-column\"><blockquote class=\"instagram-media\" data-instgrm-captioned data-instgrm-permalink=\"https:\/\/www.instagram.com\/tv\/CYuMbhfqyVm\/?utm_source=ig_embed&utm_campaign=loading\" data-instgrm-version=\"14\" style=\" background:#FFF; border:0; border-radius:3px; box-shadow:0 0 1px 0 rgba(0,0,0,0.5),0 1px 10px 0 rgba(0,0,0,0.15); margin: 1px; max-width:540px; min-width:326px; padding:0; width:99.375%; width:-webkit-calc(100% - 2px); width:calc(100% - 2px);\"><div style=\"padding:16px;\"> <a href=\"https:\/\/www.instagram.com\/tv\/CYuMbhfqyVm\/?utm_source=ig_embed&utm_campaign=loading\" style=\" background:#FFFFFF; line-height:0; padding:0 0; text-align:center; text-decoration:none; width:100%;\" target=\"_blank\"> <div style=\" display: flex; flex-direction: row; align-items: center;\"> <div style=\"background-color: #F4F4F4; border-radius: 50%; flex-grow: 0; height: 40px; margin-right: 14px; width: 40px;\"><\/div> <div style=\"display: flex; flex-direction: column; flex-grow: 1; justify-content: center;\"> <div style=\" background-color: #F4F4F4; border-radius: 4px; flex-grow: 0; height: 14px; margin-bottom: 6px; width: 100px;\"><\/div> <div style=\" background-color: #F4F4F4; border-radius: 4px; flex-grow: 0; height: 14px; width: 60px;\"><\/div><\/div><\/div><div style=\"padding: 19% 0;\"><\/div> <div style=\"display:block; height:50px; margin:0 auto 12px; width:50px;\"><svg width=\"50px\" height=\"50px\" viewbox=\"0 0 60 60\" version=\"1.1\" xmlns=\"https:\/\/www.w3.org\/2000\/svg\" xmlns:xlink=\"https:\/\/www.w3.org\/1999\/xlink\"><g stroke=\"none\" stroke-width=\"1\" fill=\"none\" fill-rule=\"evenodd\"><g transform=\"translate(-511.000000, -20.000000)\" fill=\"#000000\"><g><path d=\"M556.869,30.41 C554.814,30.41 553.148,32.076 553.148,34.131 C553.148,36.186 554.814,37.852 556.869,37.852 C558.924,37.852 560.59,36.186 560.59,34.131 C560.59,32.076 558.924,30.41 556.869,30.41 M541,60.657 C535.114,60.657 530.342,55.887 530.342,50 C530.342,44.114 535.114,39.342 541,39.342 C546.887,39.342 551.658,44.114 551.658,50 C551.658,55.887 546.887,60.657 541,60.657 M541,33.886 C532.1,33.886 524.886,41.1 524.886,50 C524.886,58.899 532.1,66.113 541,66.113 C549.9,66.113 557.115,58.899 557.115,50 C557.115,41.1 549.9,33.886 541,33.886 M565.378,62.101 C565.244,65.022 564.756,66.606 564.346,67.663 C563.803,69.06 563.154,70.057 562.106,71.106 C561.058,72.155 560.06,72.803 558.662,73.347 C557.607,73.757 556.021,74.244 553.102,74.378 C549.944,74.521 548.997,74.552 541,74.552 C533.003,74.552 532.056,74.521 528.898,74.378 C525.979,74.244 524.393,73.757 523.338,73.347 C521.94,72.803 520.942,72.155 519.894,71.106 C518.846,70.057 518.197,69.06 517.654,67.663 C517.244,66.606 516.755,65.022 516.623,62.101 C516.479,58.943 516.448,57.996 516.448,50 C516.448,42.003 516.479,41.056 516.623,37.899 C516.755,34.978 517.244,33.391 517.654,32.338 C518.197,30.938 518.846,29.942 519.894,28.894 C520.942,27.846 521.94,27.196 523.338,26.654 C524.393,26.244 525.979,25.756 528.898,25.623 C532.057,25.479 533.004,25.448 541,25.448 C548.997,25.448 549.943,25.479 553.102,25.623 C556.021,25.756 557.607,26.244 558.662,26.654 C560.06,27.196 561.058,27.846 562.106,28.894 C563.154,29.942 563.803,30.938 564.346,32.338 C564.756,33.391 565.244,34.978 565.378,37.899 C565.522,41.056 565.552,42.003 565.552,50 C565.552,57.996 565.522,58.943 565.378,62.101 M570.82,37.631 C570.674,34.438 570.167,32.258 569.425,30.349 C568.659,28.377 567.633,26.702 565.965,25.035 C564.297,23.368 562.623,22.342 560.652,21.575 C558.743,20.834 556.562,20.326 553.369,20.18 C550.169,20.033 549.148,20 541,20 C532.853,20 531.831,20.033 528.631,20.18 C525.438,20.326 523.257,20.834 521.349,21.575 C519.376,22.342 517.703,23.368 516.035,25.035 C514.368,26.702 513.342,28.377 512.574,30.349 C511.834,32.258 511.326,34.438 511.181,37.631 C511.035,40.831 511,41.851 511,50 C511,58.147 511.035,59.17 511.181,62.369 C511.326,65.562 511.834,67.743 512.574,69.651 C513.342,71.625 514.368,73.296 516.035,74.965 C517.703,76.634 519.376,77.658 521.349,78.425 C523.257,79.167 525.438,79.673 528.631,79.82 C531.831,79.965 532.853,80.001 541,80.001 C549.148,80.001 550.169,79.965 553.369,79.82 C556.562,79.673 558.743,79.167 560.652,78.425 C562.623,77.658 564.297,76.634 565.965,74.965 C567.633,73.296 568.659,71.625 569.425,69.651 C570.167,67.743 570.674,65.562 570.82,62.369 C570.966,59.17 571,58.147 571,50 C571,41.851 570.966,40.831 570.82,37.631\"><\/path><\/g><\/g><\/g><\/svg><\/div><div style=\"padding-top: 8px;\"> <div style=\" color:#3897f0; font-family:Arial,sans-serif; font-size:14px; font-style:normal; font-weight:550; line-height:18px;\">See this post on Instagram<\/div><\/div><div style=\"padding: 12.5% 0;\"><\/div> <div style=\"display: flex; flex-direction: row; margin-bottom: 14px; align-items: center;\"><div> <div style=\"background-color: #F4F4F4; border-radius: 50%; height: 12.5px; width: 12.5px; transform: translateX(0px) translateY(7px);\"><\/div> <div style=\"background-color: #F4F4F4; height: 12.5px; transform: rotate(-45deg) translateX(3px) translateY(1px); width: 12.5px; flex-grow: 0; margin-right: 14px; margin-left: 2px;\"><\/div> <div style=\"background-color: #F4F4F4; border-radius: 50%; height: 12.5px; width: 12.5px; transform: translateX(9px) translateY(-18px);\"><\/div><\/div><div style=\"margin-left: 8px;\"> <div style=\" background-color: #F4F4F4; border-radius: 50%; flex-grow: 0; height: 20px; width: 20px;\"><\/div> <div style=\" width: 0; height: 0; border-top: 2px solid transparent; border-left: 6px solid #f4f4f4; border-bottom: 2px solid transparent; transform: translateX(16px) translateY(-4px) rotate(30deg)\"><\/div><\/div><div style=\"margin-left: auto;\"> <div style=\" width: 0px; border-top: 8px solid #F4F4F4; border-right: 8px solid transparent; transform: translateY(16px);\"><\/div> <div style=\" background-color: #F4F4F4; flex-grow: 0; height: 12px; width: 16px; transform: translateY(-4px);\"><\/div> <div style=\" width: 0; height: 0; border-top: 8px solid #F4F4F4; border-left: 8px solid transparent; transform: translateY(-4px) translateX(8px);\"><\/div><\/div><\/div> <div style=\"display: flex; flex-direction: column; flex-grow: 1; justify-content: center; margin-bottom: 24px;\"> <div style=\" background-color: #F4F4F4; border-radius: 4px; flex-grow: 0; height: 14px; margin-bottom: 6px; width: 224px;\"><\/div> <div style=\" background-color: #F4F4F4; border-radius: 4px; flex-grow: 0; height: 14px; width: 144px;\"><\/div><\/div><\/a><p style=\" color:#c9c8cd; font-family:Arial,sans-serif; font-size:14px; line-height:17px; margin-bottom:0; margin-top:8px; overflow:hidden; padding:8px 0 7px; text-align:center; text-overflow:ellipsis; white-space:nowrap;\"><a href=\"https:\/\/www.instagram.com\/tv\/CYuMbhfqyVm\/?utm_source=ig_embed&utm_campaign=loading\" style=\" color:#c9c8cd; font-family:Arial,sans-serif; font-size:14px; font-style:normal; font-weight:normal; line-height:17px; text-decoration:none;\" target=\"_blank\">A publication shared by Maude Fortier (@mezzoforte18)<\/a><\/p><\/div><\/blockquote>\n<script async src=\"\/\/www.instagram.com\/embed.js\"><\/script><\/div><\/div><div class=\"fusion-layout-column fusion_builder_column fusion-builder-column-10 fusion_builder_column_1_3 1_3 fusion-flex-column\" style=\"--awb-bg-size:cover;--awb-width-large:33.333333333333%;--awb-margin-top-large:0px;--awb-spacing-right-large:5.76%;--awb-margin-bottom-large:20px;--awb-spacing-left-large:5.76%;--awb-width-medium:33.333333333333%;--awb-order-medium:0;--awb-spacing-right-medium:5.76%;--awb-spacing-left-medium:5.76%;--awb-width-small:100%;--awb-order-small:0;--awb-spacing-right-small:1.92%;--awb-spacing-left-small:1.92%;\"><div class=\"fusion-column-wrapper fusion-column-has-shadow fusion-flex-justify-content-flex-start fusion-content-layout-column\"><blockquote class=\"instagram-media\" data-instgrm-captioned data-instgrm-permalink=\"https:\/\/www.instagram.com\/reel\/DUQqEweDZzs\/?utm_source=ig_web_copy_link\" data-instgrm-version=\"14\" style=\" background:#FFF; border:0; border-radius:3px; box-shadow:0 0 1px 0 rgba(0,0,0,0.5),0 1px 10px 0 rgba(0,0,0,0.15); margin: 1px; max-width:540px; min-width:326px; padding:0; width:99.375%; width:-webkit-calc(100% - 2px); width:calc(100% - 2px);\"><div style=\"padding:16px;\"> <a href=\"https:\/\/www.instagram.com\/tv\/CYuMbhfqyVm\/?utm_source=ig_embed&utm_campaign=loading\" style=\" background:#FFFFFF; line-height:0; padding:0 0; text-align:center; text-decoration:none; width:100%;\" target=\"_blank\"> <div style=\" display: flex; flex-direction: row; align-items: center;\"> <div style=\"background-color: #F4F4F4; border-radius: 50%; flex-grow: 0; height: 40px; margin-right: 14px; width: 40px;\"><\/div> <div style=\"display: flex; flex-direction: column; flex-grow: 1; justify-content: center;\"> <div style=\" background-color: #F4F4F4; border-radius: 4px; flex-grow: 0; height: 14px; margin-bottom: 6px; width: 100px;\"><\/div> <div style=\" background-color: #F4F4F4; border-radius: 4px; flex-grow: 0; height: 14px; width: 60px;\"><\/div><\/div><\/div><div style=\"padding: 19% 0;\"><\/div> <div style=\"display:block; height:50px; margin:0 auto 12px; width:50px;\"><svg width=\"50px\" height=\"50px\" viewbox=\"0 0 60 60\" version=\"1.1\" xmlns=\"https:\/\/www.w3.org\/2000\/svg\" xmlns:xlink=\"https:\/\/www.w3.org\/1999\/xlink\"><g stroke=\"none\" stroke-width=\"1\" fill=\"none\" fill-rule=\"evenodd\"><g transform=\"translate(-511.000000, -20.000000)\" fill=\"#000000\"><g><path d=\"M556.869,30.41 C554.814,30.41 553.148,32.076 553.148,34.131 C553.148,36.186 554.814,37.852 556.869,37.852 C558.924,37.852 560.59,36.186 560.59,34.131 C560.59,32.076 558.924,30.41 556.869,30.41 M541,60.657 C535.114,60.657 530.342,55.887 530.342,50 C530.342,44.114 535.114,39.342 541,39.342 C546.887,39.342 551.658,44.114 551.658,50 C551.658,55.887 546.887,60.657 541,60.657 M541,33.886 C532.1,33.886 524.886,41.1 524.886,50 C524.886,58.899 532.1,66.113 541,66.113 C549.9,66.113 557.115,58.899 557.115,50 C557.115,41.1 549.9,33.886 541,33.886 M565.378,62.101 C565.244,65.022 564.756,66.606 564.346,67.663 C563.803,69.06 563.154,70.057 562.106,71.106 C561.058,72.155 560.06,72.803 558.662,73.347 C557.607,73.757 556.021,74.244 553.102,74.378 C549.944,74.521 548.997,74.552 541,74.552 C533.003,74.552 532.056,74.521 528.898,74.378 C525.979,74.244 524.393,73.757 523.338,73.347 C521.94,72.803 520.942,72.155 519.894,71.106 C518.846,70.057 518.197,69.06 517.654,67.663 C517.244,66.606 516.755,65.022 516.623,62.101 C516.479,58.943 516.448,57.996 516.448,50 C516.448,42.003 516.479,41.056 516.623,37.899 C516.755,34.978 517.244,33.391 517.654,32.338 C518.197,30.938 518.846,29.942 519.894,28.894 C520.942,27.846 521.94,27.196 523.338,26.654 C524.393,26.244 525.979,25.756 528.898,25.623 C532.057,25.479 533.004,25.448 541,25.448 C548.997,25.448 549.943,25.479 553.102,25.623 C556.021,25.756 557.607,26.244 558.662,26.654 C560.06,27.196 561.058,27.846 562.106,28.894 C563.154,29.942 563.803,30.938 564.346,32.338 C564.756,33.391 565.244,34.978 565.378,37.899 C565.522,41.056 565.552,42.003 565.552,50 C565.552,57.996 565.522,58.943 565.378,62.101 M570.82,37.631 C570.674,34.438 570.167,32.258 569.425,30.349 C568.659,28.377 567.633,26.702 565.965,25.035 C564.297,23.368 562.623,22.342 560.652,21.575 C558.743,20.834 556.562,20.326 553.369,20.18 C550.169,20.033 549.148,20 541,20 C532.853,20 531.831,20.033 528.631,20.18 C525.438,20.326 523.257,20.834 521.349,21.575 C519.376,22.342 517.703,23.368 516.035,25.035 C514.368,26.702 513.342,28.377 512.574,30.349 C511.834,32.258 511.326,34.438 511.181,37.631 C511.035,40.831 511,41.851 511,50 C511,58.147 511.035,59.17 511.181,62.369 C511.326,65.562 511.834,67.743 512.574,69.651 C513.342,71.625 514.368,73.296 516.035,74.965 C517.703,76.634 519.376,77.658 521.349,78.425 C523.257,79.167 525.438,79.673 528.631,79.82 C531.831,79.965 532.853,80.001 541,80.001 C549.148,80.001 550.169,79.965 553.369,79.82 C556.562,79.673 558.743,79.167 560.652,78.425 C562.623,77.658 564.297,76.634 565.965,74.965 C567.633,73.296 568.659,71.625 569.425,69.651 C570.167,67.743 570.674,65.562 570.82,62.369 C570.966,59.17 571,58.147 571,50 C571,41.851 570.966,40.831 570.82,37.631\"><\/path><\/g><\/g><\/g><\/svg><\/div><div style=\"padding-top: 8px;\"> <div style=\" color:#3897f0; font-family:Arial,sans-serif; font-size:14px; font-style:normal; font-weight:550; line-height:18px;\">See this post on Instagram<\/div><\/div><div style=\"padding: 12.5% 0;\"><\/div> <div style=\"display: flex; flex-direction: row; margin-bottom: 14px; align-items: center;\"><div> <div style=\"background-color: #F4F4F4; border-radius: 50%; height: 12.5px; width: 12.5px; transform: translateX(0px) translateY(7px);\"><\/div> <div style=\"background-color: #F4F4F4; height: 12.5px; transform: rotate(-45deg) translateX(3px) translateY(1px); width: 12.5px; flex-grow: 0; margin-right: 14px; margin-left: 2px;\"><\/div> <div style=\"background-color: #F4F4F4; border-radius: 50%; height: 12.5px; width: 12.5px; transform: translateX(9px) translateY(-18px);\"><\/div><\/div><div style=\"margin-left: 8px;\"> <div style=\" background-color: #F4F4F4; border-radius: 50%; flex-grow: 0; height: 20px; width: 20px;\"><\/div> <div style=\" width: 0; height: 0; border-top: 2px solid transparent; border-left: 6px solid #f4f4f4; border-bottom: 2px solid transparent; transform: translateX(16px) translateY(-4px) rotate(30deg)\"><\/div><\/div><div style=\"margin-left: auto;\"> <div style=\" width: 0px; border-top: 8px solid #F4F4F4; border-right: 8px solid transparent; transform: translateY(16px);\"><\/div> <div style=\" background-color: #F4F4F4; flex-grow: 0; height: 12px; width: 16px; transform: translateY(-4px);\"><\/div> <div style=\" width: 0; height: 0; border-top: 8px solid #F4F4F4; border-left: 8px solid transparent; transform: translateY(-4px) translateX(8px);\"><\/div><\/div><\/div> <div style=\"display: flex; flex-direction: column; flex-grow: 1; justify-content: center; margin-bottom: 24px;\"> <div style=\" background-color: #F4F4F4; border-radius: 4px; flex-grow: 0; height: 14px; margin-bottom: 6px; width: 224px;\"><\/div> <div style=\" background-color: #F4F4F4; border-radius: 4px; flex-grow: 0; height: 14px; width: 144px;\"><\/div><\/div><\/a><p style=\" color:#c9c8cd; font-family:Arial,sans-serif; font-size:14px; line-height:17px; margin-bottom:0; margin-top:8px; overflow:hidden; padding:8px 0 7px; text-align:center; text-overflow:ellipsis; white-space:nowrap;\"><a href=\"https:\/\/www.instagram.com\/tv\/CYuMbhfqyVm\/?utm_source=ig_embed&utm_campaign=loading\" style=\" color:#c9c8cd; font-family:Arial,sans-serif; font-size:14px; font-style:normal; font-weight:normal; line-height:17px; text-decoration:none;\" target=\"_blank\">A publication shared by Maude Fortier (@mezzoforte18)<\/a><\/p><\/div><\/blockquote>\n<script async src=\"\/\/www.instagram.com\/embed.js\"><\/script>\n  \n<\/div><\/div><div class=\"fusion-layout-column fusion_builder_column fusion-builder-column-11 fusion_builder_column_1_2 1_2 fusion-flex-column\" style=\"--awb-bg-size:cover;--awb-width-large:50%;--awb-margin-top-large:0px;--awb-spacing-right-large:3.84%;--awb-margin-bottom-large:20px;--awb-spacing-left-large:3.84%;--awb-width-medium:50%;--awb-order-medium:0;--awb-spacing-right-medium:3.84%;--awb-spacing-left-medium:3.84%;--awb-width-small:100%;--awb-order-small:0;--awb-spacing-right-small:1.92%;--awb-spacing-left-small:1.92%;\"><div class=\"fusion-column-wrapper fusion-column-has-shadow fusion-flex-justify-content-flex-start fusion-content-layout-column\"><iframe width=\"560\" height=\"315\" src=\"https:\/\/www.youtube.com\/embed\/NQOFMxToIgI?si=7zuA_qdpphPcMtEf\" title=\"YouTube video player\" frameborder=\"0\" allow=\"accelerometer; autoplay; clipboard-write; encrypted-media; gyroscope; picture-in-picture; web-share\" referrerpolicy=\"strict-origin-when-cross-origin\" allowfullscreen><\/iframe><\/div><\/div><div class=\"fusion-layout-column fusion_builder_column fusion-builder-column-12 fusion_builder_column_1_2 1_2 fusion-flex-column\" style=\"--awb-bg-size:cover;--awb-width-large:50%;--awb-margin-top-large:0px;--awb-spacing-right-large:3.84%;--awb-margin-bottom-large:20px;--awb-spacing-left-large:3.84%;--awb-width-medium:50%;--awb-order-medium:0;--awb-spacing-right-medium:3.84%;--awb-spacing-left-medium:3.84%;--awb-width-small:100%;--awb-order-small:0;--awb-spacing-right-small:1.92%;--awb-spacing-left-small:1.92%;\"><div class=\"fusion-column-wrapper fusion-column-has-shadow fusion-flex-justify-content-flex-start fusion-content-layout-column\"><div ><a class=\"fusion-button button-flat fusion-button-default-size button-default fusion-button-default button-2 fusion-button-default-span fusion-button-default-type fusion-animated\" data-animationtype=\"fadeInLeft\" data-animationduration=\"2.0\" data-animationoffset=\"top-into-view\" target=\"_self\" href=\"https:\/\/www.saxomaudefortier.com\/en\/maude\/\"><span class=\"fusion-button-text awb-button__text awb-button__text--default\">MORE VIDEOS<\/span><\/a><\/div><\/div><\/div><\/div><\/div><div id=\"contact\" class=\"fusion-container-anchor\"><div class=\"fusion-fullwidth fullwidth-box fusion-builder-row-7 fusion-flex-container fusion-parallax-none nonhundred-percent-fullwidth non-hundred-percent-height-scrolling\" style=\"--awb-background-position:center top;--awb-border-radius-top-left:0px;--awb-border-radius-top-right:0px;--awb-border-radius-bottom-right:0px;--awb-border-radius-bottom-left:0px;--awb-margin-top:0px;--awb-min-height:770px;--awb-background-image:url(&quot;https:\/\/www.saxomaudefortier.com\/wp-content\/uploads\/2021\/10\/maude-fortier-saxophoniste-1.jpg&quot;);--awb-background-size:cover;--awb-flex-wrap:wrap;\" ><div class=\"fusion-builder-row fusion-row fusion-flex-align-items-flex-start fusion-flex-align-content-center fusion-flex-content-wrap\" style=\"max-width:1248px;margin-left: calc(-4% \/ 2 );margin-right: calc(-4% \/ 2 );\"><div class=\"fusion-layout-column fusion_builder_column fusion-builder-column-13 fusion_builder_column_2_3 2_3 fusion-flex-column\" style=\"--awb-bg-size:cover;--awb-width-large:66.666666666667%;--awb-margin-top-large:0px;--awb-spacing-right-large:2.88%;--awb-margin-bottom-large:20px;--awb-spacing-left-large:2.88%;--awb-width-medium:66.666666666667%;--awb-order-medium:0;--awb-spacing-right-medium:2.88%;--awb-spacing-left-medium:2.88%;--awb-width-small:100%;--awb-order-small:0;--awb-spacing-right-small:1.92%;--awb-spacing-left-small:1.92%;\"><div class=\"fusion-column-wrapper fusion-column-has-shadow fusion-flex-justify-content-flex-start fusion-content-layout-column\"><\/div><\/div><div class=\"fusion-layout-column fusion_builder_column fusion-builder-column-14 fusion_builder_column_1_3 1_3 fusion-flex-column fusion-animated\" style=\"--awb-bg-image:url(&#039;https:\/\/www.saxomaudefortier.com\/wp-content\/uploads\/2021\/10\/maude-fortier.png&#039;);--awb-bg-size:cover;--awb-width-large:33.333333333333%;--awb-margin-top-large:0px;--awb-spacing-right-large:0px;--awb-margin-bottom-large:20px;--awb-spacing-left-large:5.76%;--awb-width-medium:33.333333333333%;--awb-order-medium:0;--awb-spacing-right-medium:0px;--awb-spacing-left-medium:5.76%;--awb-width-small:100%;--awb-order-small:0;--awb-spacing-right-small:1.92%;--awb-spacing-left-small:1.92%;\" data-animationtype=\"fadeInRight\" data-animationduration=\"4.0\" data-animationoffset=\"top-into-view\"><div class=\"fusion-column-wrapper fusion-column-has-shadow fusion-flex-justify-content-flex-start fusion-content-layout-column fusion-empty-column-bg-image fusion-column-has-bg-image\" data-bg-url=\"https:\/\/www.saxomaudefortier.com\/wp-content\/uploads\/2021\/10\/maude-fortier.png\"><img decoding=\"async\" class=\"fusion-empty-dims-img-placeholder\" aria-label=\"Maude Fortier\" src=\"data:image\/svg+xml,%3Csvg%20xmlns%3D%27http%3A%2F%2Fwww.w3.org%2F2000%2Fsvg%27%20width%3D%27419%27%20height%3D%2795%27%20viewBox%3D%270%200%20419%2095%27%3E%3Crect%20width%3D%27419%27%20height%3D%2795%27%20fill-opacity%3D%220%22%2F%3E%3C%2Fsvg%3E\"><\/div><\/div><div class=\"fusion-layout-column fusion_builder_column fusion-builder-column-15 fusion_builder_column_2_3 2_3 fusion-flex-column\" style=\"--awb-bg-size:cover;--awb-width-large:66.666666666667%;--awb-margin-top-large:0px;--awb-spacing-right-large:2.88%;--awb-margin-bottom-large:20px;--awb-spacing-left-large:2.88%;--awb-width-medium:66.666666666667%;--awb-order-medium:0;--awb-spacing-right-medium:2.88%;--awb-spacing-left-medium:2.88%;--awb-width-small:100%;--awb-order-small:0;--awb-spacing-right-small:1.92%;--awb-spacing-left-small:1.92%;\"><div class=\"fusion-column-wrapper fusion-column-has-shadow fusion-flex-justify-content-flex-start fusion-content-layout-column\"><\/div><\/div><div class=\"fusion-layout-column fusion_builder_column fusion-builder-column-16 fusion_builder_column_1_3 1_3 fusion-flex-column fusion-animated\" style=\"--awb-padding-top:40px;--awb-padding-right:60px;--awb-padding-bottom:40px;--awb-padding-left:60px;--awb-bg-color:rgba(255,255,255,0.87);--awb-bg-color-hover:rgba(255,255,255,0.87);--awb-bg-size:cover;--awb-width-large:33.333333333333%;--awb-margin-top-large:40px;--awb-spacing-right-large:60px;--awb-margin-bottom-large:40px;--awb-spacing-left-large:5.76%;--awb-width-medium:33.333333333333%;--awb-order-medium:0;--awb-spacing-right-medium:60px;--awb-spacing-left-medium:5.76%;--awb-width-small:100%;--awb-order-small:0;--awb-spacing-right-small:1.92%;--awb-spacing-left-small:1.92%;\" data-animationtype=\"slideInRight\" data-animationduration=\"1.5\" data-animationoffset=\"top-into-view\"><div class=\"fusion-column-wrapper fusion-column-has-shadow fusion-flex-justify-content-center fusion-content-layout-column\"><div class=\"fusion-text fusion-text-7\" style=\"--awb-text-transform:none;\"><h2>CONTACT<\/h2>\n<p><span style=\"color: #000000;\"><a style=\"color: #000000;\" href=\"tel:+4188098696\"><span class=\"d2edcug0 hpfvmrgz qv66sw1b c1et5uql oi732d6d ik7dh3pa ht8s03o8 a8c37x1j keod5gw0 nxhoafnm aigsh9s9 d3f4x2em fe6kdd0r mau55g9w c8b282yb iv3no6db jq4qci2q a3bd9o3v b1v8xokw oo9gr5id hzawbc8m\" dir=\"auto\"><span class=\"d2edcug0 hpfvmrgz qv66sw1b c1et5uql oi732d6d ik7dh3pa ht8s03o8 jq4qci2q a3bd9o3v b1v8xokw oo9gr5id\">(418) 809-8696<\/span><\/span><\/a><\/span><\/p>\n<hr \/>\n<p><a href=\"mailto:fortierm35@gmail.com\"><span style=\"color: #000000;\">fortierm35@gmail.com<\/span><\/a><\/p>\n<\/div><\/div><\/div><\/div><\/div><\/div><\/p>","protected":false},"excerpt":{"rendered":"","protected":false},"author":1,"featured_media":0,"parent":0,"menu_order":0,"comment_status":"closed","ping_status":"closed","template":"100-width.php","meta":{"footnotes":""},"class_list":["post-6","page","type-page","status-publish","hentry"],"yoast_head":"<!-- This site is optimized with the Yoast SEO plugin v27.3 - https:\/\/yoast.com\/product\/yoast-seo-wordpress\/ -->\n<title>Accueil - Saxophoniste Maude Fortier<\/title>\n<meta name=\"description\" content=\"Maude Fortier, saxophoniste de talent en performance jazz se produit dans des bars jazz \u00e0 Qu\u00e9bec et Montr\u00e9al et autres symphonies.\" \/>\n<meta name=\"robots\" content=\"index, follow, max-snippet:-1, max-image-preview:large, max-video-preview:-1\" \/>\n<link rel=\"canonical\" href=\"https:\/\/www.saxomaudefortier.com\/en\/\" \/>\n<meta property=\"og:locale\" content=\"en_US\" \/>\n<meta property=\"og:type\" content=\"article\" \/>\n<meta property=\"og:title\" content=\"Accueil - Saxophoniste Maude Fortier\" \/>\n<meta property=\"og:description\" content=\"Maude Fortier, saxophoniste de talent en performance jazz se produit dans des bars jazz \u00e0 Qu\u00e9bec et Montr\u00e9al et autres symphonies.\" \/>\n<meta property=\"og:url\" content=\"https:\/\/www.saxomaudefortier.com\/en\/\" \/>\n<meta property=\"og:site_name\" content=\"Saxophoniste Maude Fortier\" \/>\n<meta property=\"article:publisher\" content=\"https:\/\/www.facebook.com\/MaudeFortierSaxophone\" \/>\n<meta property=\"article:modified_time\" content=\"2026-03-10T13:57:46+00:00\" \/>\n<meta property=\"og:image\" content=\"https:\/\/www.saxomaudefortier.com\/wp-content\/uploads\/2021\/10\/maude-fortier-accueil.jpg\" \/>\n\t<meta property=\"og:image:width\" content=\"1024\" \/>\n\t<meta property=\"og:image:height\" content=\"540\" \/>\n\t<meta property=\"og:image:type\" content=\"image\/jpeg\" \/>\n<meta name=\"twitter:card\" content=\"summary_large_image\" \/>\n<meta name=\"twitter:label1\" content=\"Est. reading time\" \/>\n\t<meta name=\"twitter:data1\" content=\"11 minutes\" \/>\n<script type=\"application\/ld+json\" class=\"yoast-schema-graph\">{\"@context\":\"https:\\\/\\\/schema.org\",\"@graph\":[{\"@type\":\"WebPage\",\"@id\":\"https:\\\/\\\/www.saxomaudefortier.com\\\/\",\"url\":\"https:\\\/\\\/www.saxomaudefortier.com\\\/\",\"name\":\"Accueil - Saxophoniste Maude Fortier\",\"isPartOf\":{\"@id\":\"https:\\\/\\\/www.saxomaudefortier.com\\\/#website\"},\"datePublished\":\"2021-10-26T15:22:28+00:00\",\"dateModified\":\"2026-03-10T13:57:46+00:00\",\"description\":\"Maude Fortier, saxophoniste de talent en performance jazz se produit dans des bars jazz \u00e0 Qu\u00e9bec et Montr\u00e9al et autres symphonies.\",\"breadcrumb\":{\"@id\":\"https:\\\/\\\/www.saxomaudefortier.com\\\/#breadcrumb\"},\"inLanguage\":\"en-CA\",\"potentialAction\":[{\"@type\":\"ReadAction\",\"target\":[\"https:\\\/\\\/www.saxomaudefortier.com\\\/\"]}]},{\"@type\":\"BreadcrumbList\",\"@id\":\"https:\\\/\\\/www.saxomaudefortier.com\\\/#breadcrumb\",\"itemListElement\":[{\"@type\":\"ListItem\",\"position\":1,\"name\":\"Accueil\",\"item\":\"https:\\\/\\\/www.saxomaudefortier.com\\\/\"},{\"@type\":\"ListItem\",\"position\":2,\"name\":\"Accueil\"}]},{\"@type\":\"WebSite\",\"@id\":\"https:\\\/\\\/www.saxomaudefortier.com\\\/#website\",\"url\":\"https:\\\/\\\/www.saxomaudefortier.com\\\/\",\"name\":\"Saxophoniste Maude Fortier\",\"description\":\"Saxophoniste en performance Jazz\",\"publisher\":{\"@id\":\"https:\\\/\\\/www.saxomaudefortier.com\\\/#organization\"},\"potentialAction\":[{\"@type\":\"SearchAction\",\"target\":{\"@type\":\"EntryPoint\",\"urlTemplate\":\"https:\\\/\\\/www.saxomaudefortier.com\\\/?s={search_term_string}\"},\"query-input\":{\"@type\":\"PropertyValueSpecification\",\"valueRequired\":true,\"valueName\":\"search_term_string\"}}],\"inLanguage\":\"en-CA\"},{\"@type\":\"Organization\",\"@id\":\"https:\\\/\\\/www.saxomaudefortier.com\\\/#organization\",\"name\":\"Maude Fortier, saxophoniste\",\"url\":\"https:\\\/\\\/www.saxomaudefortier.com\\\/\",\"logo\":{\"@type\":\"ImageObject\",\"inLanguage\":\"en-CA\",\"@id\":\"https:\\\/\\\/www.saxomaudefortier.com\\\/#\\\/schema\\\/logo\\\/image\\\/\",\"url\":\"https:\\\/\\\/www.saxomaudefortier.com\\\/wp-content\\\/uploads\\\/2021\\\/10\\\/maude-fortier-accueil.jpg\",\"contentUrl\":\"https:\\\/\\\/www.saxomaudefortier.com\\\/wp-content\\\/uploads\\\/2021\\\/10\\\/maude-fortier-accueil.jpg\",\"width\":1024,\"height\":540,\"caption\":\"Maude Fortier, saxophoniste\"},\"image\":{\"@id\":\"https:\\\/\\\/www.saxomaudefortier.com\\\/#\\\/schema\\\/logo\\\/image\\\/\"},\"sameAs\":[\"https:\\\/\\\/www.facebook.com\\\/MaudeFortierSaxophone\",\"https:\\\/\\\/www.instagram.com\\\/mezzoforte18\\\/\",\"https:\\\/\\\/www.linkedin.com\\\/in\\\/maude-fortier-671900221\\\/\",\"https:\\\/\\\/www.youtube.com\\\/channel\\\/UCfqcs-OlY4jkbOngzgXO_7A\"]}]}<\/script>\n<!-- \/ Yoast SEO plugin. -->","yoast_head_json":{"title":"Home - Saxophonist Maude Fortier","description":"Maude Fortier, a talented jazz saxophonist, performs in jazz bars in Quebec City and Montreal, as well as at symphonies.","robots":{"index":"index","follow":"follow","max-snippet":"max-snippet:-1","max-image-preview":"max-image-preview:large","max-video-preview":"max-video-preview:-1"},"canonical":"https:\/\/www.saxomaudefortier.com\/en\/","og_locale":"en_US","og_type":"article","og_title":"Accueil - Saxophoniste Maude Fortier","og_description":"Maude Fortier, saxophoniste de talent en performance jazz se produit dans des bars jazz \u00e0 Qu\u00e9bec et Montr\u00e9al et autres symphonies.","og_url":"https:\/\/www.saxomaudefortier.com\/en\/","og_site_name":"Saxophoniste Maude Fortier","article_publisher":"https:\/\/www.facebook.com\/MaudeFortierSaxophone","article_modified_time":"2026-03-10T13:57:46+00:00","og_image":[{"width":1024,"height":540,"url":"https:\/\/www.saxomaudefortier.com\/wp-content\/uploads\/2021\/10\/maude-fortier-accueil.jpg","type":"image\/jpeg"}],"twitter_card":"summary_large_image","twitter_misc":{"Est. reading time":"11 minutes"},"schema":{"@context":"https:\/\/schema.org","@graph":[{"@type":"WebPage","@id":"https:\/\/www.saxomaudefortier.com\/","url":"https:\/\/www.saxomaudefortier.com\/","name":"Home - Saxophonist Maude Fortier","isPartOf":{"@id":"https:\/\/www.saxomaudefortier.com\/#website"},"datePublished":"2021-10-26T15:22:28+00:00","dateModified":"2026-03-10T13:57:46+00:00","description":"Maude Fortier, a talented jazz saxophonist, performs in jazz bars in Quebec City and Montreal, as well as at symphonies.","breadcrumb":{"@id":"https:\/\/www.saxomaudefortier.com\/#breadcrumb"},"inLanguage":"en-CA","potentialAction":[{"@type":"ReadAction","target":["https:\/\/www.saxomaudefortier.com\/"]}]},{"@type":"BreadcrumbList","@id":"https:\/\/www.saxomaudefortier.com\/#breadcrumb","itemListElement":[{"@type":"ListItem","position":1,"name":"Accueil","item":"https:\/\/www.saxomaudefortier.com\/"},{"@type":"ListItem","position":2,"name":"Accueil"}]},{"@type":"WebSite","@id":"https:\/\/www.saxomaudefortier.com\/#website","url":"https:\/\/www.saxomaudefortier.com\/","name":"Saxophonist Maude Fortier","description":"Performance jazz saxophonist","publisher":{"@id":"https:\/\/www.saxomaudefortier.com\/#organization"},"potentialAction":[{"@type":"SearchAction","target":{"@type":"EntryPoint","urlTemplate":"https:\/\/www.saxomaudefortier.com\/?s={search_term_string}"},"query-input":{"@type":"PropertyValueSpecification","valueRequired":true,"valueName":"search_term_string"}}],"inLanguage":"en-CA"},{"@type":"Organization","@id":"https:\/\/www.saxomaudefortier.com\/#organization","name":"Maude Fortier, saxophonist","url":"https:\/\/www.saxomaudefortier.com\/","logo":{"@type":"ImageObject","inLanguage":"en-CA","@id":"https:\/\/www.saxomaudefortier.com\/#\/schema\/logo\/image\/","url":"https:\/\/www.saxomaudefortier.com\/wp-content\/uploads\/2021\/10\/maude-fortier-accueil.jpg","contentUrl":"https:\/\/www.saxomaudefortier.com\/wp-content\/uploads\/2021\/10\/maude-fortier-accueil.jpg","width":1024,"height":540,"caption":"Maude Fortier, saxophoniste"},"image":{"@id":"https:\/\/www.saxomaudefortier.com\/#\/schema\/logo\/image\/"},"sameAs":["https:\/\/www.facebook.com\/MaudeFortierSaxophone","https:\/\/www.instagram.com\/mezzoforte18\/","https:\/\/www.linkedin.com\/in\/maude-fortier-671900221\/","https:\/\/www.youtube.com\/channel\/UCfqcs-OlY4jkbOngzgXO_7A"]}]}},"_links":{"self":[{"href":"https:\/\/www.saxomaudefortier.com\/en\/wp-json\/wp\/v2\/pages\/6","targetHints":{"allow":["GET"]}}],"collection":[{"href":"https:\/\/www.saxomaudefortier.com\/en\/wp-json\/wp\/v2\/pages"}],"about":[{"href":"https:\/\/www.saxomaudefortier.com\/en\/wp-json\/wp\/v2\/types\/page"}],"author":[{"embeddable":true,"href":"https:\/\/www.saxomaudefortier.com\/en\/wp-json\/wp\/v2\/users\/1"}],"replies":[{"embeddable":true,"href":"https:\/\/www.saxomaudefortier.com\/en\/wp-json\/wp\/v2\/comments?post=6"}],"version-history":[{"count":152,"href":"https:\/\/www.saxomaudefortier.com\/en\/wp-json\/wp\/v2\/pages\/6\/revisions"}],"predecessor-version":[{"id":689,"href":"https:\/\/www.saxomaudefortier.com\/en\/wp-json\/wp\/v2\/pages\/6\/revisions\/689"}],"wp:attachment":[{"href":"https:\/\/www.saxomaudefortier.com\/en\/wp-json\/wp\/v2\/media?parent=6"}],"curies":[{"name":"wp","href":"https:\/\/api.w.org\/{rel}","templated":true}]}}