{"id":441,"date":"2024-01-03T13:09:07","date_gmt":"2024-01-03T18:09:07","guid":{"rendered":"https:\/\/www.saxomaudefortier.com\/?page_id=441"},"modified":"2024-01-03T13:42:41","modified_gmt":"2024-01-03T18:42:41","slug":"press-kit","status":"publish","type":"page","link":"https:\/\/www.saxomaudefortier.com\/en\/dossier-de-presse\/","title":{"rendered":"Press kit"},"content":{"rendered":"<p><div class=\"fusion-fullwidth fullwidth-box fusion-builder-row-1 fusion-flex-container fusion-parallax-none nonhundred-percent-fullwidth non-hundred-percent-height-scrolling\" style=\"--awb-border-radius-top-left:0px;--awb-border-radius-top-right:0px;--awb-border-radius-bottom-right:0px;--awb-border-radius-bottom-left:0px;--awb-padding-top:0px;--awb-padding-right:0px;--awb-padding-bottom:0px;--awb-padding-left:0px;--awb-margin-top:0px;--awb-margin-bottom:0px;--awb-background-image:url(&quot;https:\/\/www.saxomaudefortier.com\/wp-content\/uploads\/2021\/10\/entete.png&quot;);--awb-background-size:cover;--awb-flex-wrap:wrap;\" ><div class=\"fusion-builder-row fusion-row fusion-flex-align-items-flex-start fusion-flex-content-wrap\" style=\"max-width:1248px;margin-left: calc(-4% \/ 2 );margin-right: calc(-4% \/ 2 );\"><div class=\"fusion-layout-column fusion_builder_column fusion-builder-column-0 fusion_builder_column_2_5 2_5 fusion-flex-column fusion-animated\" style=\"--awb-bg-size:cover;--awb-width-large:40%;--awb-margin-top-large:0px;--awb-spacing-right-large:4.8%;--awb-margin-bottom-large:20px;--awb-spacing-left-large:4.8%;--awb-width-medium:40%;--awb-order-medium:0;--awb-spacing-right-medium:4.8%;--awb-spacing-left-medium:4.8%;--awb-width-small:100%;--awb-order-small:0;--awb-spacing-right-small:1.92%;--awb-spacing-left-small:1.92%;\" data-animationType=\"slideInLeft\" data-animationDuration=\"2.0\" data-animationOffset=\"top-into-view\"><div class=\"fusion-column-wrapper fusion-column-has-shadow fusion-flex-justify-content-flex-start fusion-content-layout-column\"><div class=\"fusion-text fusion-text-1\" style=\"--awb-text-transform:none;\"><h1 style=\"text-align: right;\"><span style=\"color: #ffffff;\"><strong>MAUDE FORTIER<br \/>\n<\/strong><\/span><span style=\"color: #c49023;\">SAXOPHONISTE<\/span><\/h1>\n<\/div><\/div><\/div><\/div><\/div><div class=\"fusion-fullwidth fullwidth-box fusion-builder-row-2 fusion-flex-container nonhundred-percent-fullwidth non-hundred-percent-height-scrolling\" style=\"--link_hover_color: #303fdd;--link_color: #080f35;--awb-border-sizes-top:0px;--awb-border-sizes-bottom:0px;--awb-border-sizes-left:0px;--awb-border-sizes-right:0px;--awb-border-radius-top-left:0px;--awb-border-radius-top-right:0px;--awb-border-radius-bottom-right:0px;--awb-border-radius-bottom-left:0px;--awb-padding-top:4vw;--awb-padding-right:30px;--awb-padding-bottom:60px;--awb-padding-left:30px;--awb-padding-top-medium:60px;--awb-padding-right-medium:60px;--awb-padding-bottom-medium:60px;--awb-padding-left-medium:60px;--awb-padding-top-small:60px;--awb-padding-right-small:60px;--awb-padding-left-small:60px;--awb-margin-top:0px;--awb-margin-bottom-medium:0px;--awb-background-color:#ffffff;--awb-flex-wrap:wrap;\" ><div class=\"fusion-builder-row fusion-row fusion-flex-align-items-flex-start fusion-flex-content-wrap\" style=\"max-width:calc( 1200px + 80px );margin-left: calc(-80px \/ 2 );margin-right: calc(-80px \/ 2 );\"><div class=\"fusion-layout-column fusion_builder_column fusion-builder-column-1 fusion_builder_column_1_1 1_1 fusion-flex-column\" style=\"--awb-bg-size:cover;--awb-width-large:100%;--awb-margin-top-large:0px;--awb-spacing-right-large:calc( 0.026666666666667 * calc( 100% - 80px ) );--awb-margin-bottom-large:20px;--awb-spacing-left-large:40px;--awb-width-medium:60%;--awb-order-medium:0;--awb-spacing-right-medium:calc( 0.044444444444444 * calc( 100% - 80px ) );--awb-spacing-left-medium:40px;--awb-width-small:100%;--awb-order-small:0;--awb-spacing-right-small:40px;--awb-spacing-left-small:40px;\"><div class=\"fusion-column-wrapper fusion-column-has-shadow fusion-flex-justify-content-flex-start fusion-content-layout-column\"><div class=\"fusion-text fusion-text-2\"><h2>Dossier de presse<\/h2>\n<\/div><div class=\"fusion-recent-posts fusion-recent-posts-1 avada-container layout-default layout-columns-3\"><section class=\"fusion-columns columns fusion-columns-3 columns-3\"><article class=\"post fusion-column column col col-lg-4 col-md-4 col-sm-4\"><div class=\"fusion-flexslider fusion-flexslider-loading flexslider flexslider-hover-type-none\"><ul class=\"slides\"><li><a href=\"https:\/\/www.saxomaudefortier.com\/en\/critique-maude-fortier-echoes-of-change\/\" aria-label=\"Critique &#8211; Maude Fortier, Echoes Of Change\" class=\"hover-type-none\"><img decoding=\"async\" width=\"700\" height=\"441\" src=\"https:\/\/www.saxomaudefortier.com\/wp-content\/uploads\/2026\/03\/v-ensemble-3-1-700x441.png\" class=\"attachment-recent-posts size-recent-posts\" alt=\"\" srcset=\"https:\/\/www.saxomaudefortier.com\/wp-content\/uploads\/2026\/03\/v-ensemble-3-1-320x202.png 320w, https:\/\/www.saxomaudefortier.com\/wp-content\/uploads\/2026\/03\/v-ensemble-3-1-700x441.png 700w\" sizes=\"(max-width: 700px) 100vw, 700px\" \/><\/a><\/li><\/ul><\/div><div class=\"recent-posts-content\"><span class=\"vcard\" style=\"display: none;\"><span class=\"fn\"><a href=\"https:\/\/www.saxomaudefortier.com\/en\/author\/saxo-maude\/\" title=\"Posts by Maude Fortier\" rel=\"author\">Maude Fortier<\/a><\/span><\/span><span class=\"updated\" style=\"display:none;\">2026-03-28T13:17:11-04:00<\/span><h3 class=\"entry-title\"><a href=\"https:\/\/www.saxomaudefortier.com\/en\/critique-maude-fortier-echoes-of-change\/\">Critique &#8211; Maude Fortier, Echoes Of Change<\/a><\/h3><p class=\"meta\"><span class=\"vcard\" style=\"display: none;\"><span class=\"fn\"><a href=\"https:\/\/www.saxomaudefortier.com\/en\/author\/saxo-maude\/\" title=\"Posts by Maude Fortier\" rel=\"author\">Maude Fortier<\/a><\/span><\/span><span class=\"updated\" style=\"display:none;\">2026-03-28T13:17:11-04:00<\/span><span>28 March 2026<\/span><span class=\"fusion-inline-sep\">|<\/span><span class=\"fusion-comments\"><span>Comments Off<span class=\"screen-reader-text\"> on Critique &#8211; Maude Fortier, Echoes Of Change<\/span><\/span><\/span><\/p><p>\u00abDeuxi\u00e8me album de la saxophoniste bas\u00e9e \u00e0 Montr\u00e9al Maude Fortier (premier complet, le pr\u00e9c\u00e9dent \u00e9tait un EP), Echoes of Change t\u00e9moigne d\u2019une ma\u00eetrise solide et enthousiaste d\u2019un langage moderne bien enracin\u00e9 dans le post-bop.\u00bb - [...]<\/p><\/div><\/article><article class=\"post fusion-column column col col-lg-4 col-md-4 col-sm-4\"><div class=\"fusion-flexslider fusion-flexslider-loading flexslider flexslider-hover-type-none\"><ul class=\"slides\"><li><a href=\"https:\/\/www.saxomaudefortier.com\/en\/maude-fortier-au-balcon-une-jeune-saxophoniste-a-la-maturite-saisissante\/\" aria-label=\"Maude Fortier au Balcon | Une jeune saxophoniste \u00e0 la maturit\u00e9 saisissante\" class=\"hover-type-none\"><img decoding=\"async\" width=\"700\" height=\"441\" src=\"https:\/\/www.saxomaudefortier.com\/wp-content\/uploads\/2026\/03\/IMG_1954-700x441.jpg\" class=\"attachment-recent-posts size-recent-posts\" alt=\"\" srcset=\"https:\/\/www.saxomaudefortier.com\/wp-content\/uploads\/2026\/03\/IMG_1954-18x12.jpg 18w, https:\/\/www.saxomaudefortier.com\/wp-content\/uploads\/2026\/03\/IMG_1954-320x202.jpg 320w, https:\/\/www.saxomaudefortier.com\/wp-content\/uploads\/2026\/03\/IMG_1954-700x441.jpg 700w\" sizes=\"(max-width: 700px) 100vw, 700px\" \/><\/a><\/li><\/ul><\/div><div class=\"recent-posts-content\"><span class=\"vcard\" style=\"display: none;\"><span class=\"fn\"><a href=\"https:\/\/www.saxomaudefortier.com\/en\/author\/saxo-maude\/\" title=\"Posts by Maude Fortier\" rel=\"author\">Maude Fortier<\/a><\/span><\/span><span class=\"updated\" style=\"display:none;\">2026-03-28T13:14:34-04:00<\/span><h3 class=\"entry-title\"><a href=\"https:\/\/www.saxomaudefortier.com\/en\/maude-fortier-au-balcon-une-jeune-saxophoniste-a-la-maturite-saisissante\/\">Maude Fortier au Balcon | Une jeune saxophoniste \u00e0 la maturit\u00e9 saisissante<\/a><\/h3><p class=\"meta\"><span class=\"vcard\" style=\"display: none;\"><span class=\"fn\"><a href=\"https:\/\/www.saxomaudefortier.com\/en\/author\/saxo-maude\/\" title=\"Posts by Maude Fortier\" rel=\"author\">Maude Fortier<\/a><\/span><\/span><span class=\"updated\" style=\"display:none;\">2026-03-28T13:14:34-04:00<\/span><span>28 March 2026<\/span><span class=\"fusion-inline-sep\">|<\/span><span class=\"fusion-comments\"><span>Comments Off<span class=\"screen-reader-text\"> on Maude Fortier au Balcon | Une jeune saxophoniste \u00e0 la maturit\u00e9 saisissante<\/span><\/span><\/span><\/p><p>\u00abAvec un style jazz plut\u00f4t classique, le jeune quatuor rafra\u00eechit le genre avec style, \u00e9loquence et vigueur. Maude\u00a0Fortier pr\u00e9sente des compositions ma\u00eetris\u00e9es et joue avec une maturit\u00e9 impressionnante. Elle confirme son statut d\u2019\u00e9toile montante et [...]<\/p><\/div><\/article><article class=\"post fusion-column column col col-lg-4 col-md-4 col-sm-4\"><div class=\"fusion-flexslider fusion-flexslider-loading flexslider flexslider-hover-type-none\"><ul class=\"slides\"><li><a href=\"https:\/\/www.saxomaudefortier.com\/en\/maude-fortier-lancement-de-lalbum-echoes-of-change-2026-cabaret-chic-le-balcon-25-mars\/\" aria-label=\"Maude Fortier \u2013 Lancement de l\u2019album Echoes of Change (2026) | Cabaret Chic Le Balcon \u2013 25 mars\" class=\"hover-type-none\"><img decoding=\"async\" width=\"700\" height=\"441\" src=\"https:\/\/www.saxomaudefortier.com\/wp-content\/uploads\/2026\/02\/Maude_Fortier_Quartet_album-Echoes-of-change-700x441.webp\" class=\"attachment-recent-posts size-recent-posts\" alt=\"\" srcset=\"https:\/\/www.saxomaudefortier.com\/wp-content\/uploads\/2026\/02\/Maude_Fortier_Quartet_album-Echoes-of-change-320x202.webp 320w, https:\/\/www.saxomaudefortier.com\/wp-content\/uploads\/2026\/02\/Maude_Fortier_Quartet_album-Echoes-of-change-700x441.webp 700w\" sizes=\"(max-width: 700px) 100vw, 700px\" \/><\/a><\/li><\/ul><\/div><div class=\"recent-posts-content\"><span class=\"vcard\" style=\"display: none;\"><span class=\"fn\"><a href=\"https:\/\/www.saxomaudefortier.com\/en\/author\/saxo-maude\/\" title=\"Posts by Maude Fortier\" rel=\"author\">Maude Fortier<\/a><\/span><\/span><span class=\"updated\" style=\"display:none;\">2026-03-10T12:34:33-04:00<\/span><h3 class=\"entry-title\"><a href=\"https:\/\/www.saxomaudefortier.com\/en\/maude-fortier-lancement-de-lalbum-echoes-of-change-2026-cabaret-chic-le-balcon-25-mars\/\">Maude Fortier \u2013 Lancement de l\u2019album Echoes of Change (2026) | Cabaret Chic Le Balcon \u2013 25 mars<\/a><\/h3><p class=\"meta\"><span class=\"vcard\" style=\"display: none;\"><span class=\"fn\"><a href=\"https:\/\/www.saxomaudefortier.com\/en\/author\/saxo-maude\/\" title=\"Posts by Maude Fortier\" rel=\"author\">Maude Fortier<\/a><\/span><\/span><span class=\"updated\" style=\"display:none;\">2026-03-10T12:34:33-04:00<\/span><span>10 March 2026<\/span><span class=\"fusion-inline-sep\">|<\/span><span class=\"fusion-comments\"><span>Comments Off<span class=\"screen-reader-text\"> on Maude Fortier \u2013 Lancement de l\u2019album Echoes of Change (2026) | Cabaret Chic Le Balcon \u2013 25 mars<\/span><\/span><\/span><\/p><p>\u00a0 Plongez dans l\u2019univers vibrant d\u2019Echoes of Change\u00a0(2026), le nouvel album de\u00a0Maude Fortier, une saxophoniste audacieuse qui r\u00e9invente les fronti\u00e8res du jazz. Accompagn\u00e9e de son quartette, fusionnant tradition et modernit\u00e9, elle vous invite au\u00a0concert de [...]<\/p><\/div><\/article><article class=\"post fusion-column column col col-lg-4 col-md-4 col-sm-4\"><div class=\"fusion-flexslider fusion-flexslider-loading flexslider flexslider-hover-type-none\"><ul class=\"slides\"><li><a href=\"https:\/\/www.saxomaudefortier.com\/en\/maude-fortier-4tet-balcon\/\" aria-label=\"Maude Fortier 4tet @ Balcon\" class=\"hover-type-none\"><img decoding=\"async\" width=\"700\" height=\"441\" src=\"https:\/\/www.saxomaudefortier.com\/wp-content\/uploads\/2026\/01\/IMG_9732-700x441.jpg\" class=\"attachment-recent-posts size-recent-posts\" alt=\"\" srcset=\"https:\/\/www.saxomaudefortier.com\/wp-content\/uploads\/2026\/01\/IMG_9732-320x202.jpg 320w, https:\/\/www.saxomaudefortier.com\/wp-content\/uploads\/2026\/01\/IMG_9732-700x441.jpg 700w\" sizes=\"(max-width: 700px) 100vw, 700px\" \/><\/a><\/li><\/ul><\/div><div class=\"recent-posts-content\"><span class=\"vcard\" style=\"display: none;\"><span class=\"fn\"><a href=\"https:\/\/www.saxomaudefortier.com\/en\/author\/saxo-maude\/\" title=\"Posts by Maude Fortier\" rel=\"author\">Maude Fortier<\/a><\/span><\/span><span class=\"updated\" style=\"display:none;\">2026-01-03T16:38:45-05:00<\/span><h3 class=\"entry-title\"><a href=\"https:\/\/www.saxomaudefortier.com\/en\/maude-fortier-4tet-balcon\/\">Maude Fortier 4tet @ Balcon<\/a><\/h3><p class=\"meta\"><span class=\"vcard\" style=\"display: none;\"><span class=\"fn\"><a href=\"https:\/\/www.saxomaudefortier.com\/en\/author\/saxo-maude\/\" title=\"Posts by Maude Fortier\" rel=\"author\">Maude Fortier<\/a><\/span><\/span><span class=\"updated\" style=\"display:none;\">2026-01-03T16:38:45-05:00<\/span><span>3 January 2026<\/span><span class=\"fusion-inline-sep\">|<\/span><span class=\"fusion-comments\"><span>Comments Off<span class=\"screen-reader-text\"> on Maude Fortier 4tet @ Balcon<\/span><\/span><\/span><\/p><p>La saxophoniste Maude Fortier, qui est tr\u00e8s active sur la sc\u00e8ne jazz montr\u00e9alaise depuis quelques ann\u00e9es, se produira avec son groupe au cabaret chic Le Balcon dans le cadre des soir\u00e9es jazz du mercredi qui [...]<\/p><\/div><\/article><article class=\"post fusion-column column col col-lg-4 col-md-4 col-sm-4\"><div class=\"fusion-flexslider fusion-flexslider-loading flexslider flexslider-hover-type-none\"><ul class=\"slides\"><li><a href=\"https:\/\/www.saxomaudefortier.com\/en\/mcgill-winners-of-the-downbeat-48th-annual-student-music-awards\/\" aria-label=\"McGill Winners of the Downbeat 48th Annual Student Music Awards\" class=\"hover-type-none\"><img decoding=\"async\" width=\"700\" height=\"441\" src=\"https:\/\/www.saxomaudefortier.com\/wp-content\/uploads\/2025\/10\/IMG_3589-700x441.jpg\" class=\"attachment-recent-posts size-recent-posts\" alt=\"\" srcset=\"https:\/\/www.saxomaudefortier.com\/wp-content\/uploads\/2025\/10\/IMG_3589-320x202.jpg 320w, https:\/\/www.saxomaudefortier.com\/wp-content\/uploads\/2025\/10\/IMG_3589-700x441.jpg 700w\" sizes=\"(max-width: 700px) 100vw, 700px\" \/><\/a><\/li><\/ul><\/div><div class=\"recent-posts-content\"><span class=\"vcard\" style=\"display: none;\"><span class=\"fn\"><a href=\"https:\/\/www.saxomaudefortier.com\/en\/author\/saxo-maude\/\" title=\"Posts by Maude Fortier\" rel=\"author\">Maude Fortier<\/a><\/span><\/span><span class=\"updated\" style=\"display:none;\">2025-10-22T13:47:20-04:00<\/span><h3 class=\"entry-title\"><a href=\"https:\/\/www.saxomaudefortier.com\/en\/mcgill-winners-of-the-downbeat-48th-annual-student-music-awards\/\">McGill Winners of the Downbeat 48th Annual Student Music Awards<\/a><\/h3><p class=\"meta\"><span class=\"vcard\" style=\"display: none;\"><span class=\"fn\"><a href=\"https:\/\/www.saxomaudefortier.com\/en\/author\/saxo-maude\/\" title=\"Posts by Maude Fortier\" rel=\"author\">Maude Fortier<\/a><\/span><\/span><span class=\"updated\" style=\"display:none;\">2025-10-22T13:47:20-04:00<\/span><span>22 October 2025<\/span><span class=\"fusion-inline-sep\">|<\/span><span class=\"fusion-comments\"><span>Comments Off<span class=\"screen-reader-text\"> on McGill Winners of the Downbeat 48th Annual Student Music Awards<\/span><\/span><\/span><\/p><p>The McGill Jazz Conglomerate,\u00a0Undergraduate College Outstanding Performance Award This is\u00a0The McGill Jazz Conglomerate\u2019s\u00a0second\u00a0year in a row winning the award.\u00a0The 2024-2025\u00a0ensemble included: Bogota Orban Ducos\u00a0(BMus\u201925), voice Sarah Leroux\u00a0(BMus), voice Sarah Boutin\u00a0(BMus), voice Maude Fortier\u00a0(BMus\u201925),\u00a0alto saxophone Juno [...]<\/p><\/div><\/article><article class=\"post fusion-column column col col-lg-4 col-md-4 col-sm-4\"><div class=\"fusion-flexslider fusion-flexslider-loading flexslider flexslider-hover-type-none\"><ul class=\"slides\"><li><a href=\"https:\/\/www.saxomaudefortier.com\/en\/entrevue\/\" aria-label=\"Entrevue TVA 18h Lancement R\u00e9surgence\" class=\"hover-type-none\"><img decoding=\"async\" width=\"700\" height=\"441\" src=\"https:\/\/www.saxomaudefortier.com\/wp-content\/uploads\/2022\/05\/Daniel-Tremblay-5627-700x441.jpg\" class=\"attachment-recent-posts size-recent-posts\" alt=\"\" srcset=\"https:\/\/www.saxomaudefortier.com\/wp-content\/uploads\/2022\/05\/Daniel-Tremblay-5627-320x202.jpg 320w, https:\/\/www.saxomaudefortier.com\/wp-content\/uploads\/2022\/05\/Daniel-Tremblay-5627-700x441.jpg 700w\" sizes=\"(max-width: 700px) 100vw, 700px\" \/><\/a><\/li><\/ul><\/div><div class=\"recent-posts-content\"><span class=\"vcard\" style=\"display: none;\"><span class=\"fn\"><a href=\"https:\/\/www.saxomaudefortier.com\/en\/author\/zonart\/\" title=\"Posts by Martin Nadeau\" rel=\"author\">Martin Nadeau<\/a><\/span><\/span><span class=\"updated\" style=\"display:none;\">2024-01-22T14:14:40-05:00<\/span><h3 class=\"entry-title\"><a href=\"https:\/\/www.saxomaudefortier.com\/en\/entrevue\/\">Entrevue TVA 18h Lancement R\u00e9surgence<\/a><\/h3><p class=\"meta\"><span class=\"vcard\" style=\"display: none;\"><span class=\"fn\"><a href=\"https:\/\/www.saxomaudefortier.com\/en\/author\/zonart\/\" title=\"Posts by Martin Nadeau\" rel=\"author\">Martin Nadeau<\/a><\/span><\/span><span class=\"updated\" style=\"display:none;\">2024-01-22T14:14:40-05:00<\/span><span>3 January 2024<\/span><span class=\"fusion-inline-sep\">|<\/span><span class=\"fusion-comments\"><span>Comments Off<span class=\"screen-reader-text\"> on Entrevue TVA 18h Lancement R\u00e9surgence<\/span><\/span><\/span><\/p><p>https:\/\/youtu.be\/5MPRYpeHvDU \u00a0 Extrait d'entrevue pour le lancement de l'EP R\u00e9surgence de la saxophoniste Maude Fortier le 9 avril 2022 \u00e0 Qu\u00e9bec.<\/p><\/div><\/article><\/section><\/div><\/div><\/div><\/div><\/div><\/p>\n","protected":false},"excerpt":{"rendered":"","protected":false},"author":2,"featured_media":0,"parent":0,"menu_order":0,"comment_status":"closed","ping_status":"closed","template":"100-width.php","meta":{"footnotes":""},"class_list":["post-441","page","type-page","status-publish","hentry"],"yoast_head":"<!-- This site is optimized with the Yoast SEO plugin v27.3 - https:\/\/yoast.com\/product\/yoast-seo-wordpress\/ -->\n<title>Dossier de presse - Saxophoniste Maude Fortier<\/title>\n<meta name=\"description\" content=\"Prestations instrumentales de saxophone par Maude Fortier, saxophoniste de talent en performance jazz \u00e0 Montr\u00e9al et Qu\u00e9bec.\" \/>\n<meta name=\"robots\" content=\"index, follow, max-snippet:-1, max-image-preview:large, max-video-preview:-1\" \/>\n<link rel=\"canonical\" href=\"https:\/\/www.saxomaudefortier.com\/en\/press-kit\/\" \/>\n<meta property=\"og:locale\" content=\"en_US\" \/>\n<meta property=\"og:type\" content=\"article\" \/>\n<meta property=\"og:title\" content=\"Dossier de presse - Saxophoniste Maude Fortier\" \/>\n<meta property=\"og:description\" content=\"Prestations instrumentales de saxophone par Maude Fortier, saxophoniste de talent en performance jazz \u00e0 Montr\u00e9al et Qu\u00e9bec.\" \/>\n<meta property=\"og:url\" content=\"https:\/\/www.saxomaudefortier.com\/en\/press-kit\/\" \/>\n<meta property=\"og:site_name\" content=\"Saxophoniste Maude Fortier\" \/>\n<meta property=\"article:publisher\" content=\"https:\/\/www.facebook.com\/MaudeFortierSaxophone\" \/>\n<meta property=\"article:modified_time\" content=\"2024-01-03T18:42:41+00:00\" \/>\n<meta property=\"og:image\" content=\"https:\/\/www.saxomaudefortier.com\/wp-content\/uploads\/2021\/10\/maude-fortier-accueil.jpg\" \/>\n\t<meta property=\"og:image:width\" content=\"1024\" \/>\n\t<meta property=\"og:image:height\" content=\"540\" \/>\n\t<meta property=\"og:image:type\" content=\"image\/jpeg\" \/>\n<meta name=\"twitter:card\" content=\"summary_large_image\" \/>\n<meta name=\"twitter:label1\" content=\"Est. reading time\" \/>\n\t<meta name=\"twitter:data1\" content=\"2 minutes\" \/>\n<script type=\"application\/ld+json\" class=\"yoast-schema-graph\">{\"@context\":\"https:\\\/\\\/schema.org\",\"@graph\":[{\"@type\":\"WebPage\",\"@id\":\"https:\\\/\\\/www.saxomaudefortier.com\\\/dossier-de-presse\\\/\",\"url\":\"https:\\\/\\\/www.saxomaudefortier.com\\\/dossier-de-presse\\\/\",\"name\":\"Dossier de presse - Saxophoniste Maude Fortier\",\"isPartOf\":{\"@id\":\"https:\\\/\\\/www.saxomaudefortier.com\\\/#website\"},\"datePublished\":\"2024-01-03T18:09:07+00:00\",\"dateModified\":\"2024-01-03T18:42:41+00:00\",\"description\":\"Prestations instrumentales de saxophone par Maude Fortier, saxophoniste de talent en performance jazz \u00e0 Montr\u00e9al et Qu\u00e9bec.\",\"breadcrumb\":{\"@id\":\"https:\\\/\\\/www.saxomaudefortier.com\\\/dossier-de-presse\\\/#breadcrumb\"},\"inLanguage\":\"en-CA\",\"potentialAction\":[{\"@type\":\"ReadAction\",\"target\":[\"https:\\\/\\\/www.saxomaudefortier.com\\\/dossier-de-presse\\\/\"]}]},{\"@type\":\"BreadcrumbList\",\"@id\":\"https:\\\/\\\/www.saxomaudefortier.com\\\/dossier-de-presse\\\/#breadcrumb\",\"itemListElement\":[{\"@type\":\"ListItem\",\"position\":1,\"name\":\"Accueil\",\"item\":\"https:\\\/\\\/www.saxomaudefortier.com\\\/\"},{\"@type\":\"ListItem\",\"position\":2,\"name\":\"Dossier de presse\"}]},{\"@type\":\"WebSite\",\"@id\":\"https:\\\/\\\/www.saxomaudefortier.com\\\/#website\",\"url\":\"https:\\\/\\\/www.saxomaudefortier.com\\\/\",\"name\":\"Saxophoniste Maude Fortier\",\"description\":\"Saxophoniste en performance Jazz\",\"publisher\":{\"@id\":\"https:\\\/\\\/www.saxomaudefortier.com\\\/#organization\"},\"potentialAction\":[{\"@type\":\"SearchAction\",\"target\":{\"@type\":\"EntryPoint\",\"urlTemplate\":\"https:\\\/\\\/www.saxomaudefortier.com\\\/?s={search_term_string}\"},\"query-input\":{\"@type\":\"PropertyValueSpecification\",\"valueRequired\":true,\"valueName\":\"search_term_string\"}}],\"inLanguage\":\"en-CA\"},{\"@type\":\"Organization\",\"@id\":\"https:\\\/\\\/www.saxomaudefortier.com\\\/#organization\",\"name\":\"Maude Fortier, saxophoniste\",\"url\":\"https:\\\/\\\/www.saxomaudefortier.com\\\/\",\"logo\":{\"@type\":\"ImageObject\",\"inLanguage\":\"en-CA\",\"@id\":\"https:\\\/\\\/www.saxomaudefortier.com\\\/#\\\/schema\\\/logo\\\/image\\\/\",\"url\":\"https:\\\/\\\/www.saxomaudefortier.com\\\/wp-content\\\/uploads\\\/2021\\\/10\\\/maude-fortier-accueil.jpg\",\"contentUrl\":\"https:\\\/\\\/www.saxomaudefortier.com\\\/wp-content\\\/uploads\\\/2021\\\/10\\\/maude-fortier-accueil.jpg\",\"width\":1024,\"height\":540,\"caption\":\"Maude Fortier, saxophoniste\"},\"image\":{\"@id\":\"https:\\\/\\\/www.saxomaudefortier.com\\\/#\\\/schema\\\/logo\\\/image\\\/\"},\"sameAs\":[\"https:\\\/\\\/www.facebook.com\\\/MaudeFortierSaxophone\",\"https:\\\/\\\/www.instagram.com\\\/mezzoforte18\\\/\",\"https:\\\/\\\/www.linkedin.com\\\/in\\\/maude-fortier-671900221\\\/\",\"https:\\\/\\\/www.youtube.com\\\/channel\\\/UCfqcs-OlY4jkbOngzgXO_7A\"]}]}<\/script>\n<!-- \/ Yoast SEO plugin. -->","yoast_head_json":{"title":"Press kit - Saxophonist Maude Fortier","description":"Instrumental saxophone performances by Maude Fortier, a talented saxophonist performing jazz in Montreal and Quebec City.","robots":{"index":"index","follow":"follow","max-snippet":"max-snippet:-1","max-image-preview":"max-image-preview:large","max-video-preview":"max-video-preview:-1"},"canonical":"https:\/\/www.saxomaudefortier.com\/en\/press-kit\/","og_locale":"en_US","og_type":"article","og_title":"Dossier de presse - Saxophoniste Maude Fortier","og_description":"Prestations instrumentales de saxophone par Maude Fortier, saxophoniste de talent en performance jazz \u00e0 Montr\u00e9al et Qu\u00e9bec.","og_url":"https:\/\/www.saxomaudefortier.com\/en\/press-kit\/","og_site_name":"Saxophoniste Maude Fortier","article_publisher":"https:\/\/www.facebook.com\/MaudeFortierSaxophone","article_modified_time":"2024-01-03T18:42:41+00:00","og_image":[{"width":1024,"height":540,"url":"https:\/\/www.saxomaudefortier.com\/wp-content\/uploads\/2021\/10\/maude-fortier-accueil.jpg","type":"image\/jpeg"}],"twitter_card":"summary_large_image","twitter_misc":{"Est. reading time":"2 minutes"},"schema":{"@context":"https:\/\/schema.org","@graph":[{"@type":"WebPage","@id":"https:\/\/www.saxomaudefortier.com\/dossier-de-presse\/","url":"https:\/\/www.saxomaudefortier.com\/dossier-de-presse\/","name":"Press kit - Saxophonist Maude Fortier","isPartOf":{"@id":"https:\/\/www.saxomaudefortier.com\/#website"},"datePublished":"2024-01-03T18:09:07+00:00","dateModified":"2024-01-03T18:42:41+00:00","description":"Instrumental saxophone performances by Maude Fortier, a talented saxophonist performing jazz in Montreal and Quebec City.","breadcrumb":{"@id":"https:\/\/www.saxomaudefortier.com\/dossier-de-presse\/#breadcrumb"},"inLanguage":"en-CA","potentialAction":[{"@type":"ReadAction","target":["https:\/\/www.saxomaudefortier.com\/dossier-de-presse\/"]}]},{"@type":"BreadcrumbList","@id":"https:\/\/www.saxomaudefortier.com\/dossier-de-presse\/#breadcrumb","itemListElement":[{"@type":"ListItem","position":1,"name":"Accueil","item":"https:\/\/www.saxomaudefortier.com\/"},{"@type":"ListItem","position":2,"name":"Dossier de presse"}]},{"@type":"WebSite","@id":"https:\/\/www.saxomaudefortier.com\/#website","url":"https:\/\/www.saxomaudefortier.com\/","name":"Saxophonist Maude Fortier","description":"Performance jazz saxophonist","publisher":{"@id":"https:\/\/www.saxomaudefortier.com\/#organization"},"potentialAction":[{"@type":"SearchAction","target":{"@type":"EntryPoint","urlTemplate":"https:\/\/www.saxomaudefortier.com\/?s={search_term_string}"},"query-input":{"@type":"PropertyValueSpecification","valueRequired":true,"valueName":"search_term_string"}}],"inLanguage":"en-CA"},{"@type":"Organization","@id":"https:\/\/www.saxomaudefortier.com\/#organization","name":"Maude Fortier, saxophonist","url":"https:\/\/www.saxomaudefortier.com\/","logo":{"@type":"ImageObject","inLanguage":"en-CA","@id":"https:\/\/www.saxomaudefortier.com\/#\/schema\/logo\/image\/","url":"https:\/\/www.saxomaudefortier.com\/wp-content\/uploads\/2021\/10\/maude-fortier-accueil.jpg","contentUrl":"https:\/\/www.saxomaudefortier.com\/wp-content\/uploads\/2021\/10\/maude-fortier-accueil.jpg","width":1024,"height":540,"caption":"Maude Fortier, saxophoniste"},"image":{"@id":"https:\/\/www.saxomaudefortier.com\/#\/schema\/logo\/image\/"},"sameAs":["https:\/\/www.facebook.com\/MaudeFortierSaxophone","https:\/\/www.instagram.com\/mezzoforte18\/","https:\/\/www.linkedin.com\/in\/maude-fortier-671900221\/","https:\/\/www.youtube.com\/channel\/UCfqcs-OlY4jkbOngzgXO_7A"]}]}},"_links":{"self":[{"href":"https:\/\/www.saxomaudefortier.com\/en\/wp-json\/wp\/v2\/pages\/441","targetHints":{"allow":["GET"]}}],"collection":[{"href":"https:\/\/www.saxomaudefortier.com\/en\/wp-json\/wp\/v2\/pages"}],"about":[{"href":"https:\/\/www.saxomaudefortier.com\/en\/wp-json\/wp\/v2\/types\/page"}],"author":[{"embeddable":true,"href":"https:\/\/www.saxomaudefortier.com\/en\/wp-json\/wp\/v2\/users\/2"}],"replies":[{"embeddable":true,"href":"https:\/\/www.saxomaudefortier.com\/en\/wp-json\/wp\/v2\/comments?post=441"}],"version-history":[{"count":14,"href":"https:\/\/www.saxomaudefortier.com\/en\/wp-json\/wp\/v2\/pages\/441\/revisions"}],"predecessor-version":[{"id":602,"href":"https:\/\/www.saxomaudefortier.com\/en\/wp-json\/wp\/v2\/pages\/441\/revisions\/602"}],"wp:attachment":[{"href":"https:\/\/www.saxomaudefortier.com\/en\/wp-json\/wp\/v2\/media?parent=441"}],"curies":[{"name":"wp","href":"https:\/\/api.w.org\/{rel}","templated":true}]}}